{"id":5489,"date":"2025-02-19T12:19:46","date_gmt":"2025-02-19T12:19:46","guid":{"rendered":"https:\/\/lovingdiversity.es\/events\/llegim-novel-la-politica-benvolgut-imbecil-de-virgini-despentes\/"},"modified":"2025-02-19T12:22:54","modified_gmt":"2025-02-19T12:22:54","slug":"llegim-novel-la-politica-benvolgut-imbecil-de-virgini-despentes","status":"publish","type":"ajde_events","link":"https:\/\/lovingdiversity.es\/val\/events\/llegim-novel-la-politica-benvolgut-imbecil-de-virgini-despentes\/","title":{"rendered":"Llegim novel.la pol\u00edtica: &#8216;Benvolgut imb\u00e8cil&#8217;, de Virginie Despentes"},"content":{"rendered":"<p>\ud83d\udcda GRUP DE LECTURA: LLEGIM NOVEL\u00b7LA POL\u00cdTICA<\/p>\n<p>\ud83d\udcd6 La quarta novel\u00b7la que llegirem \u00e9s \u00abBenvolgut imb\u00e8cil\u00bb, de Virginie Despentes.<\/p>\n<p>Amb la seua habilitat extraordin\u00e0ria per endinsar-se en els matisos, les contradiccions i els territoris desagradables, Despentes aborda la relaci\u00f3 per missatges directes entre dos personatges en guerra: Rebecca, una famosa actriu de cinquanta anys que lluita contra la discriminaci\u00f3 per edat en la ind\u00fastria del cinema, i Oscar, un cret\u00ed de manual que fa d\u2019escriptor i usa les xarxes com si foren clavegueres per fer aflorar la seua notorietat. Per\u00f2 tamb\u00e9 \u00e9s la hist\u00f2ria de Zo\u00e9, la jove treballadora d\u2019aquest \u00faltim que l\u2019acusa d\u2019assetjament sexual en el seu blog. El resultat \u00e9s una descarnada novel\u00b7la concebuda com un di\u00e0leg volc\u00e0nic. El viatge al caos interior d\u2019uns personatges que tracten d\u2019omplir els seus<br \/>\nbuits entre les addiccions, l\u2019a\u00efllament, el pas del temps i l\u2019ego, per\u00f2 tamb\u00e9 entre les viol\u00e8ncies, el classisme i el masclisme rampant de la societat actual.<\/p>\n<p>\ud83d\uddd3 La sessi\u00f3 tindr\u00e0 lloc el dimecres 5 de mar\u00e7 a les 19:00h a La Repartidora (Carrer del Reverend Rafel Tramoyeres 8, Benimaclet, Val\u00e8ncia).<\/p>\n<p>\ud83d\udd17 Podeu inscriure-vos <em><strong><a href=\"https:\/\/docs.google.com\/forms\/d\/e\/1FAIpQLScnGK4TAal7s5TNVp4BTZcSKgMoim42pUIQfHoyjTBGpsGIKQ\/viewform\" target=\"_blank\" rel=\"noopener\">a\u00e7\u00ed!<\/a><\/strong><\/em><\/p>","protected":false},"author":1,"featured_media":5478,"menu_order":0,"comment_status":"open","ping_status":"closed","template":"","meta":[],"tags":[],"event_type":[12],"event_type_2":[],"class_list":{"0":"post-5489","1":"ajde_events","2":"type-ajde_events","3":"status-publish","4":"has-post-thumbnail","6":"event_location-la-repartidora","7":"event_organizer-la-fenix-universitat-popular","8":"event_organizer-la-repartidora","9":"event_type-libros"},"yoast_head":"<!-- This site is optimized with the Yoast SEO plugin v26.8 - https:\/\/yoast.com\/product\/yoast-seo-wordpress\/ -->\n<title>Llegim novel.la pol\u00edtica: &#039;Benvolgut imb\u00e8cil&#039;, de Virginie Despentes - Loving Diversity VLC<\/title>\n<meta name=\"robots\" content=\"index, follow, max-snippet:-1, max-image-preview:large, max-video-preview:-1\" \/>\n<link rel=\"canonical\" href=\"https:\/\/lovingdiversity.es\/val\/events\/llegim-novel-la-politica-benvolgut-imbecil-de-virgini-despentes\/\" \/>\n<meta property=\"og:locale\" content=\"es_ES\" \/>\n<meta property=\"og:type\" content=\"article\" \/>\n<meta property=\"og:title\" content=\"Llegim novel.la pol\u00edtica: &#039;Benvolgut imb\u00e8cil&#039;, de Virginie Despentes - Loving Diversity VLC\" \/>\n<meta property=\"og:description\" content=\"\ud83d\udcda GRUP DE LECTURA: LLEGIM NOVEL\u00b7LA POL\u00cdTICA \ud83d\udcd6 La quarta novel\u00b7la que llegirem \u00e9s \u00abBenvolgut imb\u00e8cil\u00bb, de Virginie Despentes. Amb la seua habilitat extraordin\u00e0ria per endinsar-se en els matisos, les...\" \/>\n<meta property=\"og:url\" content=\"https:\/\/lovingdiversity.es\/val\/events\/llegim-novel-la-politica-benvolgut-imbecil-de-virgini-despentes\/\" \/>\n<meta property=\"og:site_name\" content=\"Loving Diversity VLC\" \/>\n<meta property=\"article:publisher\" content=\"https:\/\/www.facebook.com\/ComiteVLC\/\" \/>\n<meta property=\"article:modified_time\" content=\"2025-02-19T12:22:54+00:00\" \/>\n<meta property=\"og:image\" content=\"http:\/\/lovingdiversity.es\/wp-content\/uploads\/2025\/02\/Banner-Eventos-Web-2025-02-19T124450.942.png\" \/>\n\t<meta property=\"og:image:width\" content=\"1400\" \/>\n\t<meta property=\"og:image:height\" content=\"500\" \/>\n\t<meta property=\"og:image:type\" content=\"image\/png\" \/>\n<meta name=\"twitter:card\" content=\"summary_large_image\" \/>\n<meta name=\"twitter:label1\" content=\"Est. reading time\" \/>\n\t<meta name=\"twitter:data1\" content=\"2 minutes\" \/>\n<script type=\"application\/ld+json\" class=\"yoast-schema-graph\">{\"@context\":\"https:\/\/schema.org\",\"@graph\":[{\"@type\":\"WebPage\",\"@id\":\"https:\/\/lovingdiversity.es\/events\/llegim-novel-la-politica-benvolgut-imbecil-de-virgini-despentes\/\",\"url\":\"https:\/\/lovingdiversity.es\/events\/llegim-novel-la-politica-benvolgut-imbecil-de-virgini-despentes\/\",\"name\":\"Llegim novel.la pol\u00edtica: 'Benvolgut imb\u00e8cil', de Virginie Despentes - Loving Diversity VLC\",\"isPartOf\":{\"@id\":\"https:\/\/lovingdiversity.es\/#website\"},\"primaryImageOfPage\":{\"@id\":\"https:\/\/lovingdiversity.es\/events\/llegim-novel-la-politica-benvolgut-imbecil-de-virgini-despentes\/#primaryimage\"},\"image\":{\"@id\":\"https:\/\/lovingdiversity.es\/events\/llegim-novel-la-politica-benvolgut-imbecil-de-virgini-despentes\/#primaryimage\"},\"thumbnailUrl\":\"https:\/\/lovingdiversity.es\/wp-content\/uploads\/2025\/02\/Banner-Eventos-Web-2025-02-19T124450.942.png\",\"datePublished\":\"2025-02-19T12:19:46+00:00\",\"dateModified\":\"2025-02-19T12:22:54+00:00\",\"breadcrumb\":{\"@id\":\"https:\/\/lovingdiversity.es\/events\/llegim-novel-la-politica-benvolgut-imbecil-de-virgini-despentes\/#breadcrumb\"},\"inLanguage\":\"es-VAL\",\"potentialAction\":[{\"@type\":\"ReadAction\",\"target\":[\"https:\/\/lovingdiversity.es\/events\/llegim-novel-la-politica-benvolgut-imbecil-de-virgini-despentes\/\"]}]},{\"@type\":\"ImageObject\",\"inLanguage\":\"es-VAL\",\"@id\":\"https:\/\/lovingdiversity.es\/events\/llegim-novel-la-politica-benvolgut-imbecil-de-virgini-despentes\/#primaryimage\",\"url\":\"https:\/\/lovingdiversity.es\/wp-content\/uploads\/2025\/02\/Banner-Eventos-Web-2025-02-19T124450.942.png\",\"contentUrl\":\"https:\/\/lovingdiversity.es\/wp-content\/uploads\/2025\/02\/Banner-Eventos-Web-2025-02-19T124450.942.png\",\"width\":1400,\"height\":500},{\"@type\":\"BreadcrumbList\",\"@id\":\"https:\/\/lovingdiversity.es\/events\/llegim-novel-la-politica-benvolgut-imbecil-de-virgini-despentes\/#breadcrumb\",\"itemListElement\":[{\"@type\":\"ListItem\",\"position\":1,\"name\":\"Portada\",\"item\":\"https:\/\/lovingdiversity.es\/\"},{\"@type\":\"ListItem\",\"position\":2,\"name\":\"Events\",\"item\":\"https:\/\/lovingdiversity.es\/events\/\"},{\"@type\":\"ListItem\",\"position\":3,\"name\":\"Llegim novel.la pol\u00edtica: &#8216;Benvolgut imb\u00e8cil&#8217;, de Virginie Despentes\"}]},{\"@type\":\"WebSite\",\"@id\":\"https:\/\/lovingdiversity.es\/#website\",\"url\":\"https:\/\/lovingdiversity.es\/\",\"name\":\"Loving Diversity VLC\",\"description\":\"Agenda de Ocio LGTBI\",\"publisher\":{\"@id\":\"https:\/\/lovingdiversity.es\/#organization\"},\"potentialAction\":[{\"@type\":\"SearchAction\",\"target\":{\"@type\":\"EntryPoint\",\"urlTemplate\":\"https:\/\/lovingdiversity.es\/?s={search_term_string}\"},\"query-input\":{\"@type\":\"PropertyValueSpecification\",\"valueRequired\":true,\"valueName\":\"search_term_string\"}}],\"inLanguage\":\"es-VAL\"},{\"@type\":\"Organization\",\"@id\":\"https:\/\/lovingdiversity.es\/#organization\",\"name\":\"Loving Diversity VLC\",\"url\":\"https:\/\/lovingdiversity.es\/\",\"logo\":{\"@type\":\"ImageObject\",\"inLanguage\":\"es-VAL\",\"@id\":\"https:\/\/lovingdiversity.es\/#\/schema\/logo\/image\/\",\"url\":\"https:\/\/lovingdiversity.es\/wp-content\/uploads\/2024\/12\/logotipo_loving.png\",\"contentUrl\":\"https:\/\/lovingdiversity.es\/wp-content\/uploads\/2024\/12\/logotipo_loving.png\",\"width\":400,\"height\":112,\"caption\":\"Loving Diversity VLC\"},\"image\":{\"@id\":\"https:\/\/lovingdiversity.es\/#\/schema\/logo\/image\/\"},\"sameAs\":[\"https:\/\/www.facebook.com\/ComiteVLC\/\",\"https:\/\/www.instagram.com\/comitevlc\/\",\"https:\/\/www.tiktok.com\/@comitevlc\"]}]}<\/script>\n<!-- \/ Yoast SEO plugin. -->","yoast_head_json":{"title":"Llegim novel.la pol\u00edtica: 'Benvolgut imb\u00e8cil', de Virginie Despentes - Loving Diversity VLC","robots":{"index":"index","follow":"follow","max-snippet":"max-snippet:-1","max-image-preview":"max-image-preview:large","max-video-preview":"max-video-preview:-1"},"canonical":"https:\/\/lovingdiversity.es\/val\/events\/llegim-novel-la-politica-benvolgut-imbecil-de-virgini-despentes\/","og_locale":"es_ES","og_type":"article","og_title":"Llegim novel.la pol\u00edtica: 'Benvolgut imb\u00e8cil', de Virginie Despentes - Loving Diversity VLC","og_description":"\ud83d\udcda GRUP DE LECTURA: LLEGIM NOVEL\u00b7LA POL\u00cdTICA \ud83d\udcd6 La quarta novel\u00b7la que llegirem \u00e9s \u00abBenvolgut imb\u00e8cil\u00bb, de Virginie Despentes. Amb la seua habilitat extraordin\u00e0ria per endinsar-se en els matisos, les...","og_url":"https:\/\/lovingdiversity.es\/val\/events\/llegim-novel-la-politica-benvolgut-imbecil-de-virgini-despentes\/","og_site_name":"Loving Diversity VLC","article_publisher":"https:\/\/www.facebook.com\/ComiteVLC\/","article_modified_time":"2025-02-19T12:22:54+00:00","og_image":[{"width":1400,"height":500,"url":"http:\/\/lovingdiversity.es\/wp-content\/uploads\/2025\/02\/Banner-Eventos-Web-2025-02-19T124450.942.png","type":"image\/png"}],"twitter_card":"summary_large_image","twitter_misc":{"Est. reading time":"2 minutes"},"schema":{"@context":"https:\/\/schema.org","@graph":[{"@type":"WebPage","@id":"https:\/\/lovingdiversity.es\/events\/llegim-novel-la-politica-benvolgut-imbecil-de-virgini-despentes\/","url":"https:\/\/lovingdiversity.es\/events\/llegim-novel-la-politica-benvolgut-imbecil-de-virgini-despentes\/","name":"Llegim novel.la pol\u00edtica: 'Benvolgut imb\u00e8cil', de Virginie Despentes - Loving Diversity VLC","isPartOf":{"@id":"https:\/\/lovingdiversity.es\/#website"},"primaryImageOfPage":{"@id":"https:\/\/lovingdiversity.es\/events\/llegim-novel-la-politica-benvolgut-imbecil-de-virgini-despentes\/#primaryimage"},"image":{"@id":"https:\/\/lovingdiversity.es\/events\/llegim-novel-la-politica-benvolgut-imbecil-de-virgini-despentes\/#primaryimage"},"thumbnailUrl":"https:\/\/lovingdiversity.es\/wp-content\/uploads\/2025\/02\/Banner-Eventos-Web-2025-02-19T124450.942.png","datePublished":"2025-02-19T12:19:46+00:00","dateModified":"2025-02-19T12:22:54+00:00","breadcrumb":{"@id":"https:\/\/lovingdiversity.es\/events\/llegim-novel-la-politica-benvolgut-imbecil-de-virgini-despentes\/#breadcrumb"},"inLanguage":"es-VAL","potentialAction":[{"@type":"ReadAction","target":["https:\/\/lovingdiversity.es\/events\/llegim-novel-la-politica-benvolgut-imbecil-de-virgini-despentes\/"]}]},{"@type":"ImageObject","inLanguage":"es-VAL","@id":"https:\/\/lovingdiversity.es\/events\/llegim-novel-la-politica-benvolgut-imbecil-de-virgini-despentes\/#primaryimage","url":"https:\/\/lovingdiversity.es\/wp-content\/uploads\/2025\/02\/Banner-Eventos-Web-2025-02-19T124450.942.png","contentUrl":"https:\/\/lovingdiversity.es\/wp-content\/uploads\/2025\/02\/Banner-Eventos-Web-2025-02-19T124450.942.png","width":1400,"height":500},{"@type":"BreadcrumbList","@id":"https:\/\/lovingdiversity.es\/events\/llegim-novel-la-politica-benvolgut-imbecil-de-virgini-despentes\/#breadcrumb","itemListElement":[{"@type":"ListItem","position":1,"name":"Portada","item":"https:\/\/lovingdiversity.es\/"},{"@type":"ListItem","position":2,"name":"Events","item":"https:\/\/lovingdiversity.es\/events\/"},{"@type":"ListItem","position":3,"name":"Llegim novel.la pol\u00edtica: &#8216;Benvolgut imb\u00e8cil&#8217;, de Virginie Despentes"}]},{"@type":"WebSite","@id":"https:\/\/lovingdiversity.es\/#website","url":"https:\/\/lovingdiversity.es\/","name":"Loving Diversity VLC","description":"Agenda de Ocio LGTBI","publisher":{"@id":"https:\/\/lovingdiversity.es\/#organization"},"potentialAction":[{"@type":"SearchAction","target":{"@type":"EntryPoint","urlTemplate":"https:\/\/lovingdiversity.es\/?s={search_term_string}"},"query-input":{"@type":"PropertyValueSpecification","valueRequired":true,"valueName":"search_term_string"}}],"inLanguage":"es-VAL"},{"@type":"Organization","@id":"https:\/\/lovingdiversity.es\/#organization","name":"Loving Diversity VLC","url":"https:\/\/lovingdiversity.es\/","logo":{"@type":"ImageObject","inLanguage":"es-VAL","@id":"https:\/\/lovingdiversity.es\/#\/schema\/logo\/image\/","url":"https:\/\/lovingdiversity.es\/wp-content\/uploads\/2024\/12\/logotipo_loving.png","contentUrl":"https:\/\/lovingdiversity.es\/wp-content\/uploads\/2024\/12\/logotipo_loving.png","width":400,"height":112,"caption":"Loving Diversity VLC"},"image":{"@id":"https:\/\/lovingdiversity.es\/#\/schema\/logo\/image\/"},"sameAs":["https:\/\/www.facebook.com\/ComiteVLC\/","https:\/\/www.instagram.com\/comitevlc\/","https:\/\/www.tiktok.com\/@comitevlc"]}]}},"_links":{"self":[{"href":"https:\/\/lovingdiversity.es\/val\/wp-json\/wp\/v2\/ajde_events\/5489","targetHints":{"allow":["GET"]}}],"collection":[{"href":"https:\/\/lovingdiversity.es\/val\/wp-json\/wp\/v2\/ajde_events"}],"about":[{"href":"https:\/\/lovingdiversity.es\/val\/wp-json\/wp\/v2\/types\/ajde_events"}],"author":[{"embeddable":true,"href":"https:\/\/lovingdiversity.es\/val\/wp-json\/wp\/v2\/users\/1"}],"replies":[{"embeddable":true,"href":"https:\/\/lovingdiversity.es\/val\/wp-json\/wp\/v2\/comments?post=5489"}],"wp:featuredmedia":[{"embeddable":true,"href":"https:\/\/lovingdiversity.es\/val\/wp-json\/wp\/v2\/media\/5478"}],"wp:attachment":[{"href":"https:\/\/lovingdiversity.es\/val\/wp-json\/wp\/v2\/media?parent=5489"}],"wp:term":[{"taxonomy":"post_tag","embeddable":true,"href":"https:\/\/lovingdiversity.es\/val\/wp-json\/wp\/v2\/tags?post=5489"},{"taxonomy":"event_type","embeddable":true,"href":"https:\/\/lovingdiversity.es\/val\/wp-json\/wp\/v2\/event_type?post=5489"},{"taxonomy":"event_type_2","embeddable":true,"href":"https:\/\/lovingdiversity.es\/val\/wp-json\/wp\/v2\/event_type_2?post=5489"}],"curies":[{"name":"wp","href":"https:\/\/api.w.org\/{rel}","templated":true}]}}