{"id":5713,"date":"2025-03-25T11:31:28","date_gmt":"2025-03-25T11:31:28","guid":{"rendered":"https:\/\/lovingdiversity.es\/?post_type=ajde_events&#038;p=5713"},"modified":"2025-04-23T06:08:52","modified_gmt":"2025-04-23T06:08:52","slug":"f-l-i-p-a-r-festival-de-projeccions-anti-repressives","status":"publish","type":"ajde_events","link":"https:\/\/lovingdiversity.es\/val\/events\/f-l-i-p-a-r-festival-de-projeccions-anti-repressives\/","title":{"rendered":"F.L.I.P.A.R: Festival de Projeccions Anti Repressives"},"content":{"rendered":"<p>F.L.I.P.A.R, el Festival de Projeccions Anti Repressives!!!<\/p>\n<p>Dimarts 22 abril<br \/>\nLa Repartidora<br \/>\nC\/ Revend Rafael Tramoyeres,\u00a08<br \/>\nBenimaclet<br \/>\n\u202219:00 Black Block &#8211; 77 min (2012)<br \/>\n(Tortura, Reparaci\u00f3, Lluita Social)<\/p>\n<p>Dimecres 23 abril<br \/>\nBSOA Ca La Caixeta C\/ Dances 5 (El Carme)<br \/>\n\u202219:00 -La cifra Negra &#8211; 84 min- 2018 &#8211; VO (Tortura)<\/p>\n<p>Dijous 24 abril Escola Meme Benimaclet &#8211; C\/Poeta Ricard Sant Mart\u00ed,17<br \/>\n\u202219:00 &#8211; COPEL, una historia de rebeld\u00eda y dignidad &#8211; 86min -2017 &#8211; VO<br \/>\n\u202220:30- Pocos, Buenos y Seguros &#8211; 20min &#8211; 2022 &#8211; VO<br \/>\n(Pres\u00f3, Lluita Social y Tortura)<\/p>\n<p>Divendres 25 abril CSOA CSN C\/Cadirers 2 &#8211; El Carme<br \/>\n\u202216:00 Minuesa Historia de una okupaci\u00f3n (17min) 1994 VOSE<br \/>\n\u202216:30 a)Rote Zora &#8211; 75min \u00f3 b)Habitat la utop\u00eda- 70min<br \/>\nLluita Social<br \/>\n\u202218:00 Taller: Entenem i combatem junts la repressi\u00f3<br \/>\n\u202220:00 Pinxada: DJ Martillo<\/p>\n<p>\ud83d\udce32 setmanes de FLIPAR<br \/>\n\ud83d\udce310 dies<br \/>\n\ud83d\udce39 espais autogestionats<\/p>\n<p>\ud83d\udcfd\ufe0f23-27 de mar\u00e7<br \/>\n\ud83d\udcfd\ufe0f21-25 abril<\/p>\n<p>\ud83d\udc84\ud83d\udc84\ud83d\udc84<br \/>\nCSOA CSN<br \/>\nBSOA Ca La Caixeta<br \/>\nAteneu Libertari Cabanyal<br \/>\nCSO La Llavor<br \/>\nEl Punt<br \/>\nEscola Meme<br \/>\nIniciativa Dahlia<br \/>\nLa Repartidora<br \/>\nCSOA L&#8217;Horta<\/p>\n<p>\ud83d\udc44Blog: http:\/\/blogs.sindominio.net\/antirrepreciutatvellavlc<\/p>\n<p>\ud83d\udc44Correo: antirrepre_ciutatvella@riseup.net<\/p>\n<p>Esta \u00e9s la programaci\u00f3 del F.L.I.P.A.R.:&#8230;<\/p>\n<p>Hi haur\u00e1 roses, begudes i entrep\u00e0s en cada projecci\u00f3<\/p>\n<p>\ud83d\udc79\ud83d\udc79\ud83d\udc79\ud83d\udc79\ud83d\udc79\ud83d\udc79\ud83d\udc79\ud83d\udc79\ud83d\udc79<\/p>","protected":false},"author":1,"featured_media":5699,"menu_order":0,"comment_status":"open","ping_status":"closed","template":"","meta":[],"tags":[],"event_type":[14],"event_type_2":[],"class_list":{"0":"post-5713","1":"ajde_events","2":"type-ajde_events","3":"status-publish","4":"has-post-thumbnail","6":"event_location-diferents-localitzacions","7":"event_organizer-kalestris-antirrepre","8":"event_type-arteycine"},"yoast_head":"<!-- This site is optimized with the Yoast SEO plugin v26.8 - https:\/\/yoast.com\/product\/yoast-seo-wordpress\/ -->\n<title>F.L.I.P.A.R: Festival de Projeccions Anti Repressives - Loving Diversity VLC<\/title>\n<meta name=\"robots\" content=\"index, follow, max-snippet:-1, max-image-preview:large, max-video-preview:-1\" \/>\n<link rel=\"canonical\" href=\"https:\/\/lovingdiversity.es\/val\/events\/f-l-i-p-a-r-festival-de-projeccions-anti-repressives\/\" \/>\n<meta property=\"og:locale\" content=\"es_ES\" \/>\n<meta property=\"og:type\" content=\"article\" \/>\n<meta property=\"og:title\" content=\"F.L.I.P.A.R: Festival de Projeccions Anti Repressives - Loving Diversity VLC\" \/>\n<meta property=\"og:description\" content=\"F.L.I.P.A.R, el Festival de Projeccions Anti Repressives!!! Dimarts 22 abril La Repartidora C\/ Revend Rafael Tramoyeres,\u00a08 Benimaclet \u202219:00 Black Block &#8211; 77 min (2012) (Tortura, Reparaci\u00f3, Lluita Social) Dimecres 23...\" \/>\n<meta property=\"og:url\" content=\"https:\/\/lovingdiversity.es\/val\/events\/f-l-i-p-a-r-festival-de-projeccions-anti-repressives\/\" \/>\n<meta property=\"og:site_name\" content=\"Loving Diversity VLC\" \/>\n<meta property=\"article:publisher\" content=\"https:\/\/www.facebook.com\/ComiteVLC\/\" \/>\n<meta property=\"article:modified_time\" content=\"2025-04-23T06:08:52+00:00\" \/>\n<meta property=\"og:image\" content=\"http:\/\/lovingdiversity.es\/wp-content\/uploads\/2025\/03\/Banner-Eventos-Web-38.png\" \/>\n\t<meta property=\"og:image:width\" content=\"1400\" \/>\n\t<meta property=\"og:image:height\" content=\"500\" \/>\n\t<meta property=\"og:image:type\" content=\"image\/png\" \/>\n<meta name=\"twitter:card\" content=\"summary_large_image\" \/>\n<meta name=\"twitter:label1\" content=\"Est. reading time\" \/>\n\t<meta name=\"twitter:data1\" content=\"2 minutes\" \/>\n<script type=\"application\/ld+json\" class=\"yoast-schema-graph\">{\"@context\":\"https:\/\/schema.org\",\"@graph\":[{\"@type\":\"WebPage\",\"@id\":\"https:\/\/lovingdiversity.es\/events\/f-l-i-p-a-r-festival-de-projeccions-anti-repressives\/\",\"url\":\"https:\/\/lovingdiversity.es\/events\/f-l-i-p-a-r-festival-de-projeccions-anti-repressives\/\",\"name\":\"F.L.I.P.A.R: Festival de Projeccions Anti Repressives - Loving Diversity VLC\",\"isPartOf\":{\"@id\":\"https:\/\/lovingdiversity.es\/#website\"},\"primaryImageOfPage\":{\"@id\":\"https:\/\/lovingdiversity.es\/events\/f-l-i-p-a-r-festival-de-projeccions-anti-repressives\/#primaryimage\"},\"image\":{\"@id\":\"https:\/\/lovingdiversity.es\/events\/f-l-i-p-a-r-festival-de-projeccions-anti-repressives\/#primaryimage\"},\"thumbnailUrl\":\"https:\/\/lovingdiversity.es\/wp-content\/uploads\/2025\/03\/Banner-Eventos-Web-38.png\",\"datePublished\":\"2025-03-25T11:31:28+00:00\",\"dateModified\":\"2025-04-23T06:08:52+00:00\",\"breadcrumb\":{\"@id\":\"https:\/\/lovingdiversity.es\/events\/f-l-i-p-a-r-festival-de-projeccions-anti-repressives\/#breadcrumb\"},\"inLanguage\":\"es-VAL\",\"potentialAction\":[{\"@type\":\"ReadAction\",\"target\":[\"https:\/\/lovingdiversity.es\/events\/f-l-i-p-a-r-festival-de-projeccions-anti-repressives\/\"]}]},{\"@type\":\"ImageObject\",\"inLanguage\":\"es-VAL\",\"@id\":\"https:\/\/lovingdiversity.es\/events\/f-l-i-p-a-r-festival-de-projeccions-anti-repressives\/#primaryimage\",\"url\":\"https:\/\/lovingdiversity.es\/wp-content\/uploads\/2025\/03\/Banner-Eventos-Web-38.png\",\"contentUrl\":\"https:\/\/lovingdiversity.es\/wp-content\/uploads\/2025\/03\/Banner-Eventos-Web-38.png\",\"width\":1400,\"height\":500},{\"@type\":\"BreadcrumbList\",\"@id\":\"https:\/\/lovingdiversity.es\/events\/f-l-i-p-a-r-festival-de-projeccions-anti-repressives\/#breadcrumb\",\"itemListElement\":[{\"@type\":\"ListItem\",\"position\":1,\"name\":\"Portada\",\"item\":\"https:\/\/lovingdiversity.es\/\"},{\"@type\":\"ListItem\",\"position\":2,\"name\":\"Events\",\"item\":\"https:\/\/lovingdiversity.es\/events\/\"},{\"@type\":\"ListItem\",\"position\":3,\"name\":\"F.L.I.P.A.R: Festival de Projeccions Anti Repressives\"}]},{\"@type\":\"WebSite\",\"@id\":\"https:\/\/lovingdiversity.es\/#website\",\"url\":\"https:\/\/lovingdiversity.es\/\",\"name\":\"Loving Diversity VLC\",\"description\":\"Agenda de Ocio LGTBI\",\"publisher\":{\"@id\":\"https:\/\/lovingdiversity.es\/#organization\"},\"potentialAction\":[{\"@type\":\"SearchAction\",\"target\":{\"@type\":\"EntryPoint\",\"urlTemplate\":\"https:\/\/lovingdiversity.es\/?s={search_term_string}\"},\"query-input\":{\"@type\":\"PropertyValueSpecification\",\"valueRequired\":true,\"valueName\":\"search_term_string\"}}],\"inLanguage\":\"es-VAL\"},{\"@type\":\"Organization\",\"@id\":\"https:\/\/lovingdiversity.es\/#organization\",\"name\":\"Loving Diversity VLC\",\"url\":\"https:\/\/lovingdiversity.es\/\",\"logo\":{\"@type\":\"ImageObject\",\"inLanguage\":\"es-VAL\",\"@id\":\"https:\/\/lovingdiversity.es\/#\/schema\/logo\/image\/\",\"url\":\"https:\/\/lovingdiversity.es\/wp-content\/uploads\/2024\/12\/logotipo_loving.png\",\"contentUrl\":\"https:\/\/lovingdiversity.es\/wp-content\/uploads\/2024\/12\/logotipo_loving.png\",\"width\":400,\"height\":112,\"caption\":\"Loving Diversity VLC\"},\"image\":{\"@id\":\"https:\/\/lovingdiversity.es\/#\/schema\/logo\/image\/\"},\"sameAs\":[\"https:\/\/www.facebook.com\/ComiteVLC\/\",\"https:\/\/www.instagram.com\/comitevlc\/\",\"https:\/\/www.tiktok.com\/@comitevlc\"]}]}<\/script>\n<!-- \/ Yoast SEO plugin. -->","yoast_head_json":{"title":"F.L.I.P.A.R: Festival de Projeccions Anti Repressives - Loving Diversity VLC","robots":{"index":"index","follow":"follow","max-snippet":"max-snippet:-1","max-image-preview":"max-image-preview:large","max-video-preview":"max-video-preview:-1"},"canonical":"https:\/\/lovingdiversity.es\/val\/events\/f-l-i-p-a-r-festival-de-projeccions-anti-repressives\/","og_locale":"es_ES","og_type":"article","og_title":"F.L.I.P.A.R: Festival de Projeccions Anti Repressives - Loving Diversity VLC","og_description":"F.L.I.P.A.R, el Festival de Projeccions Anti Repressives!!! Dimarts 22 abril La Repartidora C\/ Revend Rafael Tramoyeres,\u00a08 Benimaclet \u202219:00 Black Block &#8211; 77 min (2012) (Tortura, Reparaci\u00f3, Lluita Social) Dimecres 23...","og_url":"https:\/\/lovingdiversity.es\/val\/events\/f-l-i-p-a-r-festival-de-projeccions-anti-repressives\/","og_site_name":"Loving Diversity VLC","article_publisher":"https:\/\/www.facebook.com\/ComiteVLC\/","article_modified_time":"2025-04-23T06:08:52+00:00","og_image":[{"width":1400,"height":500,"url":"http:\/\/lovingdiversity.es\/wp-content\/uploads\/2025\/03\/Banner-Eventos-Web-38.png","type":"image\/png"}],"twitter_card":"summary_large_image","twitter_misc":{"Est. reading time":"2 minutes"},"schema":{"@context":"https:\/\/schema.org","@graph":[{"@type":"WebPage","@id":"https:\/\/lovingdiversity.es\/events\/f-l-i-p-a-r-festival-de-projeccions-anti-repressives\/","url":"https:\/\/lovingdiversity.es\/events\/f-l-i-p-a-r-festival-de-projeccions-anti-repressives\/","name":"F.L.I.P.A.R: Festival de Projeccions Anti Repressives - Loving Diversity VLC","isPartOf":{"@id":"https:\/\/lovingdiversity.es\/#website"},"primaryImageOfPage":{"@id":"https:\/\/lovingdiversity.es\/events\/f-l-i-p-a-r-festival-de-projeccions-anti-repressives\/#primaryimage"},"image":{"@id":"https:\/\/lovingdiversity.es\/events\/f-l-i-p-a-r-festival-de-projeccions-anti-repressives\/#primaryimage"},"thumbnailUrl":"https:\/\/lovingdiversity.es\/wp-content\/uploads\/2025\/03\/Banner-Eventos-Web-38.png","datePublished":"2025-03-25T11:31:28+00:00","dateModified":"2025-04-23T06:08:52+00:00","breadcrumb":{"@id":"https:\/\/lovingdiversity.es\/events\/f-l-i-p-a-r-festival-de-projeccions-anti-repressives\/#breadcrumb"},"inLanguage":"es-VAL","potentialAction":[{"@type":"ReadAction","target":["https:\/\/lovingdiversity.es\/events\/f-l-i-p-a-r-festival-de-projeccions-anti-repressives\/"]}]},{"@type":"ImageObject","inLanguage":"es-VAL","@id":"https:\/\/lovingdiversity.es\/events\/f-l-i-p-a-r-festival-de-projeccions-anti-repressives\/#primaryimage","url":"https:\/\/lovingdiversity.es\/wp-content\/uploads\/2025\/03\/Banner-Eventos-Web-38.png","contentUrl":"https:\/\/lovingdiversity.es\/wp-content\/uploads\/2025\/03\/Banner-Eventos-Web-38.png","width":1400,"height":500},{"@type":"BreadcrumbList","@id":"https:\/\/lovingdiversity.es\/events\/f-l-i-p-a-r-festival-de-projeccions-anti-repressives\/#breadcrumb","itemListElement":[{"@type":"ListItem","position":1,"name":"Portada","item":"https:\/\/lovingdiversity.es\/"},{"@type":"ListItem","position":2,"name":"Events","item":"https:\/\/lovingdiversity.es\/events\/"},{"@type":"ListItem","position":3,"name":"F.L.I.P.A.R: Festival de Projeccions Anti Repressives"}]},{"@type":"WebSite","@id":"https:\/\/lovingdiversity.es\/#website","url":"https:\/\/lovingdiversity.es\/","name":"Loving Diversity VLC","description":"Agenda de Ocio LGTBI","publisher":{"@id":"https:\/\/lovingdiversity.es\/#organization"},"potentialAction":[{"@type":"SearchAction","target":{"@type":"EntryPoint","urlTemplate":"https:\/\/lovingdiversity.es\/?s={search_term_string}"},"query-input":{"@type":"PropertyValueSpecification","valueRequired":true,"valueName":"search_term_string"}}],"inLanguage":"es-VAL"},{"@type":"Organization","@id":"https:\/\/lovingdiversity.es\/#organization","name":"Loving Diversity VLC","url":"https:\/\/lovingdiversity.es\/","logo":{"@type":"ImageObject","inLanguage":"es-VAL","@id":"https:\/\/lovingdiversity.es\/#\/schema\/logo\/image\/","url":"https:\/\/lovingdiversity.es\/wp-content\/uploads\/2024\/12\/logotipo_loving.png","contentUrl":"https:\/\/lovingdiversity.es\/wp-content\/uploads\/2024\/12\/logotipo_loving.png","width":400,"height":112,"caption":"Loving Diversity VLC"},"image":{"@id":"https:\/\/lovingdiversity.es\/#\/schema\/logo\/image\/"},"sameAs":["https:\/\/www.facebook.com\/ComiteVLC\/","https:\/\/www.instagram.com\/comitevlc\/","https:\/\/www.tiktok.com\/@comitevlc"]}]}},"_links":{"self":[{"href":"https:\/\/lovingdiversity.es\/val\/wp-json\/wp\/v2\/ajde_events\/5713","targetHints":{"allow":["GET"]}}],"collection":[{"href":"https:\/\/lovingdiversity.es\/val\/wp-json\/wp\/v2\/ajde_events"}],"about":[{"href":"https:\/\/lovingdiversity.es\/val\/wp-json\/wp\/v2\/types\/ajde_events"}],"author":[{"embeddable":true,"href":"https:\/\/lovingdiversity.es\/val\/wp-json\/wp\/v2\/users\/1"}],"replies":[{"embeddable":true,"href":"https:\/\/lovingdiversity.es\/val\/wp-json\/wp\/v2\/comments?post=5713"}],"wp:featuredmedia":[{"embeddable":true,"href":"https:\/\/lovingdiversity.es\/val\/wp-json\/wp\/v2\/media\/5699"}],"wp:attachment":[{"href":"https:\/\/lovingdiversity.es\/val\/wp-json\/wp\/v2\/media?parent=5713"}],"wp:term":[{"taxonomy":"post_tag","embeddable":true,"href":"https:\/\/lovingdiversity.es\/val\/wp-json\/wp\/v2\/tags?post=5713"},{"taxonomy":"event_type","embeddable":true,"href":"https:\/\/lovingdiversity.es\/val\/wp-json\/wp\/v2\/event_type?post=5713"},{"taxonomy":"event_type_2","embeddable":true,"href":"https:\/\/lovingdiversity.es\/val\/wp-json\/wp\/v2\/event_type_2?post=5713"}],"curies":[{"name":"wp","href":"https:\/\/api.w.org\/{rel}","templated":true}]}}