{"id":5793,"date":"2025-04-04T07:30:14","date_gmt":"2025-04-04T07:30:14","guid":{"rendered":"https:\/\/lovingdiversity.es\/events\/antigues-i-modernes-de-mariques-a-queers\/"},"modified":"2025-04-04T07:57:38","modified_gmt":"2025-04-04T07:57:38","slug":"antigues-i-modernes-de-mariques-a-queers","status":"publish","type":"ajde_events","link":"https:\/\/lovingdiversity.es\/val\/events\/antigues-i-modernes-de-mariques-a-queers\/","title":{"rendered":"Antigues i Modernes: De mariques a queers"},"content":{"rendered":"<p>\ud835\udc00\ud835\udc27\ud835\udc2d\ud835\udc22\ud835\udc20\ud835\udc2e\ud835\udc1e\ud835\udc2c \ud835\udc22 \ud835\udc0c\ud835\udc28\ud835\udc1d\ud835\udc1e\ud835\udc2b\ud835\udc27\ud835\udc1e\ud835\udc2c: \ud835\udc03\ud835\udc1e \ud835\udc26\ud835\udc1a\ud835\udc2b\ud835\udc22\ud835\udc2a\ud835\udc2e\ud835\udc1e\ud835\udc2c \ud835\udc1a \ud835\udc2a\ud835\udc2e\ud835\udc1e\ud835\udc1e\ud835\udc2b\ud835\udc2c<\/p>\n<p>amb David Vdelduque <a class=\"x1i10hfl xjbqb8w x1ejq31n xd10rxx x1sy0etr x17r0tee x972fbf xcfux6l x1qhh985 xm0m39n x9f619 x1ypdohk xt0psk2 xe8uvvx xdj266r x11i5rnm xat24cr x1mh8g0r xexx8yu x4uap5 x18d9i69 xkhd6sd x16tdsg8 x1hl2dhg xggy1nq x1a2a7pz notranslate _a6hd\" tabindex=\"0\" role=\"link\" href=\"https:\/\/www.instagram.com\/davidvelduque\/\">@davidvelduque<\/a> i Alberto Mira <a class=\"x1i10hfl xjbqb8w x1ejq31n xd10rxx x1sy0etr x17r0tee x972fbf xcfux6l x1qhh985 xm0m39n x9f619 x1ypdohk xt0psk2 xe8uvvx xdj266r x11i5rnm xat24cr x1mh8g0r xexx8yu x4uap5 x18d9i69 xkhd6sd x16tdsg8 x1hl2dhg xggy1nq x1a2a7pz notranslate _a6hd\" tabindex=\"0\" role=\"link\" href=\"https:\/\/www.instagram.com\/alberto.mira.1965\/\">@alberto.mira.1965<\/a><\/p>\n<p>modera: <a class=\"x1i10hfl xjbqb8w x1ejq31n xd10rxx x1sy0etr x17r0tee x972fbf xcfux6l x1qhh985 xm0m39n x9f619 x1ypdohk xt0psk2 xe8uvvx xdj266r x11i5rnm xat24cr x1mh8g0r xexx8yu x4uap5 x18d9i69 xkhd6sd x16tdsg8 x1hl2dhg xggy1nq x1a2a7pz notranslate _a6hd\" tabindex=\"0\" role=\"link\" href=\"https:\/\/www.instagram.com\/la_bella_vampi\/\">@la_bella_vampi<\/a><\/p>\n<p>\ud83d\uddd3\ufe0f 12.04.2025<br \/>\n\ud83d\udd6319:30 h (obertura de portes 19:15 h)<br \/>\n\ud83d\udccdCC Nave 3 Ribes (Parc Central, Russafa, Val\u00e8ncia)<\/p>\n<p>\ud83d\udc49 entrada gratu\u00efta<br \/>\n\ud83d\udc49 aforament limitat<br \/>\n\ud83d\udc49 no cal inscripci\u00f3 pr\u00e8via<\/p>\n<p>En esta sessi\u00f3 parlarem sobre l\u2019evoluci\u00f3 de les identitats i etiquetes que ens han acompanyat en la nostra experi\u00e8ncia i traject\u00f2ria vital com a mariques, i com estes han evolucionat i s\u2019han anat negociant, problematitzant i resignificant al llarg del temps.<\/p>\n<p>Amb la perspectiva hist\u00f2rica que ens ofereix Alberto Mira com a investigador que ha treballat el concepte des de l\u2019anomenat delicte de sodomia, i l\u2019an\u00e0lisi que David Velduque proposa de la cultura contempor\u00e0nia LGTBI, reflexionarem sobre el passat, present i el futur de la nostra identitat col\u00b7lectiva.<\/p>\n<p>T\u2019esperem en la segona sessi\u00f3 d\u2019Antigues i Modernes per a parlar de tot aix\u00f2\u2026 i potser, llegir, cantar i riure juntes!<\/p>","protected":false},"author":1,"featured_media":5794,"menu_order":0,"comment_status":"open","ping_status":"closed","template":"","meta":[],"tags":[],"event_type":[12],"event_type_2":[],"class_list":{"0":"post-5793","1":"ajde_events","2":"type-ajde_events","3":"status-publish","4":"has-post-thumbnail","6":"event_location-centro-cultural-nave-3-ribes","7":"event_organizer-larmari-de-la-memoria","8":"event_type-libros"},"yoast_head":"<!-- This site is optimized with the Yoast SEO plugin v26.8 - https:\/\/yoast.com\/product\/yoast-seo-wordpress\/ -->\n<title>Antigues i Modernes: De mariques a queers - Loving Diversity VLC<\/title>\n<meta name=\"robots\" content=\"index, follow, max-snippet:-1, max-image-preview:large, max-video-preview:-1\" \/>\n<link rel=\"canonical\" href=\"https:\/\/lovingdiversity.es\/val\/events\/antigues-i-modernes-de-mariques-a-queers\/\" \/>\n<meta property=\"og:locale\" content=\"es_ES\" \/>\n<meta property=\"og:type\" content=\"article\" \/>\n<meta property=\"og:title\" content=\"Antigues i Modernes: De mariques a queers - Loving Diversity VLC\" \/>\n<meta property=\"og:description\" content=\"\ud835\udc00\ud835\udc27\ud835\udc2d\ud835\udc22\ud835\udc20\ud835\udc2e\ud835\udc1e\ud835\udc2c \ud835\udc22 \ud835\udc0c\ud835\udc28\ud835\udc1d\ud835\udc1e\ud835\udc2b\ud835\udc27\ud835\udc1e\ud835\udc2c: \ud835\udc03\ud835\udc1e \ud835\udc26\ud835\udc1a\ud835\udc2b\ud835\udc22\ud835\udc2a\ud835\udc2e\ud835\udc1e\ud835\udc2c \ud835\udc1a \ud835\udc2a\ud835\udc2e\ud835\udc1e\ud835\udc1e\ud835\udc2b\ud835\udc2c amb David Vdelduque @davidvelduque i Alberto Mira @alberto.mira.1965 modera: @la_bella_vampi \ud83d\uddd3\ufe0f 12.04.2025 \ud83d\udd6319:30 h (obertura de portes 19:15 h) \ud83d\udccdCC Nave 3 Ribes...\" \/>\n<meta property=\"og:url\" content=\"https:\/\/lovingdiversity.es\/val\/events\/antigues-i-modernes-de-mariques-a-queers\/\" \/>\n<meta property=\"og:site_name\" content=\"Loving Diversity VLC\" \/>\n<meta property=\"article:publisher\" content=\"https:\/\/www.facebook.com\/ComiteVLC\/\" \/>\n<meta property=\"article:modified_time\" content=\"2025-04-04T07:57:38+00:00\" \/>\n<meta property=\"og:image\" content=\"http:\/\/lovingdiversity.es\/wp-content\/uploads\/2025\/04\/Banner-Eventos-Web-69.png\" \/>\n\t<meta property=\"og:image:width\" content=\"1400\" \/>\n\t<meta property=\"og:image:height\" content=\"500\" \/>\n\t<meta property=\"og:image:type\" content=\"image\/png\" \/>\n<meta name=\"twitter:card\" content=\"summary_large_image\" \/>\n<meta name=\"twitter:label1\" content=\"Est. reading time\" \/>\n\t<meta name=\"twitter:data1\" content=\"1 minute\" \/>\n<script type=\"application\/ld+json\" class=\"yoast-schema-graph\">{\"@context\":\"https:\/\/schema.org\",\"@graph\":[{\"@type\":\"WebPage\",\"@id\":\"https:\/\/lovingdiversity.es\/events\/antigues-i-modernes-de-mariques-a-queers\/\",\"url\":\"https:\/\/lovingdiversity.es\/events\/antigues-i-modernes-de-mariques-a-queers\/\",\"name\":\"Antigues i Modernes: De mariques a queers - Loving Diversity VLC\",\"isPartOf\":{\"@id\":\"https:\/\/lovingdiversity.es\/#website\"},\"primaryImageOfPage\":{\"@id\":\"https:\/\/lovingdiversity.es\/events\/antigues-i-modernes-de-mariques-a-queers\/#primaryimage\"},\"image\":{\"@id\":\"https:\/\/lovingdiversity.es\/events\/antigues-i-modernes-de-mariques-a-queers\/#primaryimage\"},\"thumbnailUrl\":\"https:\/\/lovingdiversity.es\/wp-content\/uploads\/2025\/04\/Banner-Eventos-Web-69.png\",\"datePublished\":\"2025-04-04T07:30:14+00:00\",\"dateModified\":\"2025-04-04T07:57:38+00:00\",\"breadcrumb\":{\"@id\":\"https:\/\/lovingdiversity.es\/events\/antigues-i-modernes-de-mariques-a-queers\/#breadcrumb\"},\"inLanguage\":\"es-VAL\",\"potentialAction\":[{\"@type\":\"ReadAction\",\"target\":[\"https:\/\/lovingdiversity.es\/events\/antigues-i-modernes-de-mariques-a-queers\/\"]}]},{\"@type\":\"ImageObject\",\"inLanguage\":\"es-VAL\",\"@id\":\"https:\/\/lovingdiversity.es\/events\/antigues-i-modernes-de-mariques-a-queers\/#primaryimage\",\"url\":\"https:\/\/lovingdiversity.es\/wp-content\/uploads\/2025\/04\/Banner-Eventos-Web-69.png\",\"contentUrl\":\"https:\/\/lovingdiversity.es\/wp-content\/uploads\/2025\/04\/Banner-Eventos-Web-69.png\",\"width\":1400,\"height\":500},{\"@type\":\"BreadcrumbList\",\"@id\":\"https:\/\/lovingdiversity.es\/events\/antigues-i-modernes-de-mariques-a-queers\/#breadcrumb\",\"itemListElement\":[{\"@type\":\"ListItem\",\"position\":1,\"name\":\"Portada\",\"item\":\"https:\/\/lovingdiversity.es\/\"},{\"@type\":\"ListItem\",\"position\":2,\"name\":\"Events\",\"item\":\"https:\/\/lovingdiversity.es\/events\/\"},{\"@type\":\"ListItem\",\"position\":3,\"name\":\"Antigues i Modernes: De mariques a queers\"}]},{\"@type\":\"WebSite\",\"@id\":\"https:\/\/lovingdiversity.es\/#website\",\"url\":\"https:\/\/lovingdiversity.es\/\",\"name\":\"Loving Diversity VLC\",\"description\":\"Agenda de Ocio LGTBI\",\"publisher\":{\"@id\":\"https:\/\/lovingdiversity.es\/#organization\"},\"potentialAction\":[{\"@type\":\"SearchAction\",\"target\":{\"@type\":\"EntryPoint\",\"urlTemplate\":\"https:\/\/lovingdiversity.es\/?s={search_term_string}\"},\"query-input\":{\"@type\":\"PropertyValueSpecification\",\"valueRequired\":true,\"valueName\":\"search_term_string\"}}],\"inLanguage\":\"es-VAL\"},{\"@type\":\"Organization\",\"@id\":\"https:\/\/lovingdiversity.es\/#organization\",\"name\":\"Loving Diversity VLC\",\"url\":\"https:\/\/lovingdiversity.es\/\",\"logo\":{\"@type\":\"ImageObject\",\"inLanguage\":\"es-VAL\",\"@id\":\"https:\/\/lovingdiversity.es\/#\/schema\/logo\/image\/\",\"url\":\"https:\/\/lovingdiversity.es\/wp-content\/uploads\/2024\/12\/logotipo_loving.png\",\"contentUrl\":\"https:\/\/lovingdiversity.es\/wp-content\/uploads\/2024\/12\/logotipo_loving.png\",\"width\":400,\"height\":112,\"caption\":\"Loving Diversity VLC\"},\"image\":{\"@id\":\"https:\/\/lovingdiversity.es\/#\/schema\/logo\/image\/\"},\"sameAs\":[\"https:\/\/www.facebook.com\/ComiteVLC\/\",\"https:\/\/www.instagram.com\/comitevlc\/\",\"https:\/\/www.tiktok.com\/@comitevlc\"]}]}<\/script>\n<!-- \/ Yoast SEO plugin. -->","yoast_head_json":{"title":"Antigues i Modernes: De mariques a queers - Loving Diversity VLC","robots":{"index":"index","follow":"follow","max-snippet":"max-snippet:-1","max-image-preview":"max-image-preview:large","max-video-preview":"max-video-preview:-1"},"canonical":"https:\/\/lovingdiversity.es\/val\/events\/antigues-i-modernes-de-mariques-a-queers\/","og_locale":"es_ES","og_type":"article","og_title":"Antigues i Modernes: De mariques a queers - Loving Diversity VLC","og_description":"\ud835\udc00\ud835\udc27\ud835\udc2d\ud835\udc22\ud835\udc20\ud835\udc2e\ud835\udc1e\ud835\udc2c \ud835\udc22 \ud835\udc0c\ud835\udc28\ud835\udc1d\ud835\udc1e\ud835\udc2b\ud835\udc27\ud835\udc1e\ud835\udc2c: \ud835\udc03\ud835\udc1e \ud835\udc26\ud835\udc1a\ud835\udc2b\ud835\udc22\ud835\udc2a\ud835\udc2e\ud835\udc1e\ud835\udc2c \ud835\udc1a \ud835\udc2a\ud835\udc2e\ud835\udc1e\ud835\udc1e\ud835\udc2b\ud835\udc2c amb David Vdelduque @davidvelduque i Alberto Mira @alberto.mira.1965 modera: @la_bella_vampi \ud83d\uddd3\ufe0f 12.04.2025 \ud83d\udd6319:30 h (obertura de portes 19:15 h) \ud83d\udccdCC Nave 3 Ribes...","og_url":"https:\/\/lovingdiversity.es\/val\/events\/antigues-i-modernes-de-mariques-a-queers\/","og_site_name":"Loving Diversity VLC","article_publisher":"https:\/\/www.facebook.com\/ComiteVLC\/","article_modified_time":"2025-04-04T07:57:38+00:00","og_image":[{"width":1400,"height":500,"url":"http:\/\/lovingdiversity.es\/wp-content\/uploads\/2025\/04\/Banner-Eventos-Web-69.png","type":"image\/png"}],"twitter_card":"summary_large_image","twitter_misc":{"Est. reading time":"1 minute"},"schema":{"@context":"https:\/\/schema.org","@graph":[{"@type":"WebPage","@id":"https:\/\/lovingdiversity.es\/events\/antigues-i-modernes-de-mariques-a-queers\/","url":"https:\/\/lovingdiversity.es\/events\/antigues-i-modernes-de-mariques-a-queers\/","name":"Antigues i Modernes: De mariques a queers - Loving Diversity VLC","isPartOf":{"@id":"https:\/\/lovingdiversity.es\/#website"},"primaryImageOfPage":{"@id":"https:\/\/lovingdiversity.es\/events\/antigues-i-modernes-de-mariques-a-queers\/#primaryimage"},"image":{"@id":"https:\/\/lovingdiversity.es\/events\/antigues-i-modernes-de-mariques-a-queers\/#primaryimage"},"thumbnailUrl":"https:\/\/lovingdiversity.es\/wp-content\/uploads\/2025\/04\/Banner-Eventos-Web-69.png","datePublished":"2025-04-04T07:30:14+00:00","dateModified":"2025-04-04T07:57:38+00:00","breadcrumb":{"@id":"https:\/\/lovingdiversity.es\/events\/antigues-i-modernes-de-mariques-a-queers\/#breadcrumb"},"inLanguage":"es-VAL","potentialAction":[{"@type":"ReadAction","target":["https:\/\/lovingdiversity.es\/events\/antigues-i-modernes-de-mariques-a-queers\/"]}]},{"@type":"ImageObject","inLanguage":"es-VAL","@id":"https:\/\/lovingdiversity.es\/events\/antigues-i-modernes-de-mariques-a-queers\/#primaryimage","url":"https:\/\/lovingdiversity.es\/wp-content\/uploads\/2025\/04\/Banner-Eventos-Web-69.png","contentUrl":"https:\/\/lovingdiversity.es\/wp-content\/uploads\/2025\/04\/Banner-Eventos-Web-69.png","width":1400,"height":500},{"@type":"BreadcrumbList","@id":"https:\/\/lovingdiversity.es\/events\/antigues-i-modernes-de-mariques-a-queers\/#breadcrumb","itemListElement":[{"@type":"ListItem","position":1,"name":"Portada","item":"https:\/\/lovingdiversity.es\/"},{"@type":"ListItem","position":2,"name":"Events","item":"https:\/\/lovingdiversity.es\/events\/"},{"@type":"ListItem","position":3,"name":"Antigues i Modernes: De mariques a queers"}]},{"@type":"WebSite","@id":"https:\/\/lovingdiversity.es\/#website","url":"https:\/\/lovingdiversity.es\/","name":"Loving Diversity VLC","description":"Agenda de Ocio LGTBI","publisher":{"@id":"https:\/\/lovingdiversity.es\/#organization"},"potentialAction":[{"@type":"SearchAction","target":{"@type":"EntryPoint","urlTemplate":"https:\/\/lovingdiversity.es\/?s={search_term_string}"},"query-input":{"@type":"PropertyValueSpecification","valueRequired":true,"valueName":"search_term_string"}}],"inLanguage":"es-VAL"},{"@type":"Organization","@id":"https:\/\/lovingdiversity.es\/#organization","name":"Loving Diversity VLC","url":"https:\/\/lovingdiversity.es\/","logo":{"@type":"ImageObject","inLanguage":"es-VAL","@id":"https:\/\/lovingdiversity.es\/#\/schema\/logo\/image\/","url":"https:\/\/lovingdiversity.es\/wp-content\/uploads\/2024\/12\/logotipo_loving.png","contentUrl":"https:\/\/lovingdiversity.es\/wp-content\/uploads\/2024\/12\/logotipo_loving.png","width":400,"height":112,"caption":"Loving Diversity VLC"},"image":{"@id":"https:\/\/lovingdiversity.es\/#\/schema\/logo\/image\/"},"sameAs":["https:\/\/www.facebook.com\/ComiteVLC\/","https:\/\/www.instagram.com\/comitevlc\/","https:\/\/www.tiktok.com\/@comitevlc"]}]}},"_links":{"self":[{"href":"https:\/\/lovingdiversity.es\/val\/wp-json\/wp\/v2\/ajde_events\/5793","targetHints":{"allow":["GET"]}}],"collection":[{"href":"https:\/\/lovingdiversity.es\/val\/wp-json\/wp\/v2\/ajde_events"}],"about":[{"href":"https:\/\/lovingdiversity.es\/val\/wp-json\/wp\/v2\/types\/ajde_events"}],"author":[{"embeddable":true,"href":"https:\/\/lovingdiversity.es\/val\/wp-json\/wp\/v2\/users\/1"}],"replies":[{"embeddable":true,"href":"https:\/\/lovingdiversity.es\/val\/wp-json\/wp\/v2\/comments?post=5793"}],"wp:featuredmedia":[{"embeddable":true,"href":"https:\/\/lovingdiversity.es\/val\/wp-json\/wp\/v2\/media\/5794"}],"wp:attachment":[{"href":"https:\/\/lovingdiversity.es\/val\/wp-json\/wp\/v2\/media?parent=5793"}],"wp:term":[{"taxonomy":"post_tag","embeddable":true,"href":"https:\/\/lovingdiversity.es\/val\/wp-json\/wp\/v2\/tags?post=5793"},{"taxonomy":"event_type","embeddable":true,"href":"https:\/\/lovingdiversity.es\/val\/wp-json\/wp\/v2\/event_type?post=5793"},{"taxonomy":"event_type_2","embeddable":true,"href":"https:\/\/lovingdiversity.es\/val\/wp-json\/wp\/v2\/event_type_2?post=5793"}],"curies":[{"name":"wp","href":"https:\/\/api.w.org\/{rel}","templated":true}]}}