{"id":5947,"date":"2025-04-30T08:49:40","date_gmt":"2025-04-30T08:49:40","guid":{"rendered":"https:\/\/lovingdiversity.es\/events\/webinar-como-defender-los-derechos-de-las-personas-en-situacion-de-vulnerabilidad\/"},"modified":"2025-04-30T09:09:27","modified_gmt":"2025-04-30T09:09:27","slug":"webinar-como-defender-los-derechos-de-las-personas-en-situacion-de-vulnerabilidad","status":"publish","type":"ajde_events","link":"https:\/\/lovingdiversity.es\/val\/events\/webinar-como-defender-los-derechos-de-las-personas-en-situacion-de-vulnerabilidad\/","title":{"rendered":"Webinar: C\u00f3mo defender los Derechos de las personas en situaci\u00f3n de vulnerabilidad"},"content":{"rendered":"<div>\n<div>Desde la Cl\u00ednica Legal de CESIDA hemos organizado un\u00a0webinar\u00a0sobre \u00abC\u00f3mo defender los Derechos de las personas en situaci\u00f3n de vulnerabilidad bajo la Ley 15\/2022\u00bb, que tendr\u00e1 lugar\u00a0el<b>\u00a0viernes 09 de\u00a0mayo,\u00a0<\/b>en horario de\u00a0<b>10 a 12h<\/b>\u00a0y ser\u00e1 impartido por Miguel \u00c1ngel Ramiro, coordinador de la Cl\u00ednica Legal de la Universidad de Alcal\u00e1.<\/div>\n<div><\/div>\n<div>En este webinar exploraremos c\u00f3mo utilizar la Ley 15\/2022 para combatir la discriminaci\u00f3n y proteger los derechos de las personas en situaci\u00f3n de vulnerabilidad. Partiremos de la sentencia hist\u00f3rica que hemos logrado desde Cesida, la primera en Espa\u00f1a en reconocer judicialmente la discriminaci\u00f3n por VIH. <a href=\"https:\/\/cesida.org\/blog\/noticias\/sentencia-pionera-en-espana-reconoce-la-discriminacion-por-el-vih\/\" target=\"_blank\" rel=\"noopener\">Este fallo pionero<\/a> marca un antes y un despu\u00e9s en la defensa de los derechos humanos y nos servir\u00e1 como base para discutir herramientas y estrategias legales en casos similares.<\/div>\n<div><\/div>\n<div><b><u>Para acceder al seminario es necesario inscribirse a trav\u00e9s del siguiente formulario<\/u><\/b>, antes del 08 de mayo:\u00a0<span style=\"font-size: large;\"><a href=\"https:\/\/forms.gle\/JSGaZQEzupgwUchA9\" target=\"_blank\" rel=\"noopener\" data-saferedirecturl=\"https:\/\/www.google.com\/url?q=https:\/\/forms.gle\/JSGaZQEzupgwUchA9&amp;source=gmail&amp;ust=1746084014553000&amp;usg=AOvVaw09UdWSuCqKK94AVfOMru3r\">https:\/\/forms.gle\/<wbr \/>JSGaZQEzupgwUchA9<\/a>\u00a0<\/span><\/div>\n<div>Se enviar\u00e1 el enlace de acceso al\u00a0webinar\u00a0a la direcci\u00f3n de correo que se haya indicado en la inscripci\u00f3n.<\/div>\n<\/div>","protected":false},"author":1,"featured_media":5948,"menu_order":0,"comment_status":"open","ping_status":"closed","template":"","meta":[],"tags":[],"event_type":[45],"event_type_2":[],"class_list":{"0":"post-5947","1":"ajde_events","2":"type-ajde_events","3":"status-publish","4":"has-post-thumbnail","6":"event_location-online","7":"event_organizer-cesida","8":"event_type-reivindicaciones"},"yoast_head":"<!-- This site is optimized with the Yoast SEO plugin v26.8 - https:\/\/yoast.com\/product\/yoast-seo-wordpress\/ -->\n<title>Webinar: C\u00f3mo defender los Derechos de las personas en situaci\u00f3n de vulnerabilidad - Loving Diversity VLC<\/title>\n<meta name=\"robots\" content=\"index, follow, max-snippet:-1, max-image-preview:large, max-video-preview:-1\" \/>\n<link rel=\"canonical\" href=\"https:\/\/lovingdiversity.es\/val\/events\/webinar-como-defender-los-derechos-de-las-personas-en-situacion-de-vulnerabilidad\/\" \/>\n<meta property=\"og:locale\" content=\"es_ES\" \/>\n<meta property=\"og:type\" content=\"article\" \/>\n<meta property=\"og:title\" content=\"Webinar: C\u00f3mo defender los Derechos de las personas en situaci\u00f3n de vulnerabilidad - Loving Diversity VLC\" \/>\n<meta property=\"og:description\" content=\"Desde la Cl\u00ednica Legal de CESIDA hemos organizado un\u00a0webinar\u00a0sobre \u00abC\u00f3mo defender los Derechos de las personas en situaci\u00f3n de vulnerabilidad bajo la Ley 15\/2022\u00bb, que tendr\u00e1 lugar\u00a0el\u00a0viernes 09 de\u00a0mayo,\u00a0en horario...\" \/>\n<meta property=\"og:url\" content=\"https:\/\/lovingdiversity.es\/val\/events\/webinar-como-defender-los-derechos-de-las-personas-en-situacion-de-vulnerabilidad\/\" \/>\n<meta property=\"og:site_name\" content=\"Loving Diversity VLC\" \/>\n<meta property=\"article:publisher\" content=\"https:\/\/www.facebook.com\/ComiteVLC\/\" \/>\n<meta property=\"article:modified_time\" content=\"2025-04-30T09:09:27+00:00\" \/>\n<meta property=\"og:image\" content=\"http:\/\/lovingdiversity.es\/wp-content\/uploads\/2025\/04\/Banner-Eventos-Web-87.png\" \/>\n\t<meta property=\"og:image:width\" content=\"1400\" \/>\n\t<meta property=\"og:image:height\" content=\"500\" \/>\n\t<meta property=\"og:image:type\" content=\"image\/png\" \/>\n<meta name=\"twitter:card\" content=\"summary_large_image\" \/>\n<meta name=\"twitter:label1\" content=\"Est. reading time\" \/>\n\t<meta name=\"twitter:data1\" content=\"1 minute\" \/>\n<script type=\"application\/ld+json\" class=\"yoast-schema-graph\">{\"@context\":\"https:\/\/schema.org\",\"@graph\":[{\"@type\":\"WebPage\",\"@id\":\"https:\/\/lovingdiversity.es\/events\/webinar-como-defender-los-derechos-de-las-personas-en-situacion-de-vulnerabilidad\/\",\"url\":\"https:\/\/lovingdiversity.es\/events\/webinar-como-defender-los-derechos-de-las-personas-en-situacion-de-vulnerabilidad\/\",\"name\":\"Webinar: C\u00f3mo defender los Derechos de las personas en situaci\u00f3n de vulnerabilidad - Loving Diversity VLC\",\"isPartOf\":{\"@id\":\"https:\/\/lovingdiversity.es\/#website\"},\"primaryImageOfPage\":{\"@id\":\"https:\/\/lovingdiversity.es\/events\/webinar-como-defender-los-derechos-de-las-personas-en-situacion-de-vulnerabilidad\/#primaryimage\"},\"image\":{\"@id\":\"https:\/\/lovingdiversity.es\/events\/webinar-como-defender-los-derechos-de-las-personas-en-situacion-de-vulnerabilidad\/#primaryimage\"},\"thumbnailUrl\":\"https:\/\/lovingdiversity.es\/wp-content\/uploads\/2025\/04\/Banner-Eventos-Web-87.png\",\"datePublished\":\"2025-04-30T08:49:40+00:00\",\"dateModified\":\"2025-04-30T09:09:27+00:00\",\"breadcrumb\":{\"@id\":\"https:\/\/lovingdiversity.es\/events\/webinar-como-defender-los-derechos-de-las-personas-en-situacion-de-vulnerabilidad\/#breadcrumb\"},\"inLanguage\":\"es-VAL\",\"potentialAction\":[{\"@type\":\"ReadAction\",\"target\":[\"https:\/\/lovingdiversity.es\/events\/webinar-como-defender-los-derechos-de-las-personas-en-situacion-de-vulnerabilidad\/\"]}]},{\"@type\":\"ImageObject\",\"inLanguage\":\"es-VAL\",\"@id\":\"https:\/\/lovingdiversity.es\/events\/webinar-como-defender-los-derechos-de-las-personas-en-situacion-de-vulnerabilidad\/#primaryimage\",\"url\":\"https:\/\/lovingdiversity.es\/wp-content\/uploads\/2025\/04\/Banner-Eventos-Web-87.png\",\"contentUrl\":\"https:\/\/lovingdiversity.es\/wp-content\/uploads\/2025\/04\/Banner-Eventos-Web-87.png\",\"width\":1400,\"height\":500},{\"@type\":\"BreadcrumbList\",\"@id\":\"https:\/\/lovingdiversity.es\/events\/webinar-como-defender-los-derechos-de-las-personas-en-situacion-de-vulnerabilidad\/#breadcrumb\",\"itemListElement\":[{\"@type\":\"ListItem\",\"position\":1,\"name\":\"Portada\",\"item\":\"https:\/\/lovingdiversity.es\/\"},{\"@type\":\"ListItem\",\"position\":2,\"name\":\"Events\",\"item\":\"https:\/\/lovingdiversity.es\/events\/\"},{\"@type\":\"ListItem\",\"position\":3,\"name\":\"Webinar: C\u00f3mo defender los Derechos de las personas en situaci\u00f3n de vulnerabilidad\"}]},{\"@type\":\"WebSite\",\"@id\":\"https:\/\/lovingdiversity.es\/#website\",\"url\":\"https:\/\/lovingdiversity.es\/\",\"name\":\"Loving Diversity VLC\",\"description\":\"Agenda de Ocio LGTBI\",\"publisher\":{\"@id\":\"https:\/\/lovingdiversity.es\/#organization\"},\"potentialAction\":[{\"@type\":\"SearchAction\",\"target\":{\"@type\":\"EntryPoint\",\"urlTemplate\":\"https:\/\/lovingdiversity.es\/?s={search_term_string}\"},\"query-input\":{\"@type\":\"PropertyValueSpecification\",\"valueRequired\":true,\"valueName\":\"search_term_string\"}}],\"inLanguage\":\"es-VAL\"},{\"@type\":\"Organization\",\"@id\":\"https:\/\/lovingdiversity.es\/#organization\",\"name\":\"Loving Diversity VLC\",\"url\":\"https:\/\/lovingdiversity.es\/\",\"logo\":{\"@type\":\"ImageObject\",\"inLanguage\":\"es-VAL\",\"@id\":\"https:\/\/lovingdiversity.es\/#\/schema\/logo\/image\/\",\"url\":\"https:\/\/lovingdiversity.es\/wp-content\/uploads\/2024\/12\/logotipo_loving.png\",\"contentUrl\":\"https:\/\/lovingdiversity.es\/wp-content\/uploads\/2024\/12\/logotipo_loving.png\",\"width\":400,\"height\":112,\"caption\":\"Loving Diversity VLC\"},\"image\":{\"@id\":\"https:\/\/lovingdiversity.es\/#\/schema\/logo\/image\/\"},\"sameAs\":[\"https:\/\/www.facebook.com\/ComiteVLC\/\",\"https:\/\/www.instagram.com\/comitevlc\/\",\"https:\/\/www.tiktok.com\/@comitevlc\"]}]}<\/script>\n<!-- \/ Yoast SEO plugin. -->","yoast_head_json":{"title":"Webinar: C\u00f3mo defender los Derechos de las personas en situaci\u00f3n de vulnerabilidad - Loving Diversity VLC","robots":{"index":"index","follow":"follow","max-snippet":"max-snippet:-1","max-image-preview":"max-image-preview:large","max-video-preview":"max-video-preview:-1"},"canonical":"https:\/\/lovingdiversity.es\/val\/events\/webinar-como-defender-los-derechos-de-las-personas-en-situacion-de-vulnerabilidad\/","og_locale":"es_ES","og_type":"article","og_title":"Webinar: C\u00f3mo defender los Derechos de las personas en situaci\u00f3n de vulnerabilidad - Loving Diversity VLC","og_description":"Desde la Cl\u00ednica Legal de CESIDA hemos organizado un\u00a0webinar\u00a0sobre \u00abC\u00f3mo defender los Derechos de las personas en situaci\u00f3n de vulnerabilidad bajo la Ley 15\/2022\u00bb, que tendr\u00e1 lugar\u00a0el\u00a0viernes 09 de\u00a0mayo,\u00a0en horario...","og_url":"https:\/\/lovingdiversity.es\/val\/events\/webinar-como-defender-los-derechos-de-las-personas-en-situacion-de-vulnerabilidad\/","og_site_name":"Loving Diversity VLC","article_publisher":"https:\/\/www.facebook.com\/ComiteVLC\/","article_modified_time":"2025-04-30T09:09:27+00:00","og_image":[{"width":1400,"height":500,"url":"http:\/\/lovingdiversity.es\/wp-content\/uploads\/2025\/04\/Banner-Eventos-Web-87.png","type":"image\/png"}],"twitter_card":"summary_large_image","twitter_misc":{"Est. reading time":"1 minute"},"schema":{"@context":"https:\/\/schema.org","@graph":[{"@type":"WebPage","@id":"https:\/\/lovingdiversity.es\/events\/webinar-como-defender-los-derechos-de-las-personas-en-situacion-de-vulnerabilidad\/","url":"https:\/\/lovingdiversity.es\/events\/webinar-como-defender-los-derechos-de-las-personas-en-situacion-de-vulnerabilidad\/","name":"Webinar: C\u00f3mo defender los Derechos de las personas en situaci\u00f3n de vulnerabilidad - Loving Diversity VLC","isPartOf":{"@id":"https:\/\/lovingdiversity.es\/#website"},"primaryImageOfPage":{"@id":"https:\/\/lovingdiversity.es\/events\/webinar-como-defender-los-derechos-de-las-personas-en-situacion-de-vulnerabilidad\/#primaryimage"},"image":{"@id":"https:\/\/lovingdiversity.es\/events\/webinar-como-defender-los-derechos-de-las-personas-en-situacion-de-vulnerabilidad\/#primaryimage"},"thumbnailUrl":"https:\/\/lovingdiversity.es\/wp-content\/uploads\/2025\/04\/Banner-Eventos-Web-87.png","datePublished":"2025-04-30T08:49:40+00:00","dateModified":"2025-04-30T09:09:27+00:00","breadcrumb":{"@id":"https:\/\/lovingdiversity.es\/events\/webinar-como-defender-los-derechos-de-las-personas-en-situacion-de-vulnerabilidad\/#breadcrumb"},"inLanguage":"es-VAL","potentialAction":[{"@type":"ReadAction","target":["https:\/\/lovingdiversity.es\/events\/webinar-como-defender-los-derechos-de-las-personas-en-situacion-de-vulnerabilidad\/"]}]},{"@type":"ImageObject","inLanguage":"es-VAL","@id":"https:\/\/lovingdiversity.es\/events\/webinar-como-defender-los-derechos-de-las-personas-en-situacion-de-vulnerabilidad\/#primaryimage","url":"https:\/\/lovingdiversity.es\/wp-content\/uploads\/2025\/04\/Banner-Eventos-Web-87.png","contentUrl":"https:\/\/lovingdiversity.es\/wp-content\/uploads\/2025\/04\/Banner-Eventos-Web-87.png","width":1400,"height":500},{"@type":"BreadcrumbList","@id":"https:\/\/lovingdiversity.es\/events\/webinar-como-defender-los-derechos-de-las-personas-en-situacion-de-vulnerabilidad\/#breadcrumb","itemListElement":[{"@type":"ListItem","position":1,"name":"Portada","item":"https:\/\/lovingdiversity.es\/"},{"@type":"ListItem","position":2,"name":"Events","item":"https:\/\/lovingdiversity.es\/events\/"},{"@type":"ListItem","position":3,"name":"Webinar: C\u00f3mo defender los Derechos de las personas en situaci\u00f3n de vulnerabilidad"}]},{"@type":"WebSite","@id":"https:\/\/lovingdiversity.es\/#website","url":"https:\/\/lovingdiversity.es\/","name":"Loving Diversity VLC","description":"Agenda de Ocio LGTBI","publisher":{"@id":"https:\/\/lovingdiversity.es\/#organization"},"potentialAction":[{"@type":"SearchAction","target":{"@type":"EntryPoint","urlTemplate":"https:\/\/lovingdiversity.es\/?s={search_term_string}"},"query-input":{"@type":"PropertyValueSpecification","valueRequired":true,"valueName":"search_term_string"}}],"inLanguage":"es-VAL"},{"@type":"Organization","@id":"https:\/\/lovingdiversity.es\/#organization","name":"Loving Diversity VLC","url":"https:\/\/lovingdiversity.es\/","logo":{"@type":"ImageObject","inLanguage":"es-VAL","@id":"https:\/\/lovingdiversity.es\/#\/schema\/logo\/image\/","url":"https:\/\/lovingdiversity.es\/wp-content\/uploads\/2024\/12\/logotipo_loving.png","contentUrl":"https:\/\/lovingdiversity.es\/wp-content\/uploads\/2024\/12\/logotipo_loving.png","width":400,"height":112,"caption":"Loving Diversity VLC"},"image":{"@id":"https:\/\/lovingdiversity.es\/#\/schema\/logo\/image\/"},"sameAs":["https:\/\/www.facebook.com\/ComiteVLC\/","https:\/\/www.instagram.com\/comitevlc\/","https:\/\/www.tiktok.com\/@comitevlc"]}]}},"_links":{"self":[{"href":"https:\/\/lovingdiversity.es\/val\/wp-json\/wp\/v2\/ajde_events\/5947","targetHints":{"allow":["GET"]}}],"collection":[{"href":"https:\/\/lovingdiversity.es\/val\/wp-json\/wp\/v2\/ajde_events"}],"about":[{"href":"https:\/\/lovingdiversity.es\/val\/wp-json\/wp\/v2\/types\/ajde_events"}],"author":[{"embeddable":true,"href":"https:\/\/lovingdiversity.es\/val\/wp-json\/wp\/v2\/users\/1"}],"replies":[{"embeddable":true,"href":"https:\/\/lovingdiversity.es\/val\/wp-json\/wp\/v2\/comments?post=5947"}],"wp:featuredmedia":[{"embeddable":true,"href":"https:\/\/lovingdiversity.es\/val\/wp-json\/wp\/v2\/media\/5948"}],"wp:attachment":[{"href":"https:\/\/lovingdiversity.es\/val\/wp-json\/wp\/v2\/media?parent=5947"}],"wp:term":[{"taxonomy":"post_tag","embeddable":true,"href":"https:\/\/lovingdiversity.es\/val\/wp-json\/wp\/v2\/tags?post=5947"},{"taxonomy":"event_type","embeddable":true,"href":"https:\/\/lovingdiversity.es\/val\/wp-json\/wp\/v2\/event_type?post=5947"},{"taxonomy":"event_type_2","embeddable":true,"href":"https:\/\/lovingdiversity.es\/val\/wp-json\/wp\/v2\/event_type_2?post=5947"}],"curies":[{"name":"wp","href":"https:\/\/api.w.org\/{rel}","templated":true}]}}