{"id":6016,"date":"2025-05-08T09:09:04","date_gmt":"2025-05-08T09:09:04","guid":{"rendered":"https:\/\/lovingdiversity.es\/events\/sopador-llibertari-al-cabanyal\/"},"modified":"2025-05-08T09:29:44","modified_gmt":"2025-05-08T09:29:44","slug":"sopador-llibertari-al-cabanyal","status":"publish","type":"ajde_events","link":"https:\/\/lovingdiversity.es\/val\/events\/sopador-llibertari-al-cabanyal\/","title":{"rendered":"Sopador Llibertari al Cabanyal"},"content":{"rendered":"<p>NO OLVIDEMOS A LA DANA<\/p>\n<p>SOPADOR LLIBERTARI AL CABANYAL!!!!<\/p>\n<p>\ud83d\udccdEl proper DIMARTS 13 DE MAIG tens cita a l&#8217;Ateneu Llibertari del ACABanyal.<\/p>\n<p>\ud83d\udcb0Esta vegada els diners recaudats es destinaran a la Brigada de Acci\u00f3n Directa (BAD), un grup de personetes que estan traballant voluntariament en zones afectades per la DANA on les ajudes institucionals no arriben. Ac\u00ed teniu un video on podeu veure part del seu treball: https:\/\/www.youtube.com\/watch?v=EBVzYwI7CG8<\/p>\n<p>\ud83c\udf99\ufe0fXarrada en la qual diferents persones de la BAD contaran la seua experi\u00e8ncia treballant en la DANA.<\/p>\n<p>\u23f0 HORARI \u23f0<\/p>\n<p>20H \ud83c\udfa4 XARRADA: Acci\u00f3n Directa, Autogesti\u00f3n y Apoyo Mutuo en la DANA. Per la BAD.<\/p>\n<p>21H: \ud83c\udf74A SOPAAAAAAAR UN MENJAR DELICI\u00d3S:<br \/>\n&#8211; de Primer plat tenim: Totopos EMBARRADOS<br \/>\n&#8211; De Segon: Past\u00eds de PAPA cishetero<br \/>\n&#8211; De postre: CheeseFAKE<\/p>\n<p>\ud83e\udd64BEGUDES\ud83e\udd64<br \/>\nL&#8217;espai no comptar\u00e0 amb begudes alcoh\u00f2liques per no fomentar l&#8217;associaci\u00f3 socialitzaci\u00f3-drogues i ser un espai segur i c\u00f2mode per a persones exadictes, per\u00f2 tindrem rica kombuchaaa i suuucs incre\u00efbles!!\ud83e\uddc3<\/p>\n<p>\u260e\ufe0f RESERVES \u260e\ufe0f<\/p>\n<p>Reserveu el m\u00e9s prompte possible que nos los quitan de las manos!!!<br \/>\nCrida a este tel\u00e8fon :<br \/>\n673236825<\/p>","protected":false},"author":1,"featured_media":6011,"menu_order":0,"comment_status":"open","ping_status":"closed","template":"","meta":[],"tags":[],"event_type":[45],"event_type_2":[],"class_list":{"0":"post-6016","1":"ajde_events","2":"type-ajde_events","3":"status-publish","4":"has-post-thumbnail","6":"event_location-ateneu-llibertari-del-cabanyal","7":"event_organizer-araen-valencia","8":"event_type-reivindicaciones"},"yoast_head":"<!-- This site is optimized with the Yoast SEO plugin v26.8 - https:\/\/yoast.com\/product\/yoast-seo-wordpress\/ -->\n<title>Sopador Llibertari al Cabanyal - Loving Diversity VLC<\/title>\n<meta name=\"robots\" content=\"index, follow, max-snippet:-1, max-image-preview:large, max-video-preview:-1\" \/>\n<link rel=\"canonical\" href=\"https:\/\/lovingdiversity.es\/val\/events\/sopador-llibertari-al-cabanyal\/\" \/>\n<meta property=\"og:locale\" content=\"es_ES\" \/>\n<meta property=\"og:type\" content=\"article\" \/>\n<meta property=\"og:title\" content=\"Sopador Llibertari al Cabanyal - Loving Diversity VLC\" \/>\n<meta property=\"og:description\" content=\"NO OLVIDEMOS A LA DANA SOPADOR LLIBERTARI AL CABANYAL!!!! \ud83d\udccdEl proper DIMARTS 13 DE MAIG tens cita a l&#8217;Ateneu Llibertari del ACABanyal. \ud83d\udcb0Esta vegada els diners recaudats es destinaran a...\" \/>\n<meta property=\"og:url\" content=\"https:\/\/lovingdiversity.es\/val\/events\/sopador-llibertari-al-cabanyal\/\" \/>\n<meta property=\"og:site_name\" content=\"Loving Diversity VLC\" \/>\n<meta property=\"article:publisher\" content=\"https:\/\/www.facebook.com\/ComiteVLC\/\" \/>\n<meta property=\"article:modified_time\" content=\"2025-05-08T09:29:44+00:00\" \/>\n<meta property=\"og:image\" content=\"http:\/\/lovingdiversity.es\/wp-content\/uploads\/2025\/05\/Banner-Eventos-Web-2025-05-08T105808.851.png\" \/>\n\t<meta property=\"og:image:width\" content=\"1400\" \/>\n\t<meta property=\"og:image:height\" content=\"500\" \/>\n\t<meta property=\"og:image:type\" content=\"image\/png\" \/>\n<meta name=\"twitter:card\" content=\"summary_large_image\" \/>\n<meta name=\"twitter:label1\" content=\"Est. reading time\" \/>\n\t<meta name=\"twitter:data1\" content=\"1 minute\" \/>\n<script type=\"application\/ld+json\" class=\"yoast-schema-graph\">{\"@context\":\"https:\/\/schema.org\",\"@graph\":[{\"@type\":\"WebPage\",\"@id\":\"https:\/\/lovingdiversity.es\/events\/sopador-llibertari-al-cabanyal\/\",\"url\":\"https:\/\/lovingdiversity.es\/events\/sopador-llibertari-al-cabanyal\/\",\"name\":\"Sopador Llibertari al Cabanyal - Loving Diversity VLC\",\"isPartOf\":{\"@id\":\"https:\/\/lovingdiversity.es\/#website\"},\"primaryImageOfPage\":{\"@id\":\"https:\/\/lovingdiversity.es\/events\/sopador-llibertari-al-cabanyal\/#primaryimage\"},\"image\":{\"@id\":\"https:\/\/lovingdiversity.es\/events\/sopador-llibertari-al-cabanyal\/#primaryimage\"},\"thumbnailUrl\":\"https:\/\/lovingdiversity.es\/wp-content\/uploads\/2025\/05\/Banner-Eventos-Web-2025-05-08T105808.851.png\",\"datePublished\":\"2025-05-08T09:09:04+00:00\",\"dateModified\":\"2025-05-08T09:29:44+00:00\",\"breadcrumb\":{\"@id\":\"https:\/\/lovingdiversity.es\/events\/sopador-llibertari-al-cabanyal\/#breadcrumb\"},\"inLanguage\":\"es-VAL\",\"potentialAction\":[{\"@type\":\"ReadAction\",\"target\":[\"https:\/\/lovingdiversity.es\/events\/sopador-llibertari-al-cabanyal\/\"]}]},{\"@type\":\"ImageObject\",\"inLanguage\":\"es-VAL\",\"@id\":\"https:\/\/lovingdiversity.es\/events\/sopador-llibertari-al-cabanyal\/#primaryimage\",\"url\":\"https:\/\/lovingdiversity.es\/wp-content\/uploads\/2025\/05\/Banner-Eventos-Web-2025-05-08T105808.851.png\",\"contentUrl\":\"https:\/\/lovingdiversity.es\/wp-content\/uploads\/2025\/05\/Banner-Eventos-Web-2025-05-08T105808.851.png\",\"width\":1400,\"height\":500},{\"@type\":\"BreadcrumbList\",\"@id\":\"https:\/\/lovingdiversity.es\/events\/sopador-llibertari-al-cabanyal\/#breadcrumb\",\"itemListElement\":[{\"@type\":\"ListItem\",\"position\":1,\"name\":\"Portada\",\"item\":\"https:\/\/lovingdiversity.es\/\"},{\"@type\":\"ListItem\",\"position\":2,\"name\":\"Events\",\"item\":\"https:\/\/lovingdiversity.es\/events\/\"},{\"@type\":\"ListItem\",\"position\":3,\"name\":\"Sopador Llibertari al Cabanyal\"}]},{\"@type\":\"WebSite\",\"@id\":\"https:\/\/lovingdiversity.es\/#website\",\"url\":\"https:\/\/lovingdiversity.es\/\",\"name\":\"Loving Diversity VLC\",\"description\":\"Agenda de Ocio LGTBI\",\"publisher\":{\"@id\":\"https:\/\/lovingdiversity.es\/#organization\"},\"potentialAction\":[{\"@type\":\"SearchAction\",\"target\":{\"@type\":\"EntryPoint\",\"urlTemplate\":\"https:\/\/lovingdiversity.es\/?s={search_term_string}\"},\"query-input\":{\"@type\":\"PropertyValueSpecification\",\"valueRequired\":true,\"valueName\":\"search_term_string\"}}],\"inLanguage\":\"es-VAL\"},{\"@type\":\"Organization\",\"@id\":\"https:\/\/lovingdiversity.es\/#organization\",\"name\":\"Loving Diversity VLC\",\"url\":\"https:\/\/lovingdiversity.es\/\",\"logo\":{\"@type\":\"ImageObject\",\"inLanguage\":\"es-VAL\",\"@id\":\"https:\/\/lovingdiversity.es\/#\/schema\/logo\/image\/\",\"url\":\"https:\/\/lovingdiversity.es\/wp-content\/uploads\/2024\/12\/logotipo_loving.png\",\"contentUrl\":\"https:\/\/lovingdiversity.es\/wp-content\/uploads\/2024\/12\/logotipo_loving.png\",\"width\":400,\"height\":112,\"caption\":\"Loving Diversity VLC\"},\"image\":{\"@id\":\"https:\/\/lovingdiversity.es\/#\/schema\/logo\/image\/\"},\"sameAs\":[\"https:\/\/www.facebook.com\/ComiteVLC\/\",\"https:\/\/www.instagram.com\/comitevlc\/\",\"https:\/\/www.tiktok.com\/@comitevlc\"]}]}<\/script>\n<!-- \/ Yoast SEO plugin. -->","yoast_head_json":{"title":"Sopador Llibertari al Cabanyal - Loving Diversity VLC","robots":{"index":"index","follow":"follow","max-snippet":"max-snippet:-1","max-image-preview":"max-image-preview:large","max-video-preview":"max-video-preview:-1"},"canonical":"https:\/\/lovingdiversity.es\/val\/events\/sopador-llibertari-al-cabanyal\/","og_locale":"es_ES","og_type":"article","og_title":"Sopador Llibertari al Cabanyal - Loving Diversity VLC","og_description":"NO OLVIDEMOS A LA DANA SOPADOR LLIBERTARI AL CABANYAL!!!! \ud83d\udccdEl proper DIMARTS 13 DE MAIG tens cita a l&#8217;Ateneu Llibertari del ACABanyal. \ud83d\udcb0Esta vegada els diners recaudats es destinaran a...","og_url":"https:\/\/lovingdiversity.es\/val\/events\/sopador-llibertari-al-cabanyal\/","og_site_name":"Loving Diversity VLC","article_publisher":"https:\/\/www.facebook.com\/ComiteVLC\/","article_modified_time":"2025-05-08T09:29:44+00:00","og_image":[{"width":1400,"height":500,"url":"http:\/\/lovingdiversity.es\/wp-content\/uploads\/2025\/05\/Banner-Eventos-Web-2025-05-08T105808.851.png","type":"image\/png"}],"twitter_card":"summary_large_image","twitter_misc":{"Est. reading time":"1 minute"},"schema":{"@context":"https:\/\/schema.org","@graph":[{"@type":"WebPage","@id":"https:\/\/lovingdiversity.es\/events\/sopador-llibertari-al-cabanyal\/","url":"https:\/\/lovingdiversity.es\/events\/sopador-llibertari-al-cabanyal\/","name":"Sopador Llibertari al Cabanyal - Loving Diversity VLC","isPartOf":{"@id":"https:\/\/lovingdiversity.es\/#website"},"primaryImageOfPage":{"@id":"https:\/\/lovingdiversity.es\/events\/sopador-llibertari-al-cabanyal\/#primaryimage"},"image":{"@id":"https:\/\/lovingdiversity.es\/events\/sopador-llibertari-al-cabanyal\/#primaryimage"},"thumbnailUrl":"https:\/\/lovingdiversity.es\/wp-content\/uploads\/2025\/05\/Banner-Eventos-Web-2025-05-08T105808.851.png","datePublished":"2025-05-08T09:09:04+00:00","dateModified":"2025-05-08T09:29:44+00:00","breadcrumb":{"@id":"https:\/\/lovingdiversity.es\/events\/sopador-llibertari-al-cabanyal\/#breadcrumb"},"inLanguage":"es-VAL","potentialAction":[{"@type":"ReadAction","target":["https:\/\/lovingdiversity.es\/events\/sopador-llibertari-al-cabanyal\/"]}]},{"@type":"ImageObject","inLanguage":"es-VAL","@id":"https:\/\/lovingdiversity.es\/events\/sopador-llibertari-al-cabanyal\/#primaryimage","url":"https:\/\/lovingdiversity.es\/wp-content\/uploads\/2025\/05\/Banner-Eventos-Web-2025-05-08T105808.851.png","contentUrl":"https:\/\/lovingdiversity.es\/wp-content\/uploads\/2025\/05\/Banner-Eventos-Web-2025-05-08T105808.851.png","width":1400,"height":500},{"@type":"BreadcrumbList","@id":"https:\/\/lovingdiversity.es\/events\/sopador-llibertari-al-cabanyal\/#breadcrumb","itemListElement":[{"@type":"ListItem","position":1,"name":"Portada","item":"https:\/\/lovingdiversity.es\/"},{"@type":"ListItem","position":2,"name":"Events","item":"https:\/\/lovingdiversity.es\/events\/"},{"@type":"ListItem","position":3,"name":"Sopador Llibertari al Cabanyal"}]},{"@type":"WebSite","@id":"https:\/\/lovingdiversity.es\/#website","url":"https:\/\/lovingdiversity.es\/","name":"Loving Diversity VLC","description":"Agenda de Ocio LGTBI","publisher":{"@id":"https:\/\/lovingdiversity.es\/#organization"},"potentialAction":[{"@type":"SearchAction","target":{"@type":"EntryPoint","urlTemplate":"https:\/\/lovingdiversity.es\/?s={search_term_string}"},"query-input":{"@type":"PropertyValueSpecification","valueRequired":true,"valueName":"search_term_string"}}],"inLanguage":"es-VAL"},{"@type":"Organization","@id":"https:\/\/lovingdiversity.es\/#organization","name":"Loving Diversity VLC","url":"https:\/\/lovingdiversity.es\/","logo":{"@type":"ImageObject","inLanguage":"es-VAL","@id":"https:\/\/lovingdiversity.es\/#\/schema\/logo\/image\/","url":"https:\/\/lovingdiversity.es\/wp-content\/uploads\/2024\/12\/logotipo_loving.png","contentUrl":"https:\/\/lovingdiversity.es\/wp-content\/uploads\/2024\/12\/logotipo_loving.png","width":400,"height":112,"caption":"Loving Diversity VLC"},"image":{"@id":"https:\/\/lovingdiversity.es\/#\/schema\/logo\/image\/"},"sameAs":["https:\/\/www.facebook.com\/ComiteVLC\/","https:\/\/www.instagram.com\/comitevlc\/","https:\/\/www.tiktok.com\/@comitevlc"]}]}},"_links":{"self":[{"href":"https:\/\/lovingdiversity.es\/val\/wp-json\/wp\/v2\/ajde_events\/6016","targetHints":{"allow":["GET"]}}],"collection":[{"href":"https:\/\/lovingdiversity.es\/val\/wp-json\/wp\/v2\/ajde_events"}],"about":[{"href":"https:\/\/lovingdiversity.es\/val\/wp-json\/wp\/v2\/types\/ajde_events"}],"author":[{"embeddable":true,"href":"https:\/\/lovingdiversity.es\/val\/wp-json\/wp\/v2\/users\/1"}],"replies":[{"embeddable":true,"href":"https:\/\/lovingdiversity.es\/val\/wp-json\/wp\/v2\/comments?post=6016"}],"wp:featuredmedia":[{"embeddable":true,"href":"https:\/\/lovingdiversity.es\/val\/wp-json\/wp\/v2\/media\/6011"}],"wp:attachment":[{"href":"https:\/\/lovingdiversity.es\/val\/wp-json\/wp\/v2\/media?parent=6016"}],"wp:term":[{"taxonomy":"post_tag","embeddable":true,"href":"https:\/\/lovingdiversity.es\/val\/wp-json\/wp\/v2\/tags?post=6016"},{"taxonomy":"event_type","embeddable":true,"href":"https:\/\/lovingdiversity.es\/val\/wp-json\/wp\/v2\/event_type?post=6016"},{"taxonomy":"event_type_2","embeddable":true,"href":"https:\/\/lovingdiversity.es\/val\/wp-json\/wp\/v2\/event_type_2?post=6016"}],"curies":[{"name":"wp","href":"https:\/\/api.w.org\/{rel}","templated":true}]}}