{"id":6023,"date":"2025-05-08T10:05:35","date_gmt":"2025-05-08T10:05:35","guid":{"rendered":"https:\/\/lovingdiversity.es\/events\/taller-de-performance\/"},"modified":"2025-05-08T10:11:02","modified_gmt":"2025-05-08T10:11:02","slug":"taller-de-performance","status":"publish","type":"ajde_events","link":"https:\/\/lovingdiversity.es\/val\/events\/taller-de-performance\/","title":{"rendered":"TALLER DE PERFORMANCE"},"content":{"rendered":"<p>\ud83d\udfe3 \ud835\udc13\ud835\udc00\ud835\udc0b\ud835\udc0b\ud835\udc04\ud835\udc11 \ud835\udc03\ud835\udc04 \ud835\udc0f\ud835\udc04\ud835\udc11\ud835\udc05\ud835\udc0e\ud835\udc11\ud835\udc0c\ud835\udc00\ud835\udc0d\ud835\udc02\ud835\udc04 \ud835\udc00 \ud835\udc0b\ud835\udc00\ud835\udc0b\ud835\udc04\ud835\udc0d\ud835\udc13\ud835\udc00<\/p>\n<p>\ud83d\udd38 &#8216;Sobre lo insignificante&#8217; \u00e9s el t\u00edtol del taller que impartir\u00e0 el performer i poeta visual \ud835\udc01\ud835\udc1a\ud835\udc2b\ud835\udc2d\ud835\udc28\ud835\udc25\ud835\udc28\ud835\udc26\ud835\udc1e\u0301 \ud835\udc05\ud835\udc1e\ud835\udc2b\ud835\udc2b\ud835\udc1a\ud835\udc27\ud835\udc1d\ud835\udc28 (ferrandobartolome), un dels grans referents internacionals de l\u2019art d\u2019acci\u00f3.<\/p>\n<p>Dues sessions per explorar el cos, el so, el gest, la veu i l\u2019espai des de la pr\u00e0ctica performativa. Una experi\u00e8ncia per a qui vulga submergir-se en els l\u00edmits entre art i vida.<\/p>\n<p>\ud83d\uddd3 \ud835\udc03\ud835\udc22\ud835\udc2c\ud835\udc2c\ud835\udc1a\ud835\udc1b\ud835\udc2d\ud835\udc1e \ud835\udfd1\ud835\udfcf \ud835\udc1d\ud835\udc1e \ud835\udc26\ud835\udc1a\ud835\udc22\ud835\udc20 \ud835\udc22 \ud835\udc1d\ud835\udc22\ud835\udc2e\ud835\udc26\ud835\udc1e\ud835\udc27\ud835\udc20\ud835\udc1e \ud835\udfcf \ud835\udc1d\ud835\udc1e \ud835\udc23\ud835\udc2e\ud835\udc27\ud835\udc32<br \/>\n\ud83d\udd59 De \ud835\udfcf\ud835\udfce \ud835\udc21 \ud835\udc1a \ud835\udfcf\ud835\udfd1 \ud835\udc21<br \/>\n\ud83d\udccd Lalenta \u2013 Pl. de Vicent Iborra, 9, Val\u00e8ncia<br \/>\n\ud83d\udcb8 Inscripci\u00f3: \ud835\udfd6\ud835\udfce \u20ac<br \/>\n\ud83d\udd17 M\u00e9s info i inscripcions a https:\/\/forms.gle\/EmqMj8Fap2byVTJd8<\/p>","protected":false},"author":1,"featured_media":6024,"menu_order":0,"comment_status":"open","ping_status":"closed","template":"","meta":[],"tags":[],"event_type":[21],"event_type_2":[],"class_list":{"0":"post-6023","1":"ajde_events","2":"type-ajde_events","3":"status-publish","4":"has-post-thumbnail","6":"event_location-la-lenta-libreria","7":"event_type-escenicas"},"yoast_head":"<!-- This site is optimized with the Yoast SEO plugin v26.8 - https:\/\/yoast.com\/product\/yoast-seo-wordpress\/ -->\n<title>TALLER DE PERFORMANCE - Loving Diversity VLC<\/title>\n<meta name=\"robots\" content=\"index, follow, max-snippet:-1, max-image-preview:large, max-video-preview:-1\" \/>\n<link rel=\"canonical\" href=\"https:\/\/lovingdiversity.es\/val\/events\/taller-de-performance\/\" \/>\n<meta property=\"og:locale\" content=\"es_ES\" \/>\n<meta property=\"og:type\" content=\"article\" \/>\n<meta property=\"og:title\" content=\"TALLER DE PERFORMANCE - Loving Diversity VLC\" \/>\n<meta property=\"og:description\" content=\"\ud83d\udfe3 \ud835\udc13\ud835\udc00\ud835\udc0b\ud835\udc0b\ud835\udc04\ud835\udc11 \ud835\udc03\ud835\udc04 \ud835\udc0f\ud835\udc04\ud835\udc11\ud835\udc05\ud835\udc0e\ud835\udc11\ud835\udc0c\ud835\udc00\ud835\udc0d\ud835\udc02\ud835\udc04 \ud835\udc00 \ud835\udc0b\ud835\udc00\ud835\udc0b\ud835\udc04\ud835\udc0d\ud835\udc13\ud835\udc00 \ud83d\udd38 &#8216;Sobre lo insignificante&#8217; \u00e9s el t\u00edtol del taller que impartir\u00e0 el performer i poeta visual \ud835\udc01\ud835\udc1a\ud835\udc2b\ud835\udc2d\ud835\udc28\ud835\udc25\ud835\udc28\ud835\udc26\ud835\udc1e\u0301 \ud835\udc05\ud835\udc1e\ud835\udc2b\ud835\udc2b\ud835\udc1a\ud835\udc27\ud835\udc1d\ud835\udc28 (ferrandobartolome), un dels grans referents internacionals...\" \/>\n<meta property=\"og:url\" content=\"https:\/\/lovingdiversity.es\/val\/events\/taller-de-performance\/\" \/>\n<meta property=\"og:site_name\" content=\"Loving Diversity VLC\" \/>\n<meta property=\"article:publisher\" content=\"https:\/\/www.facebook.com\/ComiteVLC\/\" \/>\n<meta property=\"article:modified_time\" content=\"2025-05-08T10:11:02+00:00\" \/>\n<meta property=\"og:image\" content=\"http:\/\/lovingdiversity.es\/wp-content\/uploads\/2025\/05\/Banner-Eventos-Web-2025-05-08T120815.619.png\" \/>\n\t<meta property=\"og:image:width\" content=\"1400\" \/>\n\t<meta property=\"og:image:height\" content=\"500\" \/>\n\t<meta property=\"og:image:type\" content=\"image\/png\" \/>\n<meta name=\"twitter:card\" content=\"summary_large_image\" \/>\n<meta name=\"twitter:label1\" content=\"Est. reading time\" \/>\n\t<meta name=\"twitter:data1\" content=\"1 minute\" \/>\n<script type=\"application\/ld+json\" class=\"yoast-schema-graph\">{\"@context\":\"https:\/\/schema.org\",\"@graph\":[{\"@type\":\"WebPage\",\"@id\":\"https:\/\/lovingdiversity.es\/events\/taller-de-performance\/\",\"url\":\"https:\/\/lovingdiversity.es\/events\/taller-de-performance\/\",\"name\":\"TALLER DE PERFORMANCE - Loving Diversity VLC\",\"isPartOf\":{\"@id\":\"https:\/\/lovingdiversity.es\/#website\"},\"primaryImageOfPage\":{\"@id\":\"https:\/\/lovingdiversity.es\/events\/taller-de-performance\/#primaryimage\"},\"image\":{\"@id\":\"https:\/\/lovingdiversity.es\/events\/taller-de-performance\/#primaryimage\"},\"thumbnailUrl\":\"https:\/\/lovingdiversity.es\/wp-content\/uploads\/2025\/05\/Banner-Eventos-Web-2025-05-08T120815.619.png\",\"datePublished\":\"2025-05-08T10:05:35+00:00\",\"dateModified\":\"2025-05-08T10:11:02+00:00\",\"breadcrumb\":{\"@id\":\"https:\/\/lovingdiversity.es\/events\/taller-de-performance\/#breadcrumb\"},\"inLanguage\":\"es-VAL\",\"potentialAction\":[{\"@type\":\"ReadAction\",\"target\":[\"https:\/\/lovingdiversity.es\/events\/taller-de-performance\/\"]}]},{\"@type\":\"ImageObject\",\"inLanguage\":\"es-VAL\",\"@id\":\"https:\/\/lovingdiversity.es\/events\/taller-de-performance\/#primaryimage\",\"url\":\"https:\/\/lovingdiversity.es\/wp-content\/uploads\/2025\/05\/Banner-Eventos-Web-2025-05-08T120815.619.png\",\"contentUrl\":\"https:\/\/lovingdiversity.es\/wp-content\/uploads\/2025\/05\/Banner-Eventos-Web-2025-05-08T120815.619.png\",\"width\":1400,\"height\":500},{\"@type\":\"BreadcrumbList\",\"@id\":\"https:\/\/lovingdiversity.es\/events\/taller-de-performance\/#breadcrumb\",\"itemListElement\":[{\"@type\":\"ListItem\",\"position\":1,\"name\":\"Portada\",\"item\":\"https:\/\/lovingdiversity.es\/\"},{\"@type\":\"ListItem\",\"position\":2,\"name\":\"Events\",\"item\":\"https:\/\/lovingdiversity.es\/events\/\"},{\"@type\":\"ListItem\",\"position\":3,\"name\":\"TALLER DE PERFORMANCE\"}]},{\"@type\":\"WebSite\",\"@id\":\"https:\/\/lovingdiversity.es\/#website\",\"url\":\"https:\/\/lovingdiversity.es\/\",\"name\":\"Loving Diversity VLC\",\"description\":\"Agenda de Ocio LGTBI\",\"publisher\":{\"@id\":\"https:\/\/lovingdiversity.es\/#organization\"},\"potentialAction\":[{\"@type\":\"SearchAction\",\"target\":{\"@type\":\"EntryPoint\",\"urlTemplate\":\"https:\/\/lovingdiversity.es\/?s={search_term_string}\"},\"query-input\":{\"@type\":\"PropertyValueSpecification\",\"valueRequired\":true,\"valueName\":\"search_term_string\"}}],\"inLanguage\":\"es-VAL\"},{\"@type\":\"Organization\",\"@id\":\"https:\/\/lovingdiversity.es\/#organization\",\"name\":\"Loving Diversity VLC\",\"url\":\"https:\/\/lovingdiversity.es\/\",\"logo\":{\"@type\":\"ImageObject\",\"inLanguage\":\"es-VAL\",\"@id\":\"https:\/\/lovingdiversity.es\/#\/schema\/logo\/image\/\",\"url\":\"https:\/\/lovingdiversity.es\/wp-content\/uploads\/2024\/12\/logotipo_loving.png\",\"contentUrl\":\"https:\/\/lovingdiversity.es\/wp-content\/uploads\/2024\/12\/logotipo_loving.png\",\"width\":400,\"height\":112,\"caption\":\"Loving Diversity VLC\"},\"image\":{\"@id\":\"https:\/\/lovingdiversity.es\/#\/schema\/logo\/image\/\"},\"sameAs\":[\"https:\/\/www.facebook.com\/ComiteVLC\/\",\"https:\/\/www.instagram.com\/comitevlc\/\",\"https:\/\/www.tiktok.com\/@comitevlc\"]}]}<\/script>\n<!-- \/ Yoast SEO plugin. -->","yoast_head_json":{"title":"TALLER DE PERFORMANCE - Loving Diversity VLC","robots":{"index":"index","follow":"follow","max-snippet":"max-snippet:-1","max-image-preview":"max-image-preview:large","max-video-preview":"max-video-preview:-1"},"canonical":"https:\/\/lovingdiversity.es\/val\/events\/taller-de-performance\/","og_locale":"es_ES","og_type":"article","og_title":"TALLER DE PERFORMANCE - Loving Diversity VLC","og_description":"\ud83d\udfe3 \ud835\udc13\ud835\udc00\ud835\udc0b\ud835\udc0b\ud835\udc04\ud835\udc11 \ud835\udc03\ud835\udc04 \ud835\udc0f\ud835\udc04\ud835\udc11\ud835\udc05\ud835\udc0e\ud835\udc11\ud835\udc0c\ud835\udc00\ud835\udc0d\ud835\udc02\ud835\udc04 \ud835\udc00 \ud835\udc0b\ud835\udc00\ud835\udc0b\ud835\udc04\ud835\udc0d\ud835\udc13\ud835\udc00 \ud83d\udd38 &#8216;Sobre lo insignificante&#8217; \u00e9s el t\u00edtol del taller que impartir\u00e0 el performer i poeta visual \ud835\udc01\ud835\udc1a\ud835\udc2b\ud835\udc2d\ud835\udc28\ud835\udc25\ud835\udc28\ud835\udc26\ud835\udc1e\u0301 \ud835\udc05\ud835\udc1e\ud835\udc2b\ud835\udc2b\ud835\udc1a\ud835\udc27\ud835\udc1d\ud835\udc28 (ferrandobartolome), un dels grans referents internacionals...","og_url":"https:\/\/lovingdiversity.es\/val\/events\/taller-de-performance\/","og_site_name":"Loving Diversity VLC","article_publisher":"https:\/\/www.facebook.com\/ComiteVLC\/","article_modified_time":"2025-05-08T10:11:02+00:00","og_image":[{"width":1400,"height":500,"url":"http:\/\/lovingdiversity.es\/wp-content\/uploads\/2025\/05\/Banner-Eventos-Web-2025-05-08T120815.619.png","type":"image\/png"}],"twitter_card":"summary_large_image","twitter_misc":{"Est. reading time":"1 minute"},"schema":{"@context":"https:\/\/schema.org","@graph":[{"@type":"WebPage","@id":"https:\/\/lovingdiversity.es\/events\/taller-de-performance\/","url":"https:\/\/lovingdiversity.es\/events\/taller-de-performance\/","name":"TALLER DE PERFORMANCE - Loving Diversity VLC","isPartOf":{"@id":"https:\/\/lovingdiversity.es\/#website"},"primaryImageOfPage":{"@id":"https:\/\/lovingdiversity.es\/events\/taller-de-performance\/#primaryimage"},"image":{"@id":"https:\/\/lovingdiversity.es\/events\/taller-de-performance\/#primaryimage"},"thumbnailUrl":"https:\/\/lovingdiversity.es\/wp-content\/uploads\/2025\/05\/Banner-Eventos-Web-2025-05-08T120815.619.png","datePublished":"2025-05-08T10:05:35+00:00","dateModified":"2025-05-08T10:11:02+00:00","breadcrumb":{"@id":"https:\/\/lovingdiversity.es\/events\/taller-de-performance\/#breadcrumb"},"inLanguage":"es-VAL","potentialAction":[{"@type":"ReadAction","target":["https:\/\/lovingdiversity.es\/events\/taller-de-performance\/"]}]},{"@type":"ImageObject","inLanguage":"es-VAL","@id":"https:\/\/lovingdiversity.es\/events\/taller-de-performance\/#primaryimage","url":"https:\/\/lovingdiversity.es\/wp-content\/uploads\/2025\/05\/Banner-Eventos-Web-2025-05-08T120815.619.png","contentUrl":"https:\/\/lovingdiversity.es\/wp-content\/uploads\/2025\/05\/Banner-Eventos-Web-2025-05-08T120815.619.png","width":1400,"height":500},{"@type":"BreadcrumbList","@id":"https:\/\/lovingdiversity.es\/events\/taller-de-performance\/#breadcrumb","itemListElement":[{"@type":"ListItem","position":1,"name":"Portada","item":"https:\/\/lovingdiversity.es\/"},{"@type":"ListItem","position":2,"name":"Events","item":"https:\/\/lovingdiversity.es\/events\/"},{"@type":"ListItem","position":3,"name":"TALLER DE PERFORMANCE"}]},{"@type":"WebSite","@id":"https:\/\/lovingdiversity.es\/#website","url":"https:\/\/lovingdiversity.es\/","name":"Loving Diversity VLC","description":"Agenda de Ocio LGTBI","publisher":{"@id":"https:\/\/lovingdiversity.es\/#organization"},"potentialAction":[{"@type":"SearchAction","target":{"@type":"EntryPoint","urlTemplate":"https:\/\/lovingdiversity.es\/?s={search_term_string}"},"query-input":{"@type":"PropertyValueSpecification","valueRequired":true,"valueName":"search_term_string"}}],"inLanguage":"es-VAL"},{"@type":"Organization","@id":"https:\/\/lovingdiversity.es\/#organization","name":"Loving Diversity VLC","url":"https:\/\/lovingdiversity.es\/","logo":{"@type":"ImageObject","inLanguage":"es-VAL","@id":"https:\/\/lovingdiversity.es\/#\/schema\/logo\/image\/","url":"https:\/\/lovingdiversity.es\/wp-content\/uploads\/2024\/12\/logotipo_loving.png","contentUrl":"https:\/\/lovingdiversity.es\/wp-content\/uploads\/2024\/12\/logotipo_loving.png","width":400,"height":112,"caption":"Loving Diversity VLC"},"image":{"@id":"https:\/\/lovingdiversity.es\/#\/schema\/logo\/image\/"},"sameAs":["https:\/\/www.facebook.com\/ComiteVLC\/","https:\/\/www.instagram.com\/comitevlc\/","https:\/\/www.tiktok.com\/@comitevlc"]}]}},"_links":{"self":[{"href":"https:\/\/lovingdiversity.es\/val\/wp-json\/wp\/v2\/ajde_events\/6023","targetHints":{"allow":["GET"]}}],"collection":[{"href":"https:\/\/lovingdiversity.es\/val\/wp-json\/wp\/v2\/ajde_events"}],"about":[{"href":"https:\/\/lovingdiversity.es\/val\/wp-json\/wp\/v2\/types\/ajde_events"}],"author":[{"embeddable":true,"href":"https:\/\/lovingdiversity.es\/val\/wp-json\/wp\/v2\/users\/1"}],"replies":[{"embeddable":true,"href":"https:\/\/lovingdiversity.es\/val\/wp-json\/wp\/v2\/comments?post=6023"}],"wp:featuredmedia":[{"embeddable":true,"href":"https:\/\/lovingdiversity.es\/val\/wp-json\/wp\/v2\/media\/6024"}],"wp:attachment":[{"href":"https:\/\/lovingdiversity.es\/val\/wp-json\/wp\/v2\/media?parent=6023"}],"wp:term":[{"taxonomy":"post_tag","embeddable":true,"href":"https:\/\/lovingdiversity.es\/val\/wp-json\/wp\/v2\/tags?post=6023"},{"taxonomy":"event_type","embeddable":true,"href":"https:\/\/lovingdiversity.es\/val\/wp-json\/wp\/v2\/event_type?post=6023"},{"taxonomy":"event_type_2","embeddable":true,"href":"https:\/\/lovingdiversity.es\/val\/wp-json\/wp\/v2\/event_type_2?post=6023"}],"curies":[{"name":"wp","href":"https:\/\/api.w.org\/{rel}","templated":true}]}}