{"id":6338,"date":"2025-07-08T08:07:09","date_gmt":"2025-07-08T08:07:09","guid":{"rendered":"https:\/\/lovingdiversity.es\/events\/tentacularis\/"},"modified":"2025-07-08T08:36:35","modified_gmt":"2025-07-08T08:36:35","slug":"tentacularis","status":"publish","type":"ajde_events","link":"https:\/\/lovingdiversity.es\/val\/events\/tentacularis\/","title":{"rendered":"TENTACULARIS"},"content":{"rendered":"<p>\ud83e\udd91\ud83e\udea2TENTACULARIS\ud83e\udea2\ud83e\udd91<br \/>\nCSOA L\u2019Horta organitza una jornada d\u2019expressions h\u00edbrides on, des dels tentacles de les corporalitats, es connecten el soroll, els gibrells i l\u2019afecte dissident.<br \/>\n\u2014\u2014\u2014\u2014\u2014\u2014\u2014\u2014\u2014\u2014\u2014\u2014\u2014\u2014\u2014<br \/>\n\ud83d\udccdCSOA L\u2019HORTA<br \/>\n(F\u00ed del c\/ Di\u00f2genes L\u00f3pez Mech\u00f3, junt a la pla\u00e7a de Tretze Roses, 46020 -Benimaclet.) \u26a0\ufe0fEspai poc accessible.\u26a0\ufe0f<br \/>\n\ud83d\uddd3\ufe0f 12\/07\/2025<br \/>\n\ud83c\udf9f\ufe0f \ud83e\udde2 Destinaci\u00f3 econ\u00f2mica: GENDER REVEAL PARTY<\/p>\n<p>\ud83d\uddd3\ufe0f Programaci\u00f3:<\/p>\n<p>\u202217:30 \u2013 Concert:<br \/>\n\ud83d\udd25 SOM \ud83d\udd25<br \/>\nBarreja ac\u00fastica i po\u00e8tica.<br \/>\n\u2014\u2014\u2014\u2014\u2014\u2014\u2014\u2014\u2014\u2014\u2014\u2014\u2014\u2014\u2014<br \/>\n\u202218:00 \u2013 Performance:<br \/>\n\u2699\ufe0f\u26d3\ufe0fMATERIAL DE CONSTRUCCI\u00d3N\u26d3\ufe0f\u2699\ufe0f \u2013 Raskin + Lebizarre<br \/>\nEspasmes transexuals i poesia el\u00e8ctrica.<br \/>\n\u2014\u2014\u2014\u2014\u2014\u2014\u2014\u2014\u2014\u2014\u2014\u2014\u2014\u2014\u2014<br \/>\n\u202218:30 \u2013 Performance:<br \/>\n\ud83d\udca6 PAPIEL POROSO \ud83d\udca6 \u2013 Cata<br \/>\nOn comencen i acaben les identitats?<br \/>\n\u2014\u2014\u2014\u2014\u2014\u2014\u2014\u2014\u2014\u2014\u2014\u2014\u2014\u2014\u2014<br \/>\n\u202219:00 \u2013 Taller:<br \/>\n\ud83d\udde3\ufe0f PRIVILEGI ECON\u00d2MIC \ud83d\udde3\ufe0f<br \/>\n-Dinamitzat per A ca(m)bio de Nada.<br \/>\nInvitaci\u00f3 a reflexionar sobre la redistribuci\u00f3 dels diners i el privilegi econ\u00f2mic d\u2019arrel estructural.<br \/>\n\u2014\u2014\u2014\u2014\u2014\u2014\u2014\u2014\u2014\u2014\u2014\u2014\u2014\u2014\u2014<br \/>\n\u202219:30 \u2013 Obra de teatre:<br \/>\n\ud83d\udc68\ud83c\udffb\u200d\ud83c\udf7cGENDER REVEAL PARTY\ud83d\udc68\ud83c\udffb\u200d\ud83c\udf7c<br \/>\nVides trans, drets i resist\u00e8ncies.<br \/>\n\u2014\u2014\u2014\u2014\u2014\u2014\u2014\u2014\u2014\u2014\u2014\u2014\u2014\u2014\u2014<br \/>\n\u202221:00 \u2013 \ud83c\udf31SOPAR VEG\u00c0\ud83c\udf31-<br \/>\n\u2014\u2014\u2014\u2014\u2014\u2014\u2014\u2014\u2014\u2014\u2014\u2014\u2014\u2014\u2014<br \/>\n\u202221:30 \u2013 Show Drag:<br \/>\n\ud83d\udc85\ud83c\udffdOFELIA I LES D\u00cdNAMO\ud83d\udc85\ud83c\udffd<br \/>\nDe\u00a0Mamma\u00a0Mia\u00a0podrien ser els pares d&#8217;Amanda\u00a0Seyfried, per\u00f2 amb perruques i ratlles fins al capdamunt postbin\u00e0ria.<\/p>\n<p>&nbsp;<\/p>","protected":false},"author":1,"featured_media":6339,"menu_order":0,"comment_status":"open","ping_status":"closed","template":"","meta":[],"tags":[],"event_type":[45],"event_type_2":[],"class_list":{"0":"post-6338","1":"ajde_events","2":"type-ajde_events","3":"status-publish","4":"has-post-thumbnail","6":"event_location-csoa-lhorta","7":"event_organizer-csoa-lhorta","8":"event_type-reivindicaciones"},"yoast_head":"<!-- This site is optimized with the Yoast SEO plugin v26.8 - https:\/\/yoast.com\/product\/yoast-seo-wordpress\/ -->\n<title>TENTACULARIS - Loving Diversity VLC<\/title>\n<meta name=\"robots\" content=\"index, follow, max-snippet:-1, max-image-preview:large, max-video-preview:-1\" \/>\n<link rel=\"canonical\" href=\"https:\/\/lovingdiversity.es\/val\/events\/tentacularis\/\" \/>\n<meta property=\"og:locale\" content=\"es_ES\" \/>\n<meta property=\"og:type\" content=\"article\" \/>\n<meta property=\"og:title\" content=\"TENTACULARIS - Loving Diversity VLC\" \/>\n<meta property=\"og:description\" content=\"\ud83e\udd91\ud83e\udea2TENTACULARIS\ud83e\udea2\ud83e\udd91 CSOA L\u2019Horta organitza una jornada d\u2019expressions h\u00edbrides on, des dels tentacles de les corporalitats, es connecten el soroll, els gibrells i l\u2019afecte dissident. \u2014\u2014\u2014\u2014\u2014\u2014\u2014\u2014\u2014\u2014\u2014\u2014\u2014\u2014\u2014 \ud83d\udccdCSOA L\u2019HORTA (F\u00ed del c\/...\" \/>\n<meta property=\"og:url\" content=\"https:\/\/lovingdiversity.es\/val\/events\/tentacularis\/\" \/>\n<meta property=\"og:site_name\" content=\"Loving Diversity VLC\" \/>\n<meta property=\"article:publisher\" content=\"https:\/\/www.facebook.com\/ComiteVLC\/\" \/>\n<meta property=\"article:modified_time\" content=\"2025-07-08T08:36:35+00:00\" \/>\n<meta property=\"og:image\" content=\"http:\/\/lovingdiversity.es\/wp-content\/uploads\/2025\/07\/12JUL-TENTACULARIS-.png\" \/>\n\t<meta property=\"og:image:width\" content=\"1400\" \/>\n\t<meta property=\"og:image:height\" content=\"500\" \/>\n\t<meta property=\"og:image:type\" content=\"image\/png\" \/>\n<meta name=\"twitter:card\" content=\"summary_large_image\" \/>\n<meta name=\"twitter:label1\" content=\"Est. reading time\" \/>\n\t<meta name=\"twitter:data1\" content=\"1 minute\" \/>\n<script type=\"application\/ld+json\" class=\"yoast-schema-graph\">{\"@context\":\"https:\/\/schema.org\",\"@graph\":[{\"@type\":\"WebPage\",\"@id\":\"https:\/\/lovingdiversity.es\/events\/tentacularis\/\",\"url\":\"https:\/\/lovingdiversity.es\/events\/tentacularis\/\",\"name\":\"TENTACULARIS - Loving Diversity VLC\",\"isPartOf\":{\"@id\":\"https:\/\/lovingdiversity.es\/#website\"},\"primaryImageOfPage\":{\"@id\":\"https:\/\/lovingdiversity.es\/events\/tentacularis\/#primaryimage\"},\"image\":{\"@id\":\"https:\/\/lovingdiversity.es\/events\/tentacularis\/#primaryimage\"},\"thumbnailUrl\":\"https:\/\/lovingdiversity.es\/wp-content\/uploads\/2025\/07\/12JUL-TENTACULARIS-.png\",\"datePublished\":\"2025-07-08T08:07:09+00:00\",\"dateModified\":\"2025-07-08T08:36:35+00:00\",\"breadcrumb\":{\"@id\":\"https:\/\/lovingdiversity.es\/events\/tentacularis\/#breadcrumb\"},\"inLanguage\":\"es-VAL\",\"potentialAction\":[{\"@type\":\"ReadAction\",\"target\":[\"https:\/\/lovingdiversity.es\/events\/tentacularis\/\"]}]},{\"@type\":\"ImageObject\",\"inLanguage\":\"es-VAL\",\"@id\":\"https:\/\/lovingdiversity.es\/events\/tentacularis\/#primaryimage\",\"url\":\"https:\/\/lovingdiversity.es\/wp-content\/uploads\/2025\/07\/12JUL-TENTACULARIS-.png\",\"contentUrl\":\"https:\/\/lovingdiversity.es\/wp-content\/uploads\/2025\/07\/12JUL-TENTACULARIS-.png\",\"width\":1400,\"height\":500},{\"@type\":\"BreadcrumbList\",\"@id\":\"https:\/\/lovingdiversity.es\/events\/tentacularis\/#breadcrumb\",\"itemListElement\":[{\"@type\":\"ListItem\",\"position\":1,\"name\":\"Portada\",\"item\":\"https:\/\/lovingdiversity.es\/\"},{\"@type\":\"ListItem\",\"position\":2,\"name\":\"Events\",\"item\":\"https:\/\/lovingdiversity.es\/events\/\"},{\"@type\":\"ListItem\",\"position\":3,\"name\":\"TENTACULARIS\"}]},{\"@type\":\"WebSite\",\"@id\":\"https:\/\/lovingdiversity.es\/#website\",\"url\":\"https:\/\/lovingdiversity.es\/\",\"name\":\"Loving Diversity VLC\",\"description\":\"Agenda de Ocio LGTBI\",\"publisher\":{\"@id\":\"https:\/\/lovingdiversity.es\/#organization\"},\"potentialAction\":[{\"@type\":\"SearchAction\",\"target\":{\"@type\":\"EntryPoint\",\"urlTemplate\":\"https:\/\/lovingdiversity.es\/?s={search_term_string}\"},\"query-input\":{\"@type\":\"PropertyValueSpecification\",\"valueRequired\":true,\"valueName\":\"search_term_string\"}}],\"inLanguage\":\"es-VAL\"},{\"@type\":\"Organization\",\"@id\":\"https:\/\/lovingdiversity.es\/#organization\",\"name\":\"Loving Diversity VLC\",\"url\":\"https:\/\/lovingdiversity.es\/\",\"logo\":{\"@type\":\"ImageObject\",\"inLanguage\":\"es-VAL\",\"@id\":\"https:\/\/lovingdiversity.es\/#\/schema\/logo\/image\/\",\"url\":\"https:\/\/lovingdiversity.es\/wp-content\/uploads\/2024\/12\/logotipo_loving.png\",\"contentUrl\":\"https:\/\/lovingdiversity.es\/wp-content\/uploads\/2024\/12\/logotipo_loving.png\",\"width\":400,\"height\":112,\"caption\":\"Loving Diversity VLC\"},\"image\":{\"@id\":\"https:\/\/lovingdiversity.es\/#\/schema\/logo\/image\/\"},\"sameAs\":[\"https:\/\/www.facebook.com\/ComiteVLC\/\",\"https:\/\/www.instagram.com\/comitevlc\/\",\"https:\/\/www.tiktok.com\/@comitevlc\"]}]}<\/script>\n<!-- \/ Yoast SEO plugin. -->","yoast_head_json":{"title":"TENTACULARIS - Loving Diversity VLC","robots":{"index":"index","follow":"follow","max-snippet":"max-snippet:-1","max-image-preview":"max-image-preview:large","max-video-preview":"max-video-preview:-1"},"canonical":"https:\/\/lovingdiversity.es\/val\/events\/tentacularis\/","og_locale":"es_ES","og_type":"article","og_title":"TENTACULARIS - Loving Diversity VLC","og_description":"\ud83e\udd91\ud83e\udea2TENTACULARIS\ud83e\udea2\ud83e\udd91 CSOA L\u2019Horta organitza una jornada d\u2019expressions h\u00edbrides on, des dels tentacles de les corporalitats, es connecten el soroll, els gibrells i l\u2019afecte dissident. \u2014\u2014\u2014\u2014\u2014\u2014\u2014\u2014\u2014\u2014\u2014\u2014\u2014\u2014\u2014 \ud83d\udccdCSOA L\u2019HORTA (F\u00ed del c\/...","og_url":"https:\/\/lovingdiversity.es\/val\/events\/tentacularis\/","og_site_name":"Loving Diversity VLC","article_publisher":"https:\/\/www.facebook.com\/ComiteVLC\/","article_modified_time":"2025-07-08T08:36:35+00:00","og_image":[{"width":1400,"height":500,"url":"http:\/\/lovingdiversity.es\/wp-content\/uploads\/2025\/07\/12JUL-TENTACULARIS-.png","type":"image\/png"}],"twitter_card":"summary_large_image","twitter_misc":{"Est. reading time":"1 minute"},"schema":{"@context":"https:\/\/schema.org","@graph":[{"@type":"WebPage","@id":"https:\/\/lovingdiversity.es\/events\/tentacularis\/","url":"https:\/\/lovingdiversity.es\/events\/tentacularis\/","name":"TENTACULARIS - Loving Diversity VLC","isPartOf":{"@id":"https:\/\/lovingdiversity.es\/#website"},"primaryImageOfPage":{"@id":"https:\/\/lovingdiversity.es\/events\/tentacularis\/#primaryimage"},"image":{"@id":"https:\/\/lovingdiversity.es\/events\/tentacularis\/#primaryimage"},"thumbnailUrl":"https:\/\/lovingdiversity.es\/wp-content\/uploads\/2025\/07\/12JUL-TENTACULARIS-.png","datePublished":"2025-07-08T08:07:09+00:00","dateModified":"2025-07-08T08:36:35+00:00","breadcrumb":{"@id":"https:\/\/lovingdiversity.es\/events\/tentacularis\/#breadcrumb"},"inLanguage":"es-VAL","potentialAction":[{"@type":"ReadAction","target":["https:\/\/lovingdiversity.es\/events\/tentacularis\/"]}]},{"@type":"ImageObject","inLanguage":"es-VAL","@id":"https:\/\/lovingdiversity.es\/events\/tentacularis\/#primaryimage","url":"https:\/\/lovingdiversity.es\/wp-content\/uploads\/2025\/07\/12JUL-TENTACULARIS-.png","contentUrl":"https:\/\/lovingdiversity.es\/wp-content\/uploads\/2025\/07\/12JUL-TENTACULARIS-.png","width":1400,"height":500},{"@type":"BreadcrumbList","@id":"https:\/\/lovingdiversity.es\/events\/tentacularis\/#breadcrumb","itemListElement":[{"@type":"ListItem","position":1,"name":"Portada","item":"https:\/\/lovingdiversity.es\/"},{"@type":"ListItem","position":2,"name":"Events","item":"https:\/\/lovingdiversity.es\/events\/"},{"@type":"ListItem","position":3,"name":"TENTACULARIS"}]},{"@type":"WebSite","@id":"https:\/\/lovingdiversity.es\/#website","url":"https:\/\/lovingdiversity.es\/","name":"Loving Diversity VLC","description":"Agenda de Ocio LGTBI","publisher":{"@id":"https:\/\/lovingdiversity.es\/#organization"},"potentialAction":[{"@type":"SearchAction","target":{"@type":"EntryPoint","urlTemplate":"https:\/\/lovingdiversity.es\/?s={search_term_string}"},"query-input":{"@type":"PropertyValueSpecification","valueRequired":true,"valueName":"search_term_string"}}],"inLanguage":"es-VAL"},{"@type":"Organization","@id":"https:\/\/lovingdiversity.es\/#organization","name":"Loving Diversity VLC","url":"https:\/\/lovingdiversity.es\/","logo":{"@type":"ImageObject","inLanguage":"es-VAL","@id":"https:\/\/lovingdiversity.es\/#\/schema\/logo\/image\/","url":"https:\/\/lovingdiversity.es\/wp-content\/uploads\/2024\/12\/logotipo_loving.png","contentUrl":"https:\/\/lovingdiversity.es\/wp-content\/uploads\/2024\/12\/logotipo_loving.png","width":400,"height":112,"caption":"Loving Diversity VLC"},"image":{"@id":"https:\/\/lovingdiversity.es\/#\/schema\/logo\/image\/"},"sameAs":["https:\/\/www.facebook.com\/ComiteVLC\/","https:\/\/www.instagram.com\/comitevlc\/","https:\/\/www.tiktok.com\/@comitevlc"]}]}},"_links":{"self":[{"href":"https:\/\/lovingdiversity.es\/val\/wp-json\/wp\/v2\/ajde_events\/6338","targetHints":{"allow":["GET"]}}],"collection":[{"href":"https:\/\/lovingdiversity.es\/val\/wp-json\/wp\/v2\/ajde_events"}],"about":[{"href":"https:\/\/lovingdiversity.es\/val\/wp-json\/wp\/v2\/types\/ajde_events"}],"author":[{"embeddable":true,"href":"https:\/\/lovingdiversity.es\/val\/wp-json\/wp\/v2\/users\/1"}],"replies":[{"embeddable":true,"href":"https:\/\/lovingdiversity.es\/val\/wp-json\/wp\/v2\/comments?post=6338"}],"wp:featuredmedia":[{"embeddable":true,"href":"https:\/\/lovingdiversity.es\/val\/wp-json\/wp\/v2\/media\/6339"}],"wp:attachment":[{"href":"https:\/\/lovingdiversity.es\/val\/wp-json\/wp\/v2\/media?parent=6338"}],"wp:term":[{"taxonomy":"post_tag","embeddable":true,"href":"https:\/\/lovingdiversity.es\/val\/wp-json\/wp\/v2\/tags?post=6338"},{"taxonomy":"event_type","embeddable":true,"href":"https:\/\/lovingdiversity.es\/val\/wp-json\/wp\/v2\/event_type?post=6338"},{"taxonomy":"event_type_2","embeddable":true,"href":"https:\/\/lovingdiversity.es\/val\/wp-json\/wp\/v2\/event_type_2?post=6338"}],"curies":[{"name":"wp","href":"https:\/\/api.w.org\/{rel}","templated":true}]}}