{"id":6625,"date":"2025-09-30T09:38:44","date_gmt":"2025-09-30T09:38:44","guid":{"rendered":"https:\/\/lovingdiversity.es\/events\/antigues-i-modernes-amb-larmari-de-la-memoria\/"},"modified":"2025-09-30T10:09:39","modified_gmt":"2025-09-30T10:09:39","slug":"antigues-i-modernes-amb-larmari-de-la-memoria","status":"publish","type":"ajde_events","link":"https:\/\/lovingdiversity.es\/val\/events\/antigues-i-modernes-amb-larmari-de-la-memoria\/","title":{"rendered":"Antigues i modernes: Amor entre dones"},"content":{"rendered":"<p>\ud83d\udc49\ud83d\udc96 Des de L&#8217;Armari de la Mem\u00f2ria reprenen aquesta s\u00e8rie de converses on parlaran de diverses tem\u00e0tiques al voltant de les experi\u00e8ncies i hist\u00f2ries de les dissid\u00e8ncies sexogen\u00e8riques, amb lleguendes vives i figures de la m\u00e9s rabiosa actualitat.<\/p>\n<p>\ud83d\uddd3\u00a0<strong>4 d&#8217;octubre 19.30 h \/ Centre Cultural Nave 3 Ribes\u00a0<\/strong><\/p>\n<p style=\"padding-left: 40px;\"><span style=\"text-decoration: underline;\">ANTIGUES I MODERNES: AMOR ENTRE DONES\u00a0<\/span><\/p>\n<p>En esta ocasi\u00f3 parlarem sobre relacions entre dones, abordant q\u00fcestions com ara la invisibilitat dels nostres vincles i construccions identit\u00e0ries, l\u2019imaginari i estereotips sobre la sexualitat l\u00e8sbica, o la construcci\u00f3 de xarxes de suport i comunitats s\u00e0fiques al llarg de la hist\u00f2ria.<\/p>\n<p>Amb l\u2019humor de la divulgadora Celia Cabaleiro (<a class=\"x1i10hfl xjbqb8w x1ejq31n x18oe1m7 x1sy0etr xstzfhl x972fbf x10w94by x1qhh985 x14e42zd x9f619 x1ypdohk xt0psk2 x3ct3a4 xdj266r x14z9mp xat24cr x1lziwak xexx8yu xyri2b x18d9i69 x1c1uobl x16tdsg8 x1hl2dhg xggy1nq x1a2a7pz notranslate _a6hd\" tabindex=\"0\" role=\"link\" href=\"https:\/\/www.instagram.com\/horteraza\/?hl=es\">@horteraza<\/a>), les investigacions de la historiadora Mar\u00eda Ros\u00f3n (<a class=\"x1i10hfl xjbqb8w x1ejq31n x18oe1m7 x1sy0etr xstzfhl x972fbf x10w94by x1qhh985 x14e42zd x9f619 x1ypdohk xt0psk2 x3ct3a4 xdj266r x14z9mp xat24cr x1lziwak xexx8yu xyri2b x18d9i69 x1c1uobl x16tdsg8 x1hl2dhg xggy1nq x1a2a7pz notranslate _a6hd\" tabindex=\"0\" role=\"link\" href=\"https:\/\/www.instagram.com\/mariarosonvillena\/?hl=es\">@mariarosonvillena<\/a>) i les reflexions de Beatriz Gimeno (<a class=\"x1i10hfl xjbqb8w x1ejq31n x18oe1m7 x1sy0etr xstzfhl x972fbf x10w94by x1qhh985 x14e42zd x9f619 x1ypdohk xt0psk2 x3ct3a4 xdj266r x14z9mp xat24cr x1lziwak xexx8yu xyri2b x18d9i69 x1c1uobl x16tdsg8 x1hl2dhg xggy1nq x1a2a7pz notranslate _a6hd\" tabindex=\"0\" role=\"link\" href=\"https:\/\/www.instagram.com\/gimeno_beatriz\/?hl=es\">@gimeno_beatriz<\/a>), escriptora i activista feminista i LGTBIQ+, tra\u00e7arem genealogies, reivindicarem referents i reflexionarem al voltant de les identitats de les dones lesbianes i bisexuals. Modera: la Bella Vampi (<a class=\"x1i10hfl xjbqb8w x1ejq31n x18oe1m7 x1sy0etr xstzfhl x972fbf x10w94by x1qhh985 x14e42zd x9f619 x1ypdohk xt0psk2 x3ct3a4 xdj266r x14z9mp xat24cr x1lziwak xexx8yu xyri2b x18d9i69 x1c1uobl x16tdsg8 x1hl2dhg xggy1nq x1a2a7pz notranslate _a6hd\" tabindex=\"0\" role=\"link\" href=\"https:\/\/www.instagram.com\/vampilabella\/?hl=es\">@vampilabella<\/a>)<\/p>\n<p>\ud83d\uddd3\u00a0<strong>15 de novembre 19.30 h \/ Centre Cultural Nave 3 Ribes\u00a0<\/strong><\/p>\n<p style=\"padding-left: 40px;\"><span style=\"text-decoration: underline;\">PROGRAMA PR\u00d2XIMAMENT<\/span><\/p>\n<p>Guarda&#8217;t estes dos dates en les quals reflexionarem sobre la hist\u00f2ria LGTBIQ+ i celebrarem de nou la nostra diversitat<\/p>","protected":false},"author":1,"featured_media":6626,"menu_order":0,"comment_status":"open","ping_status":"closed","template":"","meta":[],"tags":[],"event_type":[45],"event_type_2":[],"class_list":{"0":"post-6625","1":"ajde_events","2":"type-ajde_events","3":"status-publish","4":"has-post-thumbnail","6":"event_location-centro-cultural-nave-3-ribes","7":"event_organizer-larmari-de-la-memoria","8":"event_type-reivindicaciones"},"yoast_head":"<!-- This site is optimized with the Yoast SEO plugin v26.8 - https:\/\/yoast.com\/product\/yoast-seo-wordpress\/ -->\n<title>Antigues i modernes: Amor entre dones - Loving Diversity VLC<\/title>\n<meta name=\"robots\" content=\"index, follow, max-snippet:-1, max-image-preview:large, max-video-preview:-1\" \/>\n<link rel=\"canonical\" href=\"https:\/\/lovingdiversity.es\/val\/events\/antigues-i-modernes-amb-larmari-de-la-memoria\/\" \/>\n<meta property=\"og:locale\" content=\"es_ES\" \/>\n<meta property=\"og:type\" content=\"article\" \/>\n<meta property=\"og:title\" content=\"Antigues i modernes: Amor entre dones - Loving Diversity VLC\" \/>\n<meta property=\"og:description\" content=\"\ud83d\udc49\ud83d\udc96 Des de L&#8217;Armari de la Mem\u00f2ria reprenen aquesta s\u00e8rie de converses on parlaran de diverses tem\u00e0tiques al voltant de les experi\u00e8ncies i hist\u00f2ries de les dissid\u00e8ncies sexogen\u00e8riques, amb lleguendes...\" \/>\n<meta property=\"og:url\" content=\"https:\/\/lovingdiversity.es\/val\/events\/antigues-i-modernes-amb-larmari-de-la-memoria\/\" \/>\n<meta property=\"og:site_name\" content=\"Loving Diversity VLC\" \/>\n<meta property=\"article:publisher\" content=\"https:\/\/www.facebook.com\/ComiteVLC\/\" \/>\n<meta property=\"article:modified_time\" content=\"2025-09-30T10:09:39+00:00\" \/>\n<meta property=\"og:image\" content=\"http:\/\/lovingdiversity.es\/wp-content\/uploads\/2025\/09\/4oct-antiguas-y-modernas.png\" \/>\n\t<meta property=\"og:image:width\" content=\"1400\" \/>\n\t<meta property=\"og:image:height\" content=\"500\" \/>\n\t<meta property=\"og:image:type\" content=\"image\/png\" \/>\n<meta name=\"twitter:card\" content=\"summary_large_image\" \/>\n<meta name=\"twitter:label1\" content=\"Est. reading time\" \/>\n\t<meta name=\"twitter:data1\" content=\"2 minutes\" \/>\n<script type=\"application\/ld+json\" class=\"yoast-schema-graph\">{\"@context\":\"https:\/\/schema.org\",\"@graph\":[{\"@type\":\"WebPage\",\"@id\":\"https:\/\/lovingdiversity.es\/events\/antigues-i-modernes-amb-larmari-de-la-memoria\/\",\"url\":\"https:\/\/lovingdiversity.es\/events\/antigues-i-modernes-amb-larmari-de-la-memoria\/\",\"name\":\"Antigues i modernes: Amor entre dones - Loving Diversity VLC\",\"isPartOf\":{\"@id\":\"https:\/\/lovingdiversity.es\/#website\"},\"primaryImageOfPage\":{\"@id\":\"https:\/\/lovingdiversity.es\/events\/antigues-i-modernes-amb-larmari-de-la-memoria\/#primaryimage\"},\"image\":{\"@id\":\"https:\/\/lovingdiversity.es\/events\/antigues-i-modernes-amb-larmari-de-la-memoria\/#primaryimage\"},\"thumbnailUrl\":\"https:\/\/lovingdiversity.es\/wp-content\/uploads\/2025\/09\/4oct-antiguas-y-modernas.png\",\"datePublished\":\"2025-09-30T09:38:44+00:00\",\"dateModified\":\"2025-09-30T10:09:39+00:00\",\"breadcrumb\":{\"@id\":\"https:\/\/lovingdiversity.es\/events\/antigues-i-modernes-amb-larmari-de-la-memoria\/#breadcrumb\"},\"inLanguage\":\"es-VAL\",\"potentialAction\":[{\"@type\":\"ReadAction\",\"target\":[\"https:\/\/lovingdiversity.es\/events\/antigues-i-modernes-amb-larmari-de-la-memoria\/\"]}]},{\"@type\":\"ImageObject\",\"inLanguage\":\"es-VAL\",\"@id\":\"https:\/\/lovingdiversity.es\/events\/antigues-i-modernes-amb-larmari-de-la-memoria\/#primaryimage\",\"url\":\"https:\/\/lovingdiversity.es\/wp-content\/uploads\/2025\/09\/4oct-antiguas-y-modernas.png\",\"contentUrl\":\"https:\/\/lovingdiversity.es\/wp-content\/uploads\/2025\/09\/4oct-antiguas-y-modernas.png\",\"width\":1400,\"height\":500},{\"@type\":\"BreadcrumbList\",\"@id\":\"https:\/\/lovingdiversity.es\/events\/antigues-i-modernes-amb-larmari-de-la-memoria\/#breadcrumb\",\"itemListElement\":[{\"@type\":\"ListItem\",\"position\":1,\"name\":\"Portada\",\"item\":\"https:\/\/lovingdiversity.es\/\"},{\"@type\":\"ListItem\",\"position\":2,\"name\":\"Events\",\"item\":\"https:\/\/lovingdiversity.es\/events\/\"},{\"@type\":\"ListItem\",\"position\":3,\"name\":\"Antigues i modernes: Amor entre dones\"}]},{\"@type\":\"WebSite\",\"@id\":\"https:\/\/lovingdiversity.es\/#website\",\"url\":\"https:\/\/lovingdiversity.es\/\",\"name\":\"Loving Diversity VLC\",\"description\":\"Agenda de Ocio LGTBI\",\"publisher\":{\"@id\":\"https:\/\/lovingdiversity.es\/#organization\"},\"potentialAction\":[{\"@type\":\"SearchAction\",\"target\":{\"@type\":\"EntryPoint\",\"urlTemplate\":\"https:\/\/lovingdiversity.es\/?s={search_term_string}\"},\"query-input\":{\"@type\":\"PropertyValueSpecification\",\"valueRequired\":true,\"valueName\":\"search_term_string\"}}],\"inLanguage\":\"es-VAL\"},{\"@type\":\"Organization\",\"@id\":\"https:\/\/lovingdiversity.es\/#organization\",\"name\":\"Loving Diversity VLC\",\"url\":\"https:\/\/lovingdiversity.es\/\",\"logo\":{\"@type\":\"ImageObject\",\"inLanguage\":\"es-VAL\",\"@id\":\"https:\/\/lovingdiversity.es\/#\/schema\/logo\/image\/\",\"url\":\"https:\/\/lovingdiversity.es\/wp-content\/uploads\/2024\/12\/logotipo_loving.png\",\"contentUrl\":\"https:\/\/lovingdiversity.es\/wp-content\/uploads\/2024\/12\/logotipo_loving.png\",\"width\":400,\"height\":112,\"caption\":\"Loving Diversity VLC\"},\"image\":{\"@id\":\"https:\/\/lovingdiversity.es\/#\/schema\/logo\/image\/\"},\"sameAs\":[\"https:\/\/www.facebook.com\/ComiteVLC\/\",\"https:\/\/www.instagram.com\/comitevlc\/\",\"https:\/\/www.tiktok.com\/@comitevlc\"]}]}<\/script>\n<!-- \/ Yoast SEO plugin. -->","yoast_head_json":{"title":"Antigues i modernes: Amor entre dones - Loving Diversity VLC","robots":{"index":"index","follow":"follow","max-snippet":"max-snippet:-1","max-image-preview":"max-image-preview:large","max-video-preview":"max-video-preview:-1"},"canonical":"https:\/\/lovingdiversity.es\/val\/events\/antigues-i-modernes-amb-larmari-de-la-memoria\/","og_locale":"es_ES","og_type":"article","og_title":"Antigues i modernes: Amor entre dones - Loving Diversity VLC","og_description":"\ud83d\udc49\ud83d\udc96 Des de L&#8217;Armari de la Mem\u00f2ria reprenen aquesta s\u00e8rie de converses on parlaran de diverses tem\u00e0tiques al voltant de les experi\u00e8ncies i hist\u00f2ries de les dissid\u00e8ncies sexogen\u00e8riques, amb lleguendes...","og_url":"https:\/\/lovingdiversity.es\/val\/events\/antigues-i-modernes-amb-larmari-de-la-memoria\/","og_site_name":"Loving Diversity VLC","article_publisher":"https:\/\/www.facebook.com\/ComiteVLC\/","article_modified_time":"2025-09-30T10:09:39+00:00","og_image":[{"width":1400,"height":500,"url":"http:\/\/lovingdiversity.es\/wp-content\/uploads\/2025\/09\/4oct-antiguas-y-modernas.png","type":"image\/png"}],"twitter_card":"summary_large_image","twitter_misc":{"Est. reading time":"2 minutes"},"schema":{"@context":"https:\/\/schema.org","@graph":[{"@type":"WebPage","@id":"https:\/\/lovingdiversity.es\/events\/antigues-i-modernes-amb-larmari-de-la-memoria\/","url":"https:\/\/lovingdiversity.es\/events\/antigues-i-modernes-amb-larmari-de-la-memoria\/","name":"Antigues i modernes: Amor entre dones - Loving Diversity VLC","isPartOf":{"@id":"https:\/\/lovingdiversity.es\/#website"},"primaryImageOfPage":{"@id":"https:\/\/lovingdiversity.es\/events\/antigues-i-modernes-amb-larmari-de-la-memoria\/#primaryimage"},"image":{"@id":"https:\/\/lovingdiversity.es\/events\/antigues-i-modernes-amb-larmari-de-la-memoria\/#primaryimage"},"thumbnailUrl":"https:\/\/lovingdiversity.es\/wp-content\/uploads\/2025\/09\/4oct-antiguas-y-modernas.png","datePublished":"2025-09-30T09:38:44+00:00","dateModified":"2025-09-30T10:09:39+00:00","breadcrumb":{"@id":"https:\/\/lovingdiversity.es\/events\/antigues-i-modernes-amb-larmari-de-la-memoria\/#breadcrumb"},"inLanguage":"es-VAL","potentialAction":[{"@type":"ReadAction","target":["https:\/\/lovingdiversity.es\/events\/antigues-i-modernes-amb-larmari-de-la-memoria\/"]}]},{"@type":"ImageObject","inLanguage":"es-VAL","@id":"https:\/\/lovingdiversity.es\/events\/antigues-i-modernes-amb-larmari-de-la-memoria\/#primaryimage","url":"https:\/\/lovingdiversity.es\/wp-content\/uploads\/2025\/09\/4oct-antiguas-y-modernas.png","contentUrl":"https:\/\/lovingdiversity.es\/wp-content\/uploads\/2025\/09\/4oct-antiguas-y-modernas.png","width":1400,"height":500},{"@type":"BreadcrumbList","@id":"https:\/\/lovingdiversity.es\/events\/antigues-i-modernes-amb-larmari-de-la-memoria\/#breadcrumb","itemListElement":[{"@type":"ListItem","position":1,"name":"Portada","item":"https:\/\/lovingdiversity.es\/"},{"@type":"ListItem","position":2,"name":"Events","item":"https:\/\/lovingdiversity.es\/events\/"},{"@type":"ListItem","position":3,"name":"Antigues i modernes: Amor entre dones"}]},{"@type":"WebSite","@id":"https:\/\/lovingdiversity.es\/#website","url":"https:\/\/lovingdiversity.es\/","name":"Loving Diversity VLC","description":"Agenda de Ocio LGTBI","publisher":{"@id":"https:\/\/lovingdiversity.es\/#organization"},"potentialAction":[{"@type":"SearchAction","target":{"@type":"EntryPoint","urlTemplate":"https:\/\/lovingdiversity.es\/?s={search_term_string}"},"query-input":{"@type":"PropertyValueSpecification","valueRequired":true,"valueName":"search_term_string"}}],"inLanguage":"es-VAL"},{"@type":"Organization","@id":"https:\/\/lovingdiversity.es\/#organization","name":"Loving Diversity VLC","url":"https:\/\/lovingdiversity.es\/","logo":{"@type":"ImageObject","inLanguage":"es-VAL","@id":"https:\/\/lovingdiversity.es\/#\/schema\/logo\/image\/","url":"https:\/\/lovingdiversity.es\/wp-content\/uploads\/2024\/12\/logotipo_loving.png","contentUrl":"https:\/\/lovingdiversity.es\/wp-content\/uploads\/2024\/12\/logotipo_loving.png","width":400,"height":112,"caption":"Loving Diversity VLC"},"image":{"@id":"https:\/\/lovingdiversity.es\/#\/schema\/logo\/image\/"},"sameAs":["https:\/\/www.facebook.com\/ComiteVLC\/","https:\/\/www.instagram.com\/comitevlc\/","https:\/\/www.tiktok.com\/@comitevlc"]}]}},"_links":{"self":[{"href":"https:\/\/lovingdiversity.es\/val\/wp-json\/wp\/v2\/ajde_events\/6625","targetHints":{"allow":["GET"]}}],"collection":[{"href":"https:\/\/lovingdiversity.es\/val\/wp-json\/wp\/v2\/ajde_events"}],"about":[{"href":"https:\/\/lovingdiversity.es\/val\/wp-json\/wp\/v2\/types\/ajde_events"}],"author":[{"embeddable":true,"href":"https:\/\/lovingdiversity.es\/val\/wp-json\/wp\/v2\/users\/1"}],"replies":[{"embeddable":true,"href":"https:\/\/lovingdiversity.es\/val\/wp-json\/wp\/v2\/comments?post=6625"}],"wp:featuredmedia":[{"embeddable":true,"href":"https:\/\/lovingdiversity.es\/val\/wp-json\/wp\/v2\/media\/6626"}],"wp:attachment":[{"href":"https:\/\/lovingdiversity.es\/val\/wp-json\/wp\/v2\/media?parent=6625"}],"wp:term":[{"taxonomy":"post_tag","embeddable":true,"href":"https:\/\/lovingdiversity.es\/val\/wp-json\/wp\/v2\/tags?post=6625"},{"taxonomy":"event_type","embeddable":true,"href":"https:\/\/lovingdiversity.es\/val\/wp-json\/wp\/v2\/event_type?post=6625"},{"taxonomy":"event_type_2","embeddable":true,"href":"https:\/\/lovingdiversity.es\/val\/wp-json\/wp\/v2\/event_type_2?post=6625"}],"curies":[{"name":"wp","href":"https:\/\/api.w.org\/{rel}","templated":true}]}}