{"id":6690,"date":"2025-10-16T07:38:54","date_gmt":"2025-10-16T07:38:54","guid":{"rendered":"https:\/\/lovingdiversity.es\/?post_type=ajde_events&#038;p=6690"},"modified":"2025-10-16T07:38:54","modified_gmt":"2025-10-16T07:38:54","slug":"ciclo-de-conferencias-experiencias-del-sexo-y-del-cuerpo-en-los-margenes","status":"publish","type":"ajde_events","link":"https:\/\/lovingdiversity.es\/val\/events\/ciclo-de-conferencias-experiencias-del-sexo-y-del-cuerpo-en-los-margenes\/","title":{"rendered":"Ciclo de conferencias: \u00abExperiencias del sexo y del cuerpo en los m\u00e1rgenes\u00bb"},"content":{"rendered":"<p>Continuamos con el ciclo de conferencias de Burjassot 2025. Este a\u00f1o la historia moderna sigue experiencias que han sufrido el estigma, la prohibici\u00f3n y la violencia, a causa de su expresi\u00f3n libre.<\/p>\n<p data-start=\"232\" data-end=\"314\">El pr\u00f3ximo <strong data-start=\"243\" data-end=\"274\">22 de octubre a las 18:30 h<\/strong>\u00a0una doble cita:<\/p>\n<ul data-start=\"316\" data-end=\"525\">\n<li data-start=\"316\" data-end=\"417\">\n<p data-start=\"318\" data-end=\"417\"><strong data-start=\"318\" data-end=\"334\">Performance:<\/strong> <em data-start=\"335\" data-end=\"383\">Apuntes pr\u00e1cticos para una investigaci\u00f3n Julay<\/em>, a cargo de <strong data-start=\"396\" data-end=\"414\">Anto Rodr\u00edguez<\/strong>.<\/p>\n<\/li>\n<li data-start=\"418\" data-end=\"525\">\n<p data-start=\"420\" data-end=\"525\"><strong data-start=\"420\" data-end=\"436\">Conferencia:<\/strong> <em data-start=\"437\" data-end=\"522\">La Margot i Juan Barba: El m\u00f3n travesti transformista a la Val\u00e8ncia de la transici\u00f3<\/em>.<\/p>\n<\/li>\n<\/ul>\n<p data-start=\"527\" data-end=\"643\">Una jornada para explorar las vivencias, representaciones y resistencias del cuerpo y el deseo desde los m\u00e1rgenes.<\/p>\n<p data-start=\"527\" data-end=\"643\">\ud83d\udccdAulario &#8211; 1.2, Facultat de Geografia i Hist\u00f2ria.Sala Joan<\/p>\n<p data-start=\"527\" data-end=\"643\">\ud83d\uddd3 22 de octubre<\/p>\n<p data-start=\"527\" data-end=\"643\">\ud83d\udd55 18.30 h<\/p>\n<p data-start=\"527\" data-end=\"643\">Organiza: Javier Fern\u00e1ndez Galeano, Josep San Ruperto Albert y Nuria Soriano Mu\u00f1oz. Departament d\u2019Hist\u00f2ria Moderna i Contempor\u00e0nia.<\/p>","protected":false},"author":1,"featured_media":6691,"menu_order":0,"comment_status":"open","ping_status":"closed","template":"","meta":[],"tags":[],"event_type":[45],"event_type_2":[],"class_list":{"0":"post-6690","1":"ajde_events","2":"type-ajde_events","3":"status-publish","4":"has-post-thumbnail","6":"event_location-salon-de-actos-joan-fuster-facultad-de-geografia-e-historia","7":"event_organizer-uv-universitat-de-valencia","8":"event_type-reivindicaciones"},"yoast_head":"<!-- This site is optimized with the Yoast SEO plugin v26.8 - https:\/\/yoast.com\/product\/yoast-seo-wordpress\/ -->\n<title>Ciclo de conferencias: &quot;Experiencias del sexo y del cuerpo en los m\u00e1rgenes&quot; - Loving Diversity VLC<\/title>\n<meta name=\"robots\" content=\"index, follow, max-snippet:-1, max-image-preview:large, max-video-preview:-1\" \/>\n<link rel=\"canonical\" href=\"https:\/\/lovingdiversity.es\/val\/events\/ciclo-de-conferencias-experiencias-del-sexo-y-del-cuerpo-en-los-margenes\/\" \/>\n<meta property=\"og:locale\" content=\"es_ES\" \/>\n<meta property=\"og:type\" content=\"article\" \/>\n<meta property=\"og:title\" content=\"Ciclo de conferencias: &quot;Experiencias del sexo y del cuerpo en los m\u00e1rgenes&quot; - Loving Diversity VLC\" \/>\n<meta property=\"og:description\" content=\"Continuamos con el ciclo de conferencias de Burjassot 2025. Este a\u00f1o la historia moderna sigue experiencias que han sufrido el estigma, la prohibici\u00f3n y la violencia, a causa de su...\" \/>\n<meta property=\"og:url\" content=\"https:\/\/lovingdiversity.es\/val\/events\/ciclo-de-conferencias-experiencias-del-sexo-y-del-cuerpo-en-los-margenes\/\" \/>\n<meta property=\"og:site_name\" content=\"Loving Diversity VLC\" \/>\n<meta property=\"article:publisher\" content=\"https:\/\/www.facebook.com\/ComiteVLC\/\" \/>\n<meta property=\"og:image\" content=\"http:\/\/lovingdiversity.es\/wp-content\/uploads\/2025\/10\/22OCT-ESCANDALO.png\" \/>\n\t<meta property=\"og:image:width\" content=\"1400\" \/>\n\t<meta property=\"og:image:height\" content=\"500\" \/>\n\t<meta property=\"og:image:type\" content=\"image\/png\" \/>\n<meta name=\"twitter:card\" content=\"summary_large_image\" \/>\n<meta name=\"twitter:label1\" content=\"Est. reading time\" \/>\n\t<meta name=\"twitter:data1\" content=\"1 minute\" \/>\n<script type=\"application\/ld+json\" class=\"yoast-schema-graph\">{\"@context\":\"https:\/\/schema.org\",\"@graph\":[{\"@type\":\"WebPage\",\"@id\":\"https:\/\/lovingdiversity.es\/events\/ciclo-de-conferencias-experiencias-del-sexo-y-del-cuerpo-en-los-margenes\/\",\"url\":\"https:\/\/lovingdiversity.es\/events\/ciclo-de-conferencias-experiencias-del-sexo-y-del-cuerpo-en-los-margenes\/\",\"name\":\"Ciclo de conferencias: \\\"Experiencias del sexo y del cuerpo en los m\u00e1rgenes\\\" - Loving Diversity VLC\",\"isPartOf\":{\"@id\":\"https:\/\/lovingdiversity.es\/#website\"},\"primaryImageOfPage\":{\"@id\":\"https:\/\/lovingdiversity.es\/events\/ciclo-de-conferencias-experiencias-del-sexo-y-del-cuerpo-en-los-margenes\/#primaryimage\"},\"image\":{\"@id\":\"https:\/\/lovingdiversity.es\/events\/ciclo-de-conferencias-experiencias-del-sexo-y-del-cuerpo-en-los-margenes\/#primaryimage\"},\"thumbnailUrl\":\"https:\/\/lovingdiversity.es\/wp-content\/uploads\/2025\/10\/22OCT-ESCANDALO.png\",\"datePublished\":\"2025-10-16T07:38:54+00:00\",\"breadcrumb\":{\"@id\":\"https:\/\/lovingdiversity.es\/events\/ciclo-de-conferencias-experiencias-del-sexo-y-del-cuerpo-en-los-margenes\/#breadcrumb\"},\"inLanguage\":\"es-VAL\",\"potentialAction\":[{\"@type\":\"ReadAction\",\"target\":[\"https:\/\/lovingdiversity.es\/events\/ciclo-de-conferencias-experiencias-del-sexo-y-del-cuerpo-en-los-margenes\/\"]}]},{\"@type\":\"ImageObject\",\"inLanguage\":\"es-VAL\",\"@id\":\"https:\/\/lovingdiversity.es\/events\/ciclo-de-conferencias-experiencias-del-sexo-y-del-cuerpo-en-los-margenes\/#primaryimage\",\"url\":\"https:\/\/lovingdiversity.es\/wp-content\/uploads\/2025\/10\/22OCT-ESCANDALO.png\",\"contentUrl\":\"https:\/\/lovingdiversity.es\/wp-content\/uploads\/2025\/10\/22OCT-ESCANDALO.png\",\"width\":1400,\"height\":500},{\"@type\":\"BreadcrumbList\",\"@id\":\"https:\/\/lovingdiversity.es\/events\/ciclo-de-conferencias-experiencias-del-sexo-y-del-cuerpo-en-los-margenes\/#breadcrumb\",\"itemListElement\":[{\"@type\":\"ListItem\",\"position\":1,\"name\":\"Portada\",\"item\":\"https:\/\/lovingdiversity.es\/\"},{\"@type\":\"ListItem\",\"position\":2,\"name\":\"Events\",\"item\":\"https:\/\/lovingdiversity.es\/events\/\"},{\"@type\":\"ListItem\",\"position\":3,\"name\":\"Ciclo de conferencias: \u00abExperiencias del sexo y del cuerpo en los m\u00e1rgenes\u00bb\"}]},{\"@type\":\"WebSite\",\"@id\":\"https:\/\/lovingdiversity.es\/#website\",\"url\":\"https:\/\/lovingdiversity.es\/\",\"name\":\"Loving Diversity VLC\",\"description\":\"Agenda de Ocio LGTBI\",\"publisher\":{\"@id\":\"https:\/\/lovingdiversity.es\/#organization\"},\"potentialAction\":[{\"@type\":\"SearchAction\",\"target\":{\"@type\":\"EntryPoint\",\"urlTemplate\":\"https:\/\/lovingdiversity.es\/?s={search_term_string}\"},\"query-input\":{\"@type\":\"PropertyValueSpecification\",\"valueRequired\":true,\"valueName\":\"search_term_string\"}}],\"inLanguage\":\"es-VAL\"},{\"@type\":\"Organization\",\"@id\":\"https:\/\/lovingdiversity.es\/#organization\",\"name\":\"Loving Diversity VLC\",\"url\":\"https:\/\/lovingdiversity.es\/\",\"logo\":{\"@type\":\"ImageObject\",\"inLanguage\":\"es-VAL\",\"@id\":\"https:\/\/lovingdiversity.es\/#\/schema\/logo\/image\/\",\"url\":\"https:\/\/lovingdiversity.es\/wp-content\/uploads\/2024\/12\/logotipo_loving.png\",\"contentUrl\":\"https:\/\/lovingdiversity.es\/wp-content\/uploads\/2024\/12\/logotipo_loving.png\",\"width\":400,\"height\":112,\"caption\":\"Loving Diversity VLC\"},\"image\":{\"@id\":\"https:\/\/lovingdiversity.es\/#\/schema\/logo\/image\/\"},\"sameAs\":[\"https:\/\/www.facebook.com\/ComiteVLC\/\",\"https:\/\/www.instagram.com\/comitevlc\/\",\"https:\/\/www.tiktok.com\/@comitevlc\"]}]}<\/script>\n<!-- \/ Yoast SEO plugin. -->","yoast_head_json":{"title":"Ciclo de conferencias: \"Experiencias del sexo y del cuerpo en los m\u00e1rgenes\" - Loving Diversity VLC","robots":{"index":"index","follow":"follow","max-snippet":"max-snippet:-1","max-image-preview":"max-image-preview:large","max-video-preview":"max-video-preview:-1"},"canonical":"https:\/\/lovingdiversity.es\/val\/events\/ciclo-de-conferencias-experiencias-del-sexo-y-del-cuerpo-en-los-margenes\/","og_locale":"es_ES","og_type":"article","og_title":"Ciclo de conferencias: \"Experiencias del sexo y del cuerpo en los m\u00e1rgenes\" - Loving Diversity VLC","og_description":"Continuamos con el ciclo de conferencias de Burjassot 2025. Este a\u00f1o la historia moderna sigue experiencias que han sufrido el estigma, la prohibici\u00f3n y la violencia, a causa de su...","og_url":"https:\/\/lovingdiversity.es\/val\/events\/ciclo-de-conferencias-experiencias-del-sexo-y-del-cuerpo-en-los-margenes\/","og_site_name":"Loving Diversity VLC","article_publisher":"https:\/\/www.facebook.com\/ComiteVLC\/","og_image":[{"width":1400,"height":500,"url":"http:\/\/lovingdiversity.es\/wp-content\/uploads\/2025\/10\/22OCT-ESCANDALO.png","type":"image\/png"}],"twitter_card":"summary_large_image","twitter_misc":{"Est. reading time":"1 minute"},"schema":{"@context":"https:\/\/schema.org","@graph":[{"@type":"WebPage","@id":"https:\/\/lovingdiversity.es\/events\/ciclo-de-conferencias-experiencias-del-sexo-y-del-cuerpo-en-los-margenes\/","url":"https:\/\/lovingdiversity.es\/events\/ciclo-de-conferencias-experiencias-del-sexo-y-del-cuerpo-en-los-margenes\/","name":"Ciclo de conferencias: \"Experiencias del sexo y del cuerpo en los m\u00e1rgenes\" - Loving Diversity VLC","isPartOf":{"@id":"https:\/\/lovingdiversity.es\/#website"},"primaryImageOfPage":{"@id":"https:\/\/lovingdiversity.es\/events\/ciclo-de-conferencias-experiencias-del-sexo-y-del-cuerpo-en-los-margenes\/#primaryimage"},"image":{"@id":"https:\/\/lovingdiversity.es\/events\/ciclo-de-conferencias-experiencias-del-sexo-y-del-cuerpo-en-los-margenes\/#primaryimage"},"thumbnailUrl":"https:\/\/lovingdiversity.es\/wp-content\/uploads\/2025\/10\/22OCT-ESCANDALO.png","datePublished":"2025-10-16T07:38:54+00:00","breadcrumb":{"@id":"https:\/\/lovingdiversity.es\/events\/ciclo-de-conferencias-experiencias-del-sexo-y-del-cuerpo-en-los-margenes\/#breadcrumb"},"inLanguage":"es-VAL","potentialAction":[{"@type":"ReadAction","target":["https:\/\/lovingdiversity.es\/events\/ciclo-de-conferencias-experiencias-del-sexo-y-del-cuerpo-en-los-margenes\/"]}]},{"@type":"ImageObject","inLanguage":"es-VAL","@id":"https:\/\/lovingdiversity.es\/events\/ciclo-de-conferencias-experiencias-del-sexo-y-del-cuerpo-en-los-margenes\/#primaryimage","url":"https:\/\/lovingdiversity.es\/wp-content\/uploads\/2025\/10\/22OCT-ESCANDALO.png","contentUrl":"https:\/\/lovingdiversity.es\/wp-content\/uploads\/2025\/10\/22OCT-ESCANDALO.png","width":1400,"height":500},{"@type":"BreadcrumbList","@id":"https:\/\/lovingdiversity.es\/events\/ciclo-de-conferencias-experiencias-del-sexo-y-del-cuerpo-en-los-margenes\/#breadcrumb","itemListElement":[{"@type":"ListItem","position":1,"name":"Portada","item":"https:\/\/lovingdiversity.es\/"},{"@type":"ListItem","position":2,"name":"Events","item":"https:\/\/lovingdiversity.es\/events\/"},{"@type":"ListItem","position":3,"name":"Ciclo de conferencias: \u00abExperiencias del sexo y del cuerpo en los m\u00e1rgenes\u00bb"}]},{"@type":"WebSite","@id":"https:\/\/lovingdiversity.es\/#website","url":"https:\/\/lovingdiversity.es\/","name":"Loving Diversity VLC","description":"Agenda de Ocio LGTBI","publisher":{"@id":"https:\/\/lovingdiversity.es\/#organization"},"potentialAction":[{"@type":"SearchAction","target":{"@type":"EntryPoint","urlTemplate":"https:\/\/lovingdiversity.es\/?s={search_term_string}"},"query-input":{"@type":"PropertyValueSpecification","valueRequired":true,"valueName":"search_term_string"}}],"inLanguage":"es-VAL"},{"@type":"Organization","@id":"https:\/\/lovingdiversity.es\/#organization","name":"Loving Diversity VLC","url":"https:\/\/lovingdiversity.es\/","logo":{"@type":"ImageObject","inLanguage":"es-VAL","@id":"https:\/\/lovingdiversity.es\/#\/schema\/logo\/image\/","url":"https:\/\/lovingdiversity.es\/wp-content\/uploads\/2024\/12\/logotipo_loving.png","contentUrl":"https:\/\/lovingdiversity.es\/wp-content\/uploads\/2024\/12\/logotipo_loving.png","width":400,"height":112,"caption":"Loving Diversity VLC"},"image":{"@id":"https:\/\/lovingdiversity.es\/#\/schema\/logo\/image\/"},"sameAs":["https:\/\/www.facebook.com\/ComiteVLC\/","https:\/\/www.instagram.com\/comitevlc\/","https:\/\/www.tiktok.com\/@comitevlc"]}]}},"_links":{"self":[{"href":"https:\/\/lovingdiversity.es\/val\/wp-json\/wp\/v2\/ajde_events\/6690","targetHints":{"allow":["GET"]}}],"collection":[{"href":"https:\/\/lovingdiversity.es\/val\/wp-json\/wp\/v2\/ajde_events"}],"about":[{"href":"https:\/\/lovingdiversity.es\/val\/wp-json\/wp\/v2\/types\/ajde_events"}],"author":[{"embeddable":true,"href":"https:\/\/lovingdiversity.es\/val\/wp-json\/wp\/v2\/users\/1"}],"replies":[{"embeddable":true,"href":"https:\/\/lovingdiversity.es\/val\/wp-json\/wp\/v2\/comments?post=6690"}],"wp:featuredmedia":[{"embeddable":true,"href":"https:\/\/lovingdiversity.es\/val\/wp-json\/wp\/v2\/media\/6691"}],"wp:attachment":[{"href":"https:\/\/lovingdiversity.es\/val\/wp-json\/wp\/v2\/media?parent=6690"}],"wp:term":[{"taxonomy":"post_tag","embeddable":true,"href":"https:\/\/lovingdiversity.es\/val\/wp-json\/wp\/v2\/tags?post=6690"},{"taxonomy":"event_type","embeddable":true,"href":"https:\/\/lovingdiversity.es\/val\/wp-json\/wp\/v2\/event_type?post=6690"},{"taxonomy":"event_type_2","embeddable":true,"href":"https:\/\/lovingdiversity.es\/val\/wp-json\/wp\/v2\/event_type_2?post=6690"}],"curies":[{"name":"wp","href":"https:\/\/api.w.org\/{rel}","templated":true}]}}