{"id":6695,"date":"2025-10-20T07:20:37","date_gmt":"2025-10-20T07:20:37","guid":{"rendered":"https:\/\/lovingdiversity.es\/events\/podcast-en-directo-ay-campaneras-miguel-de-molina-el-arte-de-ser-diferente\/"},"modified":"2025-10-20T12:42:08","modified_gmt":"2025-10-20T12:42:08","slug":"podcast-en-directo-ay-campaneras-miguel-de-molina-el-arte-de-ser-diferente","status":"publish","type":"ajde_events","link":"https:\/\/lovingdiversity.es\/val\/events\/podcast-en-directo-ay-campaneras-miguel-de-molina-el-arte-de-ser-diferente\/","title":{"rendered":"Podcast en directo: &#8216;\u00a1Ay, campaneras!: Miguel de Molina, el arte de ser diferente&#8217;"},"content":{"rendered":"<p>Miguel de Molina dej\u00f3 un impresionante legado de arte, copla y transgresi\u00f3n que merece la pena celebrar. Y la exposici\u00f3n del <a class=\"x1i10hfl xjbqb8w x1ejq31n x18oe1m7 x1sy0etr xstzfhl x972fbf x10w94by x1qhh985 x14e42zd x9f619 x1ypdohk xt0psk2 x3ct3a4 xdj266r x14z9mp xat24cr x1lziwak xexx8yu xyri2b x18d9i69 x1c1uobl x16tdsg8 x1hl2dhg xggy1nq x1a2a7pz _aa9_ _a6hd\" tabindex=\"0\" role=\"link\" href=\"https:\/\/www.instagram.com\/explore\/tags\/cclanau\/?hl=es\">#CCLaNau<\/a>\u00a0&#8216;Miguel de Molina: Yo quiero ser diferente&#8217; es el mejor contexto y escenario para realizar un \ud835\udc1e\ud835\udc29\ud835\udc22\ud835\udc2c\ud835\udc28\ud835\udc1d\ud835\udc22\ud835\udc28 \ud835\udc1e\ud835\udc27 \ud835\udc1d\ud835\udc22\ud835\udc2b\ud835\udc1e\ud835\udc1c\ud835\udc2d\ud835\udc28 \ud835\udc1d\ud835\udc1e\ud835\udc25 \ud835\udc29\ud835\udc28\ud835\udc1d\ud835\udc1c\ud835\udc1a\ud835\udc2c\ud835\udc2d &#8216;\u00a1\ud835\udc00\ud835\udc32, \ud835\udc1c\ud835\udc1a\ud835\udc26\ud835\udc29\ud835\udc1a\ud835\udc27\ud835\udc1e\ud835\udc2b\ud835\udc1a\ud835\udc2c!: \ud835\udc0c\ud835\udc22\ud835\udc20\ud835\udc2e\ud835\udc1e\ud835\udc25 \ud835\udc1d\ud835\udc1e \ud835\udc0c\ud835\udc28\ud835\udc25\ud835\udc22\ud835\udc27\ud835\udc1a, \ud835\udc1e\ud835\udc25 \ud835\udc1a\ud835\udc2b\ud835\udc2d\ud835\udc1e \ud835\udc1d\ud835\udc1e \ud835\udc2c\ud835\udc1e\ud835\udc2b \ud835\udc1d\ud835\udc22\ud835\udc1f\ud835\udc1e\ud835\udc2b\ud835\udc1e\ud835\udc27\ud835\udc2d\ud835\udc1e&#8217; a cargo de Lidia Garcia.<\/p>\n<p>\ud83c\udf99\ufe0fEl podcast contar\u00e1 con la intervenci\u00f3n de La Bella Vampi, vedette y transformista vintage, y estar\u00e1 presentado por St\u00e9phanie Demange y Laurie-Anne Laget, comisarias de la exposici\u00f3n.<\/p>\n<p>\ud83d\uddd3\ufe0fMartes 21\/10, 19h<br \/>\n\ud83d\udccdCapella de la Sapi\u00e8ncia, Centre Cultural La Nau<br \/>\n\ud83d\udcddEntrada gratuita con inscripci\u00f3n: <a href=\"https:\/\/events.fundacio.es\/e\/2657\/ay-campaneras-episodi-en-directe-del-podcast-miguel-de-molina-lart-de-ser-diferent\"><span style=\"text-decoration: underline;\"><strong>LINK<\/strong><\/span><\/a><\/p>","protected":false},"author":1,"featured_media":6696,"menu_order":0,"comment_status":"open","ping_status":"closed","template":"","meta":[],"tags":[],"event_type":[12],"event_type_2":[],"class_list":{"0":"post-6695","1":"ajde_events","2":"type-ajde_events","3":"status-publish","4":"has-post-thumbnail","6":"event_location-la-nau","7":"event_organizer-la-nau","8":"event_type-libros"},"yoast_head":"<!-- This site is optimized with the Yoast SEO plugin v26.8 - https:\/\/yoast.com\/product\/yoast-seo-wordpress\/ -->\n<title>Podcast en directo: &#039;\u00a1Ay, campaneras!: Miguel de Molina, el arte de ser diferente&#039; - Loving Diversity VLC<\/title>\n<meta name=\"robots\" content=\"index, follow, max-snippet:-1, max-image-preview:large, max-video-preview:-1\" \/>\n<link rel=\"canonical\" href=\"https:\/\/lovingdiversity.es\/val\/events\/podcast-en-directo-ay-campaneras-miguel-de-molina-el-arte-de-ser-diferente\/\" \/>\n<meta property=\"og:locale\" content=\"es_ES\" \/>\n<meta property=\"og:type\" content=\"article\" \/>\n<meta property=\"og:title\" content=\"Podcast en directo: &#039;\u00a1Ay, campaneras!: Miguel de Molina, el arte de ser diferente&#039; - Loving Diversity VLC\" \/>\n<meta property=\"og:description\" content=\"Miguel de Molina dej\u00f3 un impresionante legado de arte, copla y transgresi\u00f3n que merece la pena celebrar. Y la exposici\u00f3n del #CCLaNau\u00a0&#8216;Miguel de Molina: Yo quiero ser diferente&#8217; es el...\" \/>\n<meta property=\"og:url\" content=\"https:\/\/lovingdiversity.es\/val\/events\/podcast-en-directo-ay-campaneras-miguel-de-molina-el-arte-de-ser-diferente\/\" \/>\n<meta property=\"og:site_name\" content=\"Loving Diversity VLC\" \/>\n<meta property=\"article:publisher\" content=\"https:\/\/www.facebook.com\/ComiteVLC\/\" \/>\n<meta property=\"article:modified_time\" content=\"2025-10-20T12:42:08+00:00\" \/>\n<meta property=\"og:image\" content=\"http:\/\/lovingdiversity.es\/wp-content\/uploads\/2025\/10\/21OCT-PODCAST.png\" \/>\n\t<meta property=\"og:image:width\" content=\"1400\" \/>\n\t<meta property=\"og:image:height\" content=\"500\" \/>\n\t<meta property=\"og:image:type\" content=\"image\/png\" \/>\n<meta name=\"twitter:card\" content=\"summary_large_image\" \/>\n<meta name=\"twitter:label1\" content=\"Est. reading time\" \/>\n\t<meta name=\"twitter:data1\" content=\"1 minute\" \/>\n<script type=\"application\/ld+json\" class=\"yoast-schema-graph\">{\"@context\":\"https:\/\/schema.org\",\"@graph\":[{\"@type\":\"WebPage\",\"@id\":\"https:\/\/lovingdiversity.es\/events\/podcast-en-directo-ay-campaneras-miguel-de-molina-el-arte-de-ser-diferente\/\",\"url\":\"https:\/\/lovingdiversity.es\/events\/podcast-en-directo-ay-campaneras-miguel-de-molina-el-arte-de-ser-diferente\/\",\"name\":\"Podcast en directo: '\u00a1Ay, campaneras!: Miguel de Molina, el arte de ser diferente' - Loving Diversity VLC\",\"isPartOf\":{\"@id\":\"https:\/\/lovingdiversity.es\/#website\"},\"primaryImageOfPage\":{\"@id\":\"https:\/\/lovingdiversity.es\/events\/podcast-en-directo-ay-campaneras-miguel-de-molina-el-arte-de-ser-diferente\/#primaryimage\"},\"image\":{\"@id\":\"https:\/\/lovingdiversity.es\/events\/podcast-en-directo-ay-campaneras-miguel-de-molina-el-arte-de-ser-diferente\/#primaryimage\"},\"thumbnailUrl\":\"https:\/\/lovingdiversity.es\/wp-content\/uploads\/2025\/10\/21OCT-PODCAST.png\",\"datePublished\":\"2025-10-20T07:20:37+00:00\",\"dateModified\":\"2025-10-20T12:42:08+00:00\",\"breadcrumb\":{\"@id\":\"https:\/\/lovingdiversity.es\/events\/podcast-en-directo-ay-campaneras-miguel-de-molina-el-arte-de-ser-diferente\/#breadcrumb\"},\"inLanguage\":\"es-VAL\",\"potentialAction\":[{\"@type\":\"ReadAction\",\"target\":[\"https:\/\/lovingdiversity.es\/events\/podcast-en-directo-ay-campaneras-miguel-de-molina-el-arte-de-ser-diferente\/\"]}]},{\"@type\":\"ImageObject\",\"inLanguage\":\"es-VAL\",\"@id\":\"https:\/\/lovingdiversity.es\/events\/podcast-en-directo-ay-campaneras-miguel-de-molina-el-arte-de-ser-diferente\/#primaryimage\",\"url\":\"https:\/\/lovingdiversity.es\/wp-content\/uploads\/2025\/10\/21OCT-PODCAST.png\",\"contentUrl\":\"https:\/\/lovingdiversity.es\/wp-content\/uploads\/2025\/10\/21OCT-PODCAST.png\",\"width\":1400,\"height\":500},{\"@type\":\"BreadcrumbList\",\"@id\":\"https:\/\/lovingdiversity.es\/events\/podcast-en-directo-ay-campaneras-miguel-de-molina-el-arte-de-ser-diferente\/#breadcrumb\",\"itemListElement\":[{\"@type\":\"ListItem\",\"position\":1,\"name\":\"Portada\",\"item\":\"https:\/\/lovingdiversity.es\/\"},{\"@type\":\"ListItem\",\"position\":2,\"name\":\"Events\",\"item\":\"https:\/\/lovingdiversity.es\/events\/\"},{\"@type\":\"ListItem\",\"position\":3,\"name\":\"Podcast en directo: &#8216;\u00a1Ay, campaneras!: Miguel de Molina, el arte de ser diferente&#8217;\"}]},{\"@type\":\"WebSite\",\"@id\":\"https:\/\/lovingdiversity.es\/#website\",\"url\":\"https:\/\/lovingdiversity.es\/\",\"name\":\"Loving Diversity VLC\",\"description\":\"Agenda de Ocio LGTBI\",\"publisher\":{\"@id\":\"https:\/\/lovingdiversity.es\/#organization\"},\"potentialAction\":[{\"@type\":\"SearchAction\",\"target\":{\"@type\":\"EntryPoint\",\"urlTemplate\":\"https:\/\/lovingdiversity.es\/?s={search_term_string}\"},\"query-input\":{\"@type\":\"PropertyValueSpecification\",\"valueRequired\":true,\"valueName\":\"search_term_string\"}}],\"inLanguage\":\"es-VAL\"},{\"@type\":\"Organization\",\"@id\":\"https:\/\/lovingdiversity.es\/#organization\",\"name\":\"Loving Diversity VLC\",\"url\":\"https:\/\/lovingdiversity.es\/\",\"logo\":{\"@type\":\"ImageObject\",\"inLanguage\":\"es-VAL\",\"@id\":\"https:\/\/lovingdiversity.es\/#\/schema\/logo\/image\/\",\"url\":\"https:\/\/lovingdiversity.es\/wp-content\/uploads\/2024\/12\/logotipo_loving.png\",\"contentUrl\":\"https:\/\/lovingdiversity.es\/wp-content\/uploads\/2024\/12\/logotipo_loving.png\",\"width\":400,\"height\":112,\"caption\":\"Loving Diversity VLC\"},\"image\":{\"@id\":\"https:\/\/lovingdiversity.es\/#\/schema\/logo\/image\/\"},\"sameAs\":[\"https:\/\/www.facebook.com\/ComiteVLC\/\",\"https:\/\/www.instagram.com\/comitevlc\/\",\"https:\/\/www.tiktok.com\/@comitevlc\"]}]}<\/script>\n<!-- \/ Yoast SEO plugin. -->","yoast_head_json":{"title":"Podcast en directo: '\u00a1Ay, campaneras!: Miguel de Molina, el arte de ser diferente' - Loving Diversity VLC","robots":{"index":"index","follow":"follow","max-snippet":"max-snippet:-1","max-image-preview":"max-image-preview:large","max-video-preview":"max-video-preview:-1"},"canonical":"https:\/\/lovingdiversity.es\/val\/events\/podcast-en-directo-ay-campaneras-miguel-de-molina-el-arte-de-ser-diferente\/","og_locale":"es_ES","og_type":"article","og_title":"Podcast en directo: '\u00a1Ay, campaneras!: Miguel de Molina, el arte de ser diferente' - Loving Diversity VLC","og_description":"Miguel de Molina dej\u00f3 un impresionante legado de arte, copla y transgresi\u00f3n que merece la pena celebrar. Y la exposici\u00f3n del #CCLaNau\u00a0&#8216;Miguel de Molina: Yo quiero ser diferente&#8217; es el...","og_url":"https:\/\/lovingdiversity.es\/val\/events\/podcast-en-directo-ay-campaneras-miguel-de-molina-el-arte-de-ser-diferente\/","og_site_name":"Loving Diversity VLC","article_publisher":"https:\/\/www.facebook.com\/ComiteVLC\/","article_modified_time":"2025-10-20T12:42:08+00:00","og_image":[{"width":1400,"height":500,"url":"http:\/\/lovingdiversity.es\/wp-content\/uploads\/2025\/10\/21OCT-PODCAST.png","type":"image\/png"}],"twitter_card":"summary_large_image","twitter_misc":{"Est. reading time":"1 minute"},"schema":{"@context":"https:\/\/schema.org","@graph":[{"@type":"WebPage","@id":"https:\/\/lovingdiversity.es\/events\/podcast-en-directo-ay-campaneras-miguel-de-molina-el-arte-de-ser-diferente\/","url":"https:\/\/lovingdiversity.es\/events\/podcast-en-directo-ay-campaneras-miguel-de-molina-el-arte-de-ser-diferente\/","name":"Podcast en directo: '\u00a1Ay, campaneras!: Miguel de Molina, el arte de ser diferente' - Loving Diversity VLC","isPartOf":{"@id":"https:\/\/lovingdiversity.es\/#website"},"primaryImageOfPage":{"@id":"https:\/\/lovingdiversity.es\/events\/podcast-en-directo-ay-campaneras-miguel-de-molina-el-arte-de-ser-diferente\/#primaryimage"},"image":{"@id":"https:\/\/lovingdiversity.es\/events\/podcast-en-directo-ay-campaneras-miguel-de-molina-el-arte-de-ser-diferente\/#primaryimage"},"thumbnailUrl":"https:\/\/lovingdiversity.es\/wp-content\/uploads\/2025\/10\/21OCT-PODCAST.png","datePublished":"2025-10-20T07:20:37+00:00","dateModified":"2025-10-20T12:42:08+00:00","breadcrumb":{"@id":"https:\/\/lovingdiversity.es\/events\/podcast-en-directo-ay-campaneras-miguel-de-molina-el-arte-de-ser-diferente\/#breadcrumb"},"inLanguage":"es-VAL","potentialAction":[{"@type":"ReadAction","target":["https:\/\/lovingdiversity.es\/events\/podcast-en-directo-ay-campaneras-miguel-de-molina-el-arte-de-ser-diferente\/"]}]},{"@type":"ImageObject","inLanguage":"es-VAL","@id":"https:\/\/lovingdiversity.es\/events\/podcast-en-directo-ay-campaneras-miguel-de-molina-el-arte-de-ser-diferente\/#primaryimage","url":"https:\/\/lovingdiversity.es\/wp-content\/uploads\/2025\/10\/21OCT-PODCAST.png","contentUrl":"https:\/\/lovingdiversity.es\/wp-content\/uploads\/2025\/10\/21OCT-PODCAST.png","width":1400,"height":500},{"@type":"BreadcrumbList","@id":"https:\/\/lovingdiversity.es\/events\/podcast-en-directo-ay-campaneras-miguel-de-molina-el-arte-de-ser-diferente\/#breadcrumb","itemListElement":[{"@type":"ListItem","position":1,"name":"Portada","item":"https:\/\/lovingdiversity.es\/"},{"@type":"ListItem","position":2,"name":"Events","item":"https:\/\/lovingdiversity.es\/events\/"},{"@type":"ListItem","position":3,"name":"Podcast en directo: &#8216;\u00a1Ay, campaneras!: Miguel de Molina, el arte de ser diferente&#8217;"}]},{"@type":"WebSite","@id":"https:\/\/lovingdiversity.es\/#website","url":"https:\/\/lovingdiversity.es\/","name":"Loving Diversity VLC","description":"Agenda de Ocio LGTBI","publisher":{"@id":"https:\/\/lovingdiversity.es\/#organization"},"potentialAction":[{"@type":"SearchAction","target":{"@type":"EntryPoint","urlTemplate":"https:\/\/lovingdiversity.es\/?s={search_term_string}"},"query-input":{"@type":"PropertyValueSpecification","valueRequired":true,"valueName":"search_term_string"}}],"inLanguage":"es-VAL"},{"@type":"Organization","@id":"https:\/\/lovingdiversity.es\/#organization","name":"Loving Diversity VLC","url":"https:\/\/lovingdiversity.es\/","logo":{"@type":"ImageObject","inLanguage":"es-VAL","@id":"https:\/\/lovingdiversity.es\/#\/schema\/logo\/image\/","url":"https:\/\/lovingdiversity.es\/wp-content\/uploads\/2024\/12\/logotipo_loving.png","contentUrl":"https:\/\/lovingdiversity.es\/wp-content\/uploads\/2024\/12\/logotipo_loving.png","width":400,"height":112,"caption":"Loving Diversity VLC"},"image":{"@id":"https:\/\/lovingdiversity.es\/#\/schema\/logo\/image\/"},"sameAs":["https:\/\/www.facebook.com\/ComiteVLC\/","https:\/\/www.instagram.com\/comitevlc\/","https:\/\/www.tiktok.com\/@comitevlc"]}]}},"_links":{"self":[{"href":"https:\/\/lovingdiversity.es\/val\/wp-json\/wp\/v2\/ajde_events\/6695","targetHints":{"allow":["GET"]}}],"collection":[{"href":"https:\/\/lovingdiversity.es\/val\/wp-json\/wp\/v2\/ajde_events"}],"about":[{"href":"https:\/\/lovingdiversity.es\/val\/wp-json\/wp\/v2\/types\/ajde_events"}],"author":[{"embeddable":true,"href":"https:\/\/lovingdiversity.es\/val\/wp-json\/wp\/v2\/users\/1"}],"replies":[{"embeddable":true,"href":"https:\/\/lovingdiversity.es\/val\/wp-json\/wp\/v2\/comments?post=6695"}],"wp:featuredmedia":[{"embeddable":true,"href":"https:\/\/lovingdiversity.es\/val\/wp-json\/wp\/v2\/media\/6696"}],"wp:attachment":[{"href":"https:\/\/lovingdiversity.es\/val\/wp-json\/wp\/v2\/media?parent=6695"}],"wp:term":[{"taxonomy":"post_tag","embeddable":true,"href":"https:\/\/lovingdiversity.es\/val\/wp-json\/wp\/v2\/tags?post=6695"},{"taxonomy":"event_type","embeddable":true,"href":"https:\/\/lovingdiversity.es\/val\/wp-json\/wp\/v2\/event_type?post=6695"},{"taxonomy":"event_type_2","embeddable":true,"href":"https:\/\/lovingdiversity.es\/val\/wp-json\/wp\/v2\/event_type_2?post=6695"}],"curies":[{"name":"wp","href":"https:\/\/api.w.org\/{rel}","templated":true}]}}