{"id":6779,"date":"2025-11-11T09:12:42","date_gmt":"2025-11-11T09:12:42","guid":{"rendered":"https:\/\/lovingdiversity.es\/?post_type=ajde_events&#038;p=6779"},"modified":"2025-11-11T09:12:42","modified_gmt":"2025-11-11T09:12:42","slug":"homenatge-a-pasolini-amb-la-projeccio-pajaritos-y-pajarracos","status":"publish","type":"ajde_events","link":"https:\/\/lovingdiversity.es\/val\/events\/homenatge-a-pasolini-amb-la-projeccio-pajaritos-y-pajarracos\/","title":{"rendered":"Homenatge a Pasolini amb la projecci\u00f3: \u00abPajaritos y pajarracos\u00bb"},"content":{"rendered":"<p>\ud83d\udfe2 \u00a0I Enguany fa 50 anys de l&#8217;assassinat del cineasta i assagista itali\u00e0 Pier Paolo Pasolini (1922\u20131975). Per aquest motiu, l&#8217;Aula de Cinema de la UV ret un \ud835\udc07\ud835\udc28\ud835\udc26\ud835\udc1e\ud835\udc27\ud835\udc1a\ud835\udc2d\ud835\udc20\ud835\udc1e \ud835\udc1a \ud835\udc0f\ud835\udc1a\ud835\udc2c\ud835\udc28\ud835\udc25\ud835\udc22\ud835\udc27\ud835\udc22 amb la projecci\u00f3 de \ud835\udc77\ud835\udc82\ud835\udc8b\ud835\udc82\ud835\udc93\ud835\udc8a\ud835\udc95\ud835\udc90\ud835\udc94 \ud835\udc9a \ud835\udc91\ud835\udc82\ud835\udc8b\ud835\udc82\ud835\udc93\ud835\udc93\ud835\udc82\ud835\udc84\ud835\udc90\ud835\udc94 (\ud835\udc77\ud835\udc8a\ud835\udc86\ud835\udc93 \ud835\udc77\ud835\udc82\ud835\udc90\ud835\udc8d\ud835\udc90 \ud835\udc77\ud835\udc82\ud835\udc94\ud835\udc90\ud835\udc8d\ud835\udc8a\ud835\udc8f\ud835\udc8a, \ud835\udfcf\ud835\udfd7\ud835\udfd4\ud835\udfd4).<\/p>\n<p>\ud83c\udf9e\ufe0f\ud835\udc77\ud835\udc82\ud835\udc8b\ud835\udc82\ud835\udc93\ud835\udc8a\ud835\udc95\ud835\udc90\ud835\udc94 \ud835\udc9a \ud835\udc91\ud835\udc82\ud835\udc8b\ud835\udc82\ud835\udc93\ud835\udc93\ud835\udc82\ud835\udc84\ud835\udc90\ud835\udc94 (Uccellacci e uccellini, 1966) \u00e9s una de les pel\u00b7l\u00edcules m\u00e9s singulars de Pasolini, una fabula po\u00e8tica i pol\u00edtica protagonitzada per Tot\u00f2 y Ninetto Davoli.<\/p>\n<p>\ud83d\uddd3\ufe0f Dimarts 11\/11, 18:30h<br \/>\n\ud83d\udccd <a class=\"x1i10hfl xjbqb8w x1ejq31n x18oe1m7 x1sy0etr xstzfhl x972fbf x10w94by x1qhh985 x14e42zd x9f619 x1ypdohk xt0psk2 x3ct3a4 xdj266r x14z9mp xat24cr x1lziwak xexx8yu xyri2b x18d9i69 x1c1uobl x16tdsg8 x1hl2dhg xggy1nq x1a2a7pz notranslate _a6hd\" tabindex=\"0\" role=\"link\" href=\"https:\/\/www.instagram.com\/cmrpeset_uv\/?hl=es\">@cmrpeset_uv<\/a><br \/>\n\ud83c\udf9f\ufe0f Entrada lliure, aforament limitat<\/p>","protected":false},"author":1,"featured_media":6780,"menu_order":0,"comment_status":"open","ping_status":"closed","template":"","meta":[],"tags":[],"event_type":[14],"event_type_2":[],"class_list":{"0":"post-6779","1":"ajde_events","2":"type-ajde_events","3":"status-publish","4":"has-post-thumbnail","6":"event_location-colegio-mayor-rector-peset","7":"event_organizer-cinema-universitat-de-valencia","8":"event_type-arteycine"},"yoast_head":"<!-- This site is optimized with the Yoast SEO plugin v26.8 - https:\/\/yoast.com\/product\/yoast-seo-wordpress\/ -->\n<title>Homenatge a Pasolini amb la projecci\u00f3: &quot;Pajaritos y pajarracos&quot; - Loving Diversity VLC<\/title>\n<meta name=\"robots\" content=\"index, follow, max-snippet:-1, max-image-preview:large, max-video-preview:-1\" \/>\n<link rel=\"canonical\" href=\"https:\/\/lovingdiversity.es\/val\/events\/homenatge-a-pasolini-amb-la-projeccio-pajaritos-y-pajarracos\/\" \/>\n<meta property=\"og:locale\" content=\"es_ES\" \/>\n<meta property=\"og:type\" content=\"article\" \/>\n<meta property=\"og:title\" content=\"Homenatge a Pasolini amb la projecci\u00f3: &quot;Pajaritos y pajarracos&quot; - Loving Diversity VLC\" \/>\n<meta property=\"og:description\" content=\"\ud83d\udfe2 \u00a0I Enguany fa 50 anys de l&#8217;assassinat del cineasta i assagista itali\u00e0 Pier Paolo Pasolini (1922\u20131975). Per aquest motiu, l&#8217;Aula de Cinema de la UV ret un \ud835\udc07\ud835\udc28\ud835\udc26\ud835\udc1e\ud835\udc27\ud835\udc1a\ud835\udc2d\ud835\udc20\ud835\udc1e \ud835\udc1a...\" \/>\n<meta property=\"og:url\" content=\"https:\/\/lovingdiversity.es\/val\/events\/homenatge-a-pasolini-amb-la-projeccio-pajaritos-y-pajarracos\/\" \/>\n<meta property=\"og:site_name\" content=\"Loving Diversity VLC\" \/>\n<meta property=\"article:publisher\" content=\"https:\/\/www.facebook.com\/ComiteVLC\/\" \/>\n<meta property=\"og:image\" content=\"http:\/\/lovingdiversity.es\/wp-content\/uploads\/2025\/11\/11nov-cinemauv.png\" \/>\n\t<meta property=\"og:image:width\" content=\"1400\" \/>\n\t<meta property=\"og:image:height\" content=\"500\" \/>\n\t<meta property=\"og:image:type\" content=\"image\/png\" \/>\n<meta name=\"twitter:card\" content=\"summary_large_image\" \/>\n<meta name=\"twitter:label1\" content=\"Est. reading time\" \/>\n\t<meta name=\"twitter:data1\" content=\"1 minute\" \/>\n<script type=\"application\/ld+json\" class=\"yoast-schema-graph\">{\"@context\":\"https:\/\/schema.org\",\"@graph\":[{\"@type\":\"WebPage\",\"@id\":\"https:\/\/lovingdiversity.es\/events\/homenatge-a-pasolini-amb-la-projeccio-pajaritos-y-pajarracos\/\",\"url\":\"https:\/\/lovingdiversity.es\/events\/homenatge-a-pasolini-amb-la-projeccio-pajaritos-y-pajarracos\/\",\"name\":\"Homenatge a Pasolini amb la projecci\u00f3: \\\"Pajaritos y pajarracos\\\" - Loving Diversity VLC\",\"isPartOf\":{\"@id\":\"https:\/\/lovingdiversity.es\/#website\"},\"primaryImageOfPage\":{\"@id\":\"https:\/\/lovingdiversity.es\/events\/homenatge-a-pasolini-amb-la-projeccio-pajaritos-y-pajarracos\/#primaryimage\"},\"image\":{\"@id\":\"https:\/\/lovingdiversity.es\/events\/homenatge-a-pasolini-amb-la-projeccio-pajaritos-y-pajarracos\/#primaryimage\"},\"thumbnailUrl\":\"https:\/\/lovingdiversity.es\/wp-content\/uploads\/2025\/11\/11nov-cinemauv.png\",\"datePublished\":\"2025-11-11T09:12:42+00:00\",\"breadcrumb\":{\"@id\":\"https:\/\/lovingdiversity.es\/events\/homenatge-a-pasolini-amb-la-projeccio-pajaritos-y-pajarracos\/#breadcrumb\"},\"inLanguage\":\"es-VAL\",\"potentialAction\":[{\"@type\":\"ReadAction\",\"target\":[\"https:\/\/lovingdiversity.es\/events\/homenatge-a-pasolini-amb-la-projeccio-pajaritos-y-pajarracos\/\"]}]},{\"@type\":\"ImageObject\",\"inLanguage\":\"es-VAL\",\"@id\":\"https:\/\/lovingdiversity.es\/events\/homenatge-a-pasolini-amb-la-projeccio-pajaritos-y-pajarracos\/#primaryimage\",\"url\":\"https:\/\/lovingdiversity.es\/wp-content\/uploads\/2025\/11\/11nov-cinemauv.png\",\"contentUrl\":\"https:\/\/lovingdiversity.es\/wp-content\/uploads\/2025\/11\/11nov-cinemauv.png\",\"width\":1400,\"height\":500},{\"@type\":\"BreadcrumbList\",\"@id\":\"https:\/\/lovingdiversity.es\/events\/homenatge-a-pasolini-amb-la-projeccio-pajaritos-y-pajarracos\/#breadcrumb\",\"itemListElement\":[{\"@type\":\"ListItem\",\"position\":1,\"name\":\"Portada\",\"item\":\"https:\/\/lovingdiversity.es\/\"},{\"@type\":\"ListItem\",\"position\":2,\"name\":\"Events\",\"item\":\"https:\/\/lovingdiversity.es\/events\/\"},{\"@type\":\"ListItem\",\"position\":3,\"name\":\"Homenatge a Pasolini amb la projecci\u00f3: \u00abPajaritos y pajarracos\u00bb\"}]},{\"@type\":\"WebSite\",\"@id\":\"https:\/\/lovingdiversity.es\/#website\",\"url\":\"https:\/\/lovingdiversity.es\/\",\"name\":\"Loving Diversity VLC\",\"description\":\"Agenda de Ocio LGTBI\",\"publisher\":{\"@id\":\"https:\/\/lovingdiversity.es\/#organization\"},\"potentialAction\":[{\"@type\":\"SearchAction\",\"target\":{\"@type\":\"EntryPoint\",\"urlTemplate\":\"https:\/\/lovingdiversity.es\/?s={search_term_string}\"},\"query-input\":{\"@type\":\"PropertyValueSpecification\",\"valueRequired\":true,\"valueName\":\"search_term_string\"}}],\"inLanguage\":\"es-VAL\"},{\"@type\":\"Organization\",\"@id\":\"https:\/\/lovingdiversity.es\/#organization\",\"name\":\"Loving Diversity VLC\",\"url\":\"https:\/\/lovingdiversity.es\/\",\"logo\":{\"@type\":\"ImageObject\",\"inLanguage\":\"es-VAL\",\"@id\":\"https:\/\/lovingdiversity.es\/#\/schema\/logo\/image\/\",\"url\":\"https:\/\/lovingdiversity.es\/wp-content\/uploads\/2024\/12\/logotipo_loving.png\",\"contentUrl\":\"https:\/\/lovingdiversity.es\/wp-content\/uploads\/2024\/12\/logotipo_loving.png\",\"width\":400,\"height\":112,\"caption\":\"Loving Diversity VLC\"},\"image\":{\"@id\":\"https:\/\/lovingdiversity.es\/#\/schema\/logo\/image\/\"},\"sameAs\":[\"https:\/\/www.facebook.com\/ComiteVLC\/\",\"https:\/\/www.instagram.com\/comitevlc\/\",\"https:\/\/www.tiktok.com\/@comitevlc\"]}]}<\/script>\n<!-- \/ Yoast SEO plugin. -->","yoast_head_json":{"title":"Homenatge a Pasolini amb la projecci\u00f3: \"Pajaritos y pajarracos\" - Loving Diversity VLC","robots":{"index":"index","follow":"follow","max-snippet":"max-snippet:-1","max-image-preview":"max-image-preview:large","max-video-preview":"max-video-preview:-1"},"canonical":"https:\/\/lovingdiversity.es\/val\/events\/homenatge-a-pasolini-amb-la-projeccio-pajaritos-y-pajarracos\/","og_locale":"es_ES","og_type":"article","og_title":"Homenatge a Pasolini amb la projecci\u00f3: \"Pajaritos y pajarracos\" - Loving Diversity VLC","og_description":"\ud83d\udfe2 \u00a0I Enguany fa 50 anys de l&#8217;assassinat del cineasta i assagista itali\u00e0 Pier Paolo Pasolini (1922\u20131975). Per aquest motiu, l&#8217;Aula de Cinema de la UV ret un \ud835\udc07\ud835\udc28\ud835\udc26\ud835\udc1e\ud835\udc27\ud835\udc1a\ud835\udc2d\ud835\udc20\ud835\udc1e \ud835\udc1a...","og_url":"https:\/\/lovingdiversity.es\/val\/events\/homenatge-a-pasolini-amb-la-projeccio-pajaritos-y-pajarracos\/","og_site_name":"Loving Diversity VLC","article_publisher":"https:\/\/www.facebook.com\/ComiteVLC\/","og_image":[{"width":1400,"height":500,"url":"http:\/\/lovingdiversity.es\/wp-content\/uploads\/2025\/11\/11nov-cinemauv.png","type":"image\/png"}],"twitter_card":"summary_large_image","twitter_misc":{"Est. reading time":"1 minute"},"schema":{"@context":"https:\/\/schema.org","@graph":[{"@type":"WebPage","@id":"https:\/\/lovingdiversity.es\/events\/homenatge-a-pasolini-amb-la-projeccio-pajaritos-y-pajarracos\/","url":"https:\/\/lovingdiversity.es\/events\/homenatge-a-pasolini-amb-la-projeccio-pajaritos-y-pajarracos\/","name":"Homenatge a Pasolini amb la projecci\u00f3: \"Pajaritos y pajarracos\" - Loving Diversity VLC","isPartOf":{"@id":"https:\/\/lovingdiversity.es\/#website"},"primaryImageOfPage":{"@id":"https:\/\/lovingdiversity.es\/events\/homenatge-a-pasolini-amb-la-projeccio-pajaritos-y-pajarracos\/#primaryimage"},"image":{"@id":"https:\/\/lovingdiversity.es\/events\/homenatge-a-pasolini-amb-la-projeccio-pajaritos-y-pajarracos\/#primaryimage"},"thumbnailUrl":"https:\/\/lovingdiversity.es\/wp-content\/uploads\/2025\/11\/11nov-cinemauv.png","datePublished":"2025-11-11T09:12:42+00:00","breadcrumb":{"@id":"https:\/\/lovingdiversity.es\/events\/homenatge-a-pasolini-amb-la-projeccio-pajaritos-y-pajarracos\/#breadcrumb"},"inLanguage":"es-VAL","potentialAction":[{"@type":"ReadAction","target":["https:\/\/lovingdiversity.es\/events\/homenatge-a-pasolini-amb-la-projeccio-pajaritos-y-pajarracos\/"]}]},{"@type":"ImageObject","inLanguage":"es-VAL","@id":"https:\/\/lovingdiversity.es\/events\/homenatge-a-pasolini-amb-la-projeccio-pajaritos-y-pajarracos\/#primaryimage","url":"https:\/\/lovingdiversity.es\/wp-content\/uploads\/2025\/11\/11nov-cinemauv.png","contentUrl":"https:\/\/lovingdiversity.es\/wp-content\/uploads\/2025\/11\/11nov-cinemauv.png","width":1400,"height":500},{"@type":"BreadcrumbList","@id":"https:\/\/lovingdiversity.es\/events\/homenatge-a-pasolini-amb-la-projeccio-pajaritos-y-pajarracos\/#breadcrumb","itemListElement":[{"@type":"ListItem","position":1,"name":"Portada","item":"https:\/\/lovingdiversity.es\/"},{"@type":"ListItem","position":2,"name":"Events","item":"https:\/\/lovingdiversity.es\/events\/"},{"@type":"ListItem","position":3,"name":"Homenatge a Pasolini amb la projecci\u00f3: \u00abPajaritos y pajarracos\u00bb"}]},{"@type":"WebSite","@id":"https:\/\/lovingdiversity.es\/#website","url":"https:\/\/lovingdiversity.es\/","name":"Loving Diversity VLC","description":"Agenda de Ocio LGTBI","publisher":{"@id":"https:\/\/lovingdiversity.es\/#organization"},"potentialAction":[{"@type":"SearchAction","target":{"@type":"EntryPoint","urlTemplate":"https:\/\/lovingdiversity.es\/?s={search_term_string}"},"query-input":{"@type":"PropertyValueSpecification","valueRequired":true,"valueName":"search_term_string"}}],"inLanguage":"es-VAL"},{"@type":"Organization","@id":"https:\/\/lovingdiversity.es\/#organization","name":"Loving Diversity VLC","url":"https:\/\/lovingdiversity.es\/","logo":{"@type":"ImageObject","inLanguage":"es-VAL","@id":"https:\/\/lovingdiversity.es\/#\/schema\/logo\/image\/","url":"https:\/\/lovingdiversity.es\/wp-content\/uploads\/2024\/12\/logotipo_loving.png","contentUrl":"https:\/\/lovingdiversity.es\/wp-content\/uploads\/2024\/12\/logotipo_loving.png","width":400,"height":112,"caption":"Loving Diversity VLC"},"image":{"@id":"https:\/\/lovingdiversity.es\/#\/schema\/logo\/image\/"},"sameAs":["https:\/\/www.facebook.com\/ComiteVLC\/","https:\/\/www.instagram.com\/comitevlc\/","https:\/\/www.tiktok.com\/@comitevlc"]}]}},"_links":{"self":[{"href":"https:\/\/lovingdiversity.es\/val\/wp-json\/wp\/v2\/ajde_events\/6779","targetHints":{"allow":["GET"]}}],"collection":[{"href":"https:\/\/lovingdiversity.es\/val\/wp-json\/wp\/v2\/ajde_events"}],"about":[{"href":"https:\/\/lovingdiversity.es\/val\/wp-json\/wp\/v2\/types\/ajde_events"}],"author":[{"embeddable":true,"href":"https:\/\/lovingdiversity.es\/val\/wp-json\/wp\/v2\/users\/1"}],"replies":[{"embeddable":true,"href":"https:\/\/lovingdiversity.es\/val\/wp-json\/wp\/v2\/comments?post=6779"}],"wp:featuredmedia":[{"embeddable":true,"href":"https:\/\/lovingdiversity.es\/val\/wp-json\/wp\/v2\/media\/6780"}],"wp:attachment":[{"href":"https:\/\/lovingdiversity.es\/val\/wp-json\/wp\/v2\/media?parent=6779"}],"wp:term":[{"taxonomy":"post_tag","embeddable":true,"href":"https:\/\/lovingdiversity.es\/val\/wp-json\/wp\/v2\/tags?post=6779"},{"taxonomy":"event_type","embeddable":true,"href":"https:\/\/lovingdiversity.es\/val\/wp-json\/wp\/v2\/event_type?post=6779"},{"taxonomy":"event_type_2","embeddable":true,"href":"https:\/\/lovingdiversity.es\/val\/wp-json\/wp\/v2\/event_type_2?post=6779"}],"curies":[{"name":"wp","href":"https:\/\/api.w.org\/{rel}","templated":true}]}}