{"id":6903,"date":"2025-12-04T07:57:31","date_gmt":"2025-12-04T07:57:31","guid":{"rendered":"https:\/\/lovingdiversity.es\/events\/presentacion-del-libro-el-dias-que-dejamos-de-ver-porno\/"},"modified":"2025-12-10T07:45:03","modified_gmt":"2025-12-10T07:45:03","slug":"presentacion-del-libro-el-dias-que-dejamos-de-ver-porno","status":"publish","type":"ajde_events","link":"https:\/\/lovingdiversity.es\/val\/events\/presentacion-del-libro-el-dias-que-dejamos-de-ver-porno\/","title":{"rendered":"Presentaci\u00f3n del libro \u00abEl d\u00eda que dejamos de ver porno\u00bb"},"content":{"rendered":"<p>La Llibreria La Rossa acoge la presentaci\u00f3n de \u201cEl d\u00eda que dejamos de ver porno\u201d de Carolina Otero. Una obra galardonada por el premio Valencia de poes\u00eda en castellano.<\/p>\n<p>Entrada libre hasta completar aforo. La presentaci\u00f3n ser\u00e1 a las 19h y le acompa\u00f1ar\u00e1 en el acto la tambi\u00e9n artista Monty Peir\u00f3!<\/p>\n<p>&nbsp;<\/p>","protected":false},"author":1,"featured_media":6904,"menu_order":0,"comment_status":"open","ping_status":"closed","template":"","meta":[],"tags":[],"event_type":[12],"event_type_2":[],"class_list":{"0":"post-6903","1":"ajde_events","2":"type-ajde_events","3":"status-publish","4":"has-post-thumbnail","6":"event_location-llibreria-la-rossa","7":"event_organizer-llibreria-la-rossa","8":"event_type-libros"},"yoast_head":"<!-- This site is optimized with the Yoast SEO plugin v26.8 - https:\/\/yoast.com\/product\/yoast-seo-wordpress\/ -->\n<title>Presentaci\u00f3n del libro &quot;El d\u00eda que dejamos de ver porno&quot; - Loving Diversity VLC<\/title>\n<meta name=\"robots\" content=\"index, follow, max-snippet:-1, max-image-preview:large, max-video-preview:-1\" \/>\n<link rel=\"canonical\" href=\"https:\/\/lovingdiversity.es\/val\/events\/presentacion-del-libro-el-dias-que-dejamos-de-ver-porno\/\" \/>\n<meta property=\"og:locale\" content=\"es_ES\" \/>\n<meta property=\"og:type\" content=\"article\" \/>\n<meta property=\"og:title\" content=\"Presentaci\u00f3n del libro &quot;El d\u00eda que dejamos de ver porno&quot; - Loving Diversity VLC\" \/>\n<meta property=\"og:description\" content=\"La Llibreria La Rossa acoge la presentaci\u00f3n de \u201cEl d\u00eda que dejamos de ver porno\u201d de Carolina Otero. Una obra galardonada por el premio Valencia de poes\u00eda en castellano. Entrada...\" \/>\n<meta property=\"og:url\" content=\"https:\/\/lovingdiversity.es\/val\/events\/presentacion-del-libro-el-dias-que-dejamos-de-ver-porno\/\" \/>\n<meta property=\"og:site_name\" content=\"Loving Diversity VLC\" \/>\n<meta property=\"article:publisher\" content=\"https:\/\/www.facebook.com\/ComiteVLC\/\" \/>\n<meta property=\"article:modified_time\" content=\"2025-12-10T07:45:03+00:00\" \/>\n<meta property=\"og:image\" content=\"http:\/\/lovingdiversity.es\/wp-content\/uploads\/2025\/12\/4DIC-PORNO.png\" \/>\n\t<meta property=\"og:image:width\" content=\"1400\" \/>\n\t<meta property=\"og:image:height\" content=\"500\" \/>\n\t<meta property=\"og:image:type\" content=\"image\/png\" \/>\n<meta name=\"twitter:card\" content=\"summary_large_image\" \/>\n<meta name=\"twitter:label1\" content=\"Est. reading time\" \/>\n\t<meta name=\"twitter:data1\" content=\"1 minute\" \/>\n<script type=\"application\/ld+json\" class=\"yoast-schema-graph\">{\"@context\":\"https:\/\/schema.org\",\"@graph\":[{\"@type\":\"WebPage\",\"@id\":\"https:\/\/lovingdiversity.es\/events\/presentacion-del-libro-el-dias-que-dejamos-de-ver-porno\/\",\"url\":\"https:\/\/lovingdiversity.es\/events\/presentacion-del-libro-el-dias-que-dejamos-de-ver-porno\/\",\"name\":\"Presentaci\u00f3n del libro \\\"El d\u00eda que dejamos de ver porno\\\" - Loving Diversity VLC\",\"isPartOf\":{\"@id\":\"https:\/\/lovingdiversity.es\/#website\"},\"primaryImageOfPage\":{\"@id\":\"https:\/\/lovingdiversity.es\/events\/presentacion-del-libro-el-dias-que-dejamos-de-ver-porno\/#primaryimage\"},\"image\":{\"@id\":\"https:\/\/lovingdiversity.es\/events\/presentacion-del-libro-el-dias-que-dejamos-de-ver-porno\/#primaryimage\"},\"thumbnailUrl\":\"https:\/\/lovingdiversity.es\/wp-content\/uploads\/2025\/12\/4DIC-PORNO.png\",\"datePublished\":\"2025-12-04T07:57:31+00:00\",\"dateModified\":\"2025-12-10T07:45:03+00:00\",\"breadcrumb\":{\"@id\":\"https:\/\/lovingdiversity.es\/events\/presentacion-del-libro-el-dias-que-dejamos-de-ver-porno\/#breadcrumb\"},\"inLanguage\":\"es-VAL\",\"potentialAction\":[{\"@type\":\"ReadAction\",\"target\":[\"https:\/\/lovingdiversity.es\/events\/presentacion-del-libro-el-dias-que-dejamos-de-ver-porno\/\"]}]},{\"@type\":\"ImageObject\",\"inLanguage\":\"es-VAL\",\"@id\":\"https:\/\/lovingdiversity.es\/events\/presentacion-del-libro-el-dias-que-dejamos-de-ver-porno\/#primaryimage\",\"url\":\"https:\/\/lovingdiversity.es\/wp-content\/uploads\/2025\/12\/4DIC-PORNO.png\",\"contentUrl\":\"https:\/\/lovingdiversity.es\/wp-content\/uploads\/2025\/12\/4DIC-PORNO.png\",\"width\":1400,\"height\":500},{\"@type\":\"BreadcrumbList\",\"@id\":\"https:\/\/lovingdiversity.es\/events\/presentacion-del-libro-el-dias-que-dejamos-de-ver-porno\/#breadcrumb\",\"itemListElement\":[{\"@type\":\"ListItem\",\"position\":1,\"name\":\"Portada\",\"item\":\"https:\/\/lovingdiversity.es\/\"},{\"@type\":\"ListItem\",\"position\":2,\"name\":\"Events\",\"item\":\"https:\/\/lovingdiversity.es\/events\/\"},{\"@type\":\"ListItem\",\"position\":3,\"name\":\"Presentaci\u00f3n del libro \u00abEl d\u00eda que dejamos de ver porno\u00bb\"}]},{\"@type\":\"WebSite\",\"@id\":\"https:\/\/lovingdiversity.es\/#website\",\"url\":\"https:\/\/lovingdiversity.es\/\",\"name\":\"Loving Diversity VLC\",\"description\":\"Agenda de Ocio LGTBI\",\"publisher\":{\"@id\":\"https:\/\/lovingdiversity.es\/#organization\"},\"potentialAction\":[{\"@type\":\"SearchAction\",\"target\":{\"@type\":\"EntryPoint\",\"urlTemplate\":\"https:\/\/lovingdiversity.es\/?s={search_term_string}\"},\"query-input\":{\"@type\":\"PropertyValueSpecification\",\"valueRequired\":true,\"valueName\":\"search_term_string\"}}],\"inLanguage\":\"es-VAL\"},{\"@type\":\"Organization\",\"@id\":\"https:\/\/lovingdiversity.es\/#organization\",\"name\":\"Loving Diversity VLC\",\"url\":\"https:\/\/lovingdiversity.es\/\",\"logo\":{\"@type\":\"ImageObject\",\"inLanguage\":\"es-VAL\",\"@id\":\"https:\/\/lovingdiversity.es\/#\/schema\/logo\/image\/\",\"url\":\"https:\/\/lovingdiversity.es\/wp-content\/uploads\/2024\/12\/logotipo_loving.png\",\"contentUrl\":\"https:\/\/lovingdiversity.es\/wp-content\/uploads\/2024\/12\/logotipo_loving.png\",\"width\":400,\"height\":112,\"caption\":\"Loving Diversity VLC\"},\"image\":{\"@id\":\"https:\/\/lovingdiversity.es\/#\/schema\/logo\/image\/\"},\"sameAs\":[\"https:\/\/www.facebook.com\/ComiteVLC\/\",\"https:\/\/www.instagram.com\/comitevlc\/\",\"https:\/\/www.tiktok.com\/@comitevlc\"]}]}<\/script>\n<!-- \/ Yoast SEO plugin. -->","yoast_head_json":{"title":"Presentaci\u00f3n del libro \"El d\u00eda que dejamos de ver porno\" - Loving Diversity VLC","robots":{"index":"index","follow":"follow","max-snippet":"max-snippet:-1","max-image-preview":"max-image-preview:large","max-video-preview":"max-video-preview:-1"},"canonical":"https:\/\/lovingdiversity.es\/val\/events\/presentacion-del-libro-el-dias-que-dejamos-de-ver-porno\/","og_locale":"es_ES","og_type":"article","og_title":"Presentaci\u00f3n del libro \"El d\u00eda que dejamos de ver porno\" - Loving Diversity VLC","og_description":"La Llibreria La Rossa acoge la presentaci\u00f3n de \u201cEl d\u00eda que dejamos de ver porno\u201d de Carolina Otero. Una obra galardonada por el premio Valencia de poes\u00eda en castellano. Entrada...","og_url":"https:\/\/lovingdiversity.es\/val\/events\/presentacion-del-libro-el-dias-que-dejamos-de-ver-porno\/","og_site_name":"Loving Diversity VLC","article_publisher":"https:\/\/www.facebook.com\/ComiteVLC\/","article_modified_time":"2025-12-10T07:45:03+00:00","og_image":[{"width":1400,"height":500,"url":"http:\/\/lovingdiversity.es\/wp-content\/uploads\/2025\/12\/4DIC-PORNO.png","type":"image\/png"}],"twitter_card":"summary_large_image","twitter_misc":{"Est. reading time":"1 minute"},"schema":{"@context":"https:\/\/schema.org","@graph":[{"@type":"WebPage","@id":"https:\/\/lovingdiversity.es\/events\/presentacion-del-libro-el-dias-que-dejamos-de-ver-porno\/","url":"https:\/\/lovingdiversity.es\/events\/presentacion-del-libro-el-dias-que-dejamos-de-ver-porno\/","name":"Presentaci\u00f3n del libro \"El d\u00eda que dejamos de ver porno\" - Loving Diversity VLC","isPartOf":{"@id":"https:\/\/lovingdiversity.es\/#website"},"primaryImageOfPage":{"@id":"https:\/\/lovingdiversity.es\/events\/presentacion-del-libro-el-dias-que-dejamos-de-ver-porno\/#primaryimage"},"image":{"@id":"https:\/\/lovingdiversity.es\/events\/presentacion-del-libro-el-dias-que-dejamos-de-ver-porno\/#primaryimage"},"thumbnailUrl":"https:\/\/lovingdiversity.es\/wp-content\/uploads\/2025\/12\/4DIC-PORNO.png","datePublished":"2025-12-04T07:57:31+00:00","dateModified":"2025-12-10T07:45:03+00:00","breadcrumb":{"@id":"https:\/\/lovingdiversity.es\/events\/presentacion-del-libro-el-dias-que-dejamos-de-ver-porno\/#breadcrumb"},"inLanguage":"es-VAL","potentialAction":[{"@type":"ReadAction","target":["https:\/\/lovingdiversity.es\/events\/presentacion-del-libro-el-dias-que-dejamos-de-ver-porno\/"]}]},{"@type":"ImageObject","inLanguage":"es-VAL","@id":"https:\/\/lovingdiversity.es\/events\/presentacion-del-libro-el-dias-que-dejamos-de-ver-porno\/#primaryimage","url":"https:\/\/lovingdiversity.es\/wp-content\/uploads\/2025\/12\/4DIC-PORNO.png","contentUrl":"https:\/\/lovingdiversity.es\/wp-content\/uploads\/2025\/12\/4DIC-PORNO.png","width":1400,"height":500},{"@type":"BreadcrumbList","@id":"https:\/\/lovingdiversity.es\/events\/presentacion-del-libro-el-dias-que-dejamos-de-ver-porno\/#breadcrumb","itemListElement":[{"@type":"ListItem","position":1,"name":"Portada","item":"https:\/\/lovingdiversity.es\/"},{"@type":"ListItem","position":2,"name":"Events","item":"https:\/\/lovingdiversity.es\/events\/"},{"@type":"ListItem","position":3,"name":"Presentaci\u00f3n del libro \u00abEl d\u00eda que dejamos de ver porno\u00bb"}]},{"@type":"WebSite","@id":"https:\/\/lovingdiversity.es\/#website","url":"https:\/\/lovingdiversity.es\/","name":"Loving Diversity VLC","description":"Agenda de Ocio LGTBI","publisher":{"@id":"https:\/\/lovingdiversity.es\/#organization"},"potentialAction":[{"@type":"SearchAction","target":{"@type":"EntryPoint","urlTemplate":"https:\/\/lovingdiversity.es\/?s={search_term_string}"},"query-input":{"@type":"PropertyValueSpecification","valueRequired":true,"valueName":"search_term_string"}}],"inLanguage":"es-VAL"},{"@type":"Organization","@id":"https:\/\/lovingdiversity.es\/#organization","name":"Loving Diversity VLC","url":"https:\/\/lovingdiversity.es\/","logo":{"@type":"ImageObject","inLanguage":"es-VAL","@id":"https:\/\/lovingdiversity.es\/#\/schema\/logo\/image\/","url":"https:\/\/lovingdiversity.es\/wp-content\/uploads\/2024\/12\/logotipo_loving.png","contentUrl":"https:\/\/lovingdiversity.es\/wp-content\/uploads\/2024\/12\/logotipo_loving.png","width":400,"height":112,"caption":"Loving Diversity VLC"},"image":{"@id":"https:\/\/lovingdiversity.es\/#\/schema\/logo\/image\/"},"sameAs":["https:\/\/www.facebook.com\/ComiteVLC\/","https:\/\/www.instagram.com\/comitevlc\/","https:\/\/www.tiktok.com\/@comitevlc"]}]}},"_links":{"self":[{"href":"https:\/\/lovingdiversity.es\/val\/wp-json\/wp\/v2\/ajde_events\/6903","targetHints":{"allow":["GET"]}}],"collection":[{"href":"https:\/\/lovingdiversity.es\/val\/wp-json\/wp\/v2\/ajde_events"}],"about":[{"href":"https:\/\/lovingdiversity.es\/val\/wp-json\/wp\/v2\/types\/ajde_events"}],"author":[{"embeddable":true,"href":"https:\/\/lovingdiversity.es\/val\/wp-json\/wp\/v2\/users\/1"}],"replies":[{"embeddable":true,"href":"https:\/\/lovingdiversity.es\/val\/wp-json\/wp\/v2\/comments?post=6903"}],"wp:featuredmedia":[{"embeddable":true,"href":"https:\/\/lovingdiversity.es\/val\/wp-json\/wp\/v2\/media\/6904"}],"wp:attachment":[{"href":"https:\/\/lovingdiversity.es\/val\/wp-json\/wp\/v2\/media?parent=6903"}],"wp:term":[{"taxonomy":"post_tag","embeddable":true,"href":"https:\/\/lovingdiversity.es\/val\/wp-json\/wp\/v2\/tags?post=6903"},{"taxonomy":"event_type","embeddable":true,"href":"https:\/\/lovingdiversity.es\/val\/wp-json\/wp\/v2\/event_type?post=6903"},{"taxonomy":"event_type_2","embeddable":true,"href":"https:\/\/lovingdiversity.es\/val\/wp-json\/wp\/v2\/event_type_2?post=6903"}],"curies":[{"name":"wp","href":"https:\/\/api.w.org\/{rel}","templated":true}]}}