{"id":6973,"date":"2025-12-22T08:08:14","date_gmt":"2025-12-22T08:08:14","guid":{"rendered":"https:\/\/lovingdiversity.es\/events\/dinar-llibertari-de-lacabanyal-antinadalenc\/"},"modified":"2025-12-22T08:13:26","modified_gmt":"2025-12-22T08:13:26","slug":"dinar-llibertari-de-lacabanyal-antinadalenc","status":"publish","type":"ajde_events","link":"https:\/\/lovingdiversity.es\/val\/events\/dinar-llibertari-de-lacabanyal-antinadalenc\/","title":{"rendered":"Dinar llibertari de l&#8217;acabanyal antinadalenc"},"content":{"rendered":"<div class=\"x5yr21d xw2csxc x1odjw0f x1n2onr6\">\n<div class=\"x9f619 x78zum5 xdt5ytf x5yr21d xexx8yu xv54qhq x1l90r2v xf7dkkf x10l6tqk xh8yej3\">\n<div>\n<div class=\"html-div xdj266r x14z9mp xat24cr x1lziwak xyri2b x1c1uobl x9f619 xjbqb8w x78zum5 x15mokao x1ga7v0g x16uus16 xbiv7yw xsag5q8 xz9dl7a x1uhb9sk x1plvlek xryxfnj x1c4vz4f x2lah0s x1q0g3np xqjyukv x1qjc9v5 x1oa3qoh x1nhvcw1\">\n<div class=\"html-div xdj266r x14z9mp xat24cr x1lziwak xexx8yu xyri2b x18d9i69 x1c1uobl x9f619 xjbqb8w x78zum5 x15mokao x1ga7v0g x16uus16 xbiv7yw x1uhb9sk x1plvlek xryxfnj x1iyjqo2 x2lwn1j xeuugli x1q0g3np xqjyukv x1qjc9v5 x1oa3qoh x1nhvcw1\">\n<div class=\"html-div xdj266r x14z9mp xat24cr x1lziwak xexx8yu xyri2b x18d9i69 x1c1uobl x9f619 xjbqb8w x78zum5 x15mokao x1ga7v0g x16uus16 xbiv7yw x1uhb9sk x1plvlek xryxfnj x1iyjqo2 x2lwn1j xeuugli xdt5ytf xqjyukv x1qjc9v5 x1oa3qoh x1nhvcw1\">\n<div class=\"html-div xdj266r x14z9mp xat24cr x1lziwak xexx8yu xyri2b x18d9i69 x1c1uobl x9f619 xjbqb8w x78zum5 x15mokao x1ga7v0g x16uus16 xbiv7yw x1uhb9sk x1plvlek xryxfnj x1c4vz4f x2lah0s xdt5ytf xqjyukv x1qjc9v5 x1oa3qoh x1nhvcw1\"><span class=\"x193iq5w xeuugli x13faqbe x1vvkbs xt0psk2 x1i0vuye xvs91rp xo1l8bm x5n08af x10wh9bi xpm28yp x8viiok x1o7cslx x126k92a\">DINAR LLIBERTARI DE L&#8217;ACABANYAL!!!!!<\/p>\n<p>\ud83d\udccdDIJOUS 25 DE DESEMBRE a les 13:00h.<\/p>\n<p>\ud83d\udcdeReserva al n\u00famero:<br \/>\n672504283<\/p>\n<p>\ud83c\udf5cDinar antinadalenc per la recuperaci\u00f3 i creaci\u00f3 d\u00b4altres formes de vida i organitzaci\u00f3 arrabassades i q\u00fcestionades per la moralitat burgesa de p\u00e0tria, fam\u00edlia, esgl\u00e9sia i capital. Generant una cultura comunit\u00e0ria i col\u00b7lectiva on totes les identitats sexuals, de g\u00e8nere, relacionals, d\u2019\u00e8tnia, de cultura, de neurodiverg\u00e8ncia o tipicitat, de lokura, de diskapacitat, i un tant etc siguen benvingudes, abra\u00e7ades i revoltes\u2764\ufe0f\ud83d\udda4<br \/>\n<\/span><\/div>\n<\/div>\n<\/div>\n<\/div>\n<\/div>\n<\/div>\n<\/div>\n<div class=\"x1xp8e9x x13fuv20 x178xt8z x9f619 x1yrsyyn xv54qhq x10b6aqq xf7dkkf xh8yej3\">\n<section class=\"x6s0dn4 xrvj5dj x1o61qjw\">\n<div class=\"x6s0dn4 x78zum5\">\n<div class=\"x1ypdohk\" data-visualcompletion=\"ignore-dynamic\">\n<div class=\"x1i10hfl x972fbf x10w94by x1qhh985 x14e42zd x9f619 x3ct3a4 xdj266r x14z9mp xat24cr x1lziwak x16tdsg8 x1hl2dhg xggy1nq x1a2a7pz x6s0dn4 xjbqb8w x1ejq31n x18oe1m7 x1sy0etr xstzfhl x1ypdohk x78zum5 xl56j7k x1y1aw1k xf159sx xwib8y2 xmzvs34 x1epzrsm x4gyw5p x1jplu5e x1o7uuvo x14snt5h\" tabindex=\"0\" role=\"button\">\n<div class=\"x6s0dn4 x78zum5 xdt5ytf xl56j7k\"><\/div>\n<\/div>\n<\/div>\n<\/div>\n<\/section>\n<\/div>","protected":false},"author":1,"featured_media":6974,"menu_order":0,"comment_status":"open","ping_status":"closed","template":"","meta":[],"tags":[],"event_type":[45],"event_type_2":[],"class_list":{"0":"post-6973","1":"ajde_events","2":"type-ajde_events","3":"status-publish","4":"has-post-thumbnail","6":"event_location-ateneu-llibertari-del-cabanyal","7":"event_organizer-ateneu-llibertari-del-cabanyal","8":"event_type-reivindicaciones"},"yoast_head":"<!-- This site is optimized with the Yoast SEO plugin v26.8 - https:\/\/yoast.com\/product\/yoast-seo-wordpress\/ -->\n<title>Dinar llibertari de l&#039;acabanyal antinadalenc - Loving Diversity VLC<\/title>\n<meta name=\"robots\" content=\"index, follow, max-snippet:-1, max-image-preview:large, max-video-preview:-1\" \/>\n<link rel=\"canonical\" href=\"https:\/\/lovingdiversity.es\/val\/events\/dinar-llibertari-de-lacabanyal-antinadalenc\/\" \/>\n<meta property=\"og:locale\" content=\"es_ES\" \/>\n<meta property=\"og:type\" content=\"article\" \/>\n<meta property=\"og:title\" content=\"Dinar llibertari de l&#039;acabanyal antinadalenc - Loving Diversity VLC\" \/>\n<meta property=\"og:description\" content=\"DINAR LLIBERTARI DE L&#8217;ACABANYAL!!!!! \ud83d\udccdDIJOUS 25 DE DESEMBRE a les 13:00h. \ud83d\udcdeReserva al n\u00famero: 672504283 \ud83c\udf5cDinar antinadalenc per la recuperaci\u00f3 i creaci\u00f3 d\u00b4altres formes de vida i organitzaci\u00f3 arrabassades i...\" \/>\n<meta property=\"og:url\" content=\"https:\/\/lovingdiversity.es\/val\/events\/dinar-llibertari-de-lacabanyal-antinadalenc\/\" \/>\n<meta property=\"og:site_name\" content=\"Loving Diversity VLC\" \/>\n<meta property=\"article:publisher\" content=\"https:\/\/www.facebook.com\/ComiteVLC\/\" \/>\n<meta property=\"article:modified_time\" content=\"2025-12-22T08:13:26+00:00\" \/>\n<meta property=\"og:image\" content=\"http:\/\/lovingdiversity.es\/wp-content\/uploads\/2025\/12\/25DIC-ATENEU.png\" \/>\n\t<meta property=\"og:image:width\" content=\"1400\" \/>\n\t<meta property=\"og:image:height\" content=\"500\" \/>\n\t<meta property=\"og:image:type\" content=\"image\/png\" \/>\n<meta name=\"twitter:card\" content=\"summary_large_image\" \/>\n<meta name=\"twitter:label1\" content=\"Est. reading time\" \/>\n\t<meta name=\"twitter:data1\" content=\"1 minute\" \/>\n<script type=\"application\/ld+json\" class=\"yoast-schema-graph\">{\"@context\":\"https:\/\/schema.org\",\"@graph\":[{\"@type\":\"WebPage\",\"@id\":\"https:\/\/lovingdiversity.es\/events\/dinar-llibertari-de-lacabanyal-antinadalenc\/\",\"url\":\"https:\/\/lovingdiversity.es\/events\/dinar-llibertari-de-lacabanyal-antinadalenc\/\",\"name\":\"Dinar llibertari de l'acabanyal antinadalenc - Loving Diversity VLC\",\"isPartOf\":{\"@id\":\"https:\/\/lovingdiversity.es\/#website\"},\"primaryImageOfPage\":{\"@id\":\"https:\/\/lovingdiversity.es\/events\/dinar-llibertari-de-lacabanyal-antinadalenc\/#primaryimage\"},\"image\":{\"@id\":\"https:\/\/lovingdiversity.es\/events\/dinar-llibertari-de-lacabanyal-antinadalenc\/#primaryimage\"},\"thumbnailUrl\":\"https:\/\/lovingdiversity.es\/wp-content\/uploads\/2025\/12\/25DIC-ATENEU.png\",\"datePublished\":\"2025-12-22T08:08:14+00:00\",\"dateModified\":\"2025-12-22T08:13:26+00:00\",\"breadcrumb\":{\"@id\":\"https:\/\/lovingdiversity.es\/events\/dinar-llibertari-de-lacabanyal-antinadalenc\/#breadcrumb\"},\"inLanguage\":\"es-VAL\",\"potentialAction\":[{\"@type\":\"ReadAction\",\"target\":[\"https:\/\/lovingdiversity.es\/events\/dinar-llibertari-de-lacabanyal-antinadalenc\/\"]}]},{\"@type\":\"ImageObject\",\"inLanguage\":\"es-VAL\",\"@id\":\"https:\/\/lovingdiversity.es\/events\/dinar-llibertari-de-lacabanyal-antinadalenc\/#primaryimage\",\"url\":\"https:\/\/lovingdiversity.es\/wp-content\/uploads\/2025\/12\/25DIC-ATENEU.png\",\"contentUrl\":\"https:\/\/lovingdiversity.es\/wp-content\/uploads\/2025\/12\/25DIC-ATENEU.png\",\"width\":1400,\"height\":500},{\"@type\":\"BreadcrumbList\",\"@id\":\"https:\/\/lovingdiversity.es\/events\/dinar-llibertari-de-lacabanyal-antinadalenc\/#breadcrumb\",\"itemListElement\":[{\"@type\":\"ListItem\",\"position\":1,\"name\":\"Portada\",\"item\":\"https:\/\/lovingdiversity.es\/\"},{\"@type\":\"ListItem\",\"position\":2,\"name\":\"Events\",\"item\":\"https:\/\/lovingdiversity.es\/events\/\"},{\"@type\":\"ListItem\",\"position\":3,\"name\":\"Dinar llibertari de l&#8217;acabanyal antinadalenc\"}]},{\"@type\":\"WebSite\",\"@id\":\"https:\/\/lovingdiversity.es\/#website\",\"url\":\"https:\/\/lovingdiversity.es\/\",\"name\":\"Loving Diversity VLC\",\"description\":\"Agenda de Ocio LGTBI\",\"publisher\":{\"@id\":\"https:\/\/lovingdiversity.es\/#organization\"},\"potentialAction\":[{\"@type\":\"SearchAction\",\"target\":{\"@type\":\"EntryPoint\",\"urlTemplate\":\"https:\/\/lovingdiversity.es\/?s={search_term_string}\"},\"query-input\":{\"@type\":\"PropertyValueSpecification\",\"valueRequired\":true,\"valueName\":\"search_term_string\"}}],\"inLanguage\":\"es-VAL\"},{\"@type\":\"Organization\",\"@id\":\"https:\/\/lovingdiversity.es\/#organization\",\"name\":\"Loving Diversity VLC\",\"url\":\"https:\/\/lovingdiversity.es\/\",\"logo\":{\"@type\":\"ImageObject\",\"inLanguage\":\"es-VAL\",\"@id\":\"https:\/\/lovingdiversity.es\/#\/schema\/logo\/image\/\",\"url\":\"https:\/\/lovingdiversity.es\/wp-content\/uploads\/2024\/12\/logotipo_loving.png\",\"contentUrl\":\"https:\/\/lovingdiversity.es\/wp-content\/uploads\/2024\/12\/logotipo_loving.png\",\"width\":400,\"height\":112,\"caption\":\"Loving Diversity VLC\"},\"image\":{\"@id\":\"https:\/\/lovingdiversity.es\/#\/schema\/logo\/image\/\"},\"sameAs\":[\"https:\/\/www.facebook.com\/ComiteVLC\/\",\"https:\/\/www.instagram.com\/comitevlc\/\",\"https:\/\/www.tiktok.com\/@comitevlc\"]}]}<\/script>\n<!-- \/ Yoast SEO plugin. -->","yoast_head_json":{"title":"Dinar llibertari de l'acabanyal antinadalenc - Loving Diversity VLC","robots":{"index":"index","follow":"follow","max-snippet":"max-snippet:-1","max-image-preview":"max-image-preview:large","max-video-preview":"max-video-preview:-1"},"canonical":"https:\/\/lovingdiversity.es\/val\/events\/dinar-llibertari-de-lacabanyal-antinadalenc\/","og_locale":"es_ES","og_type":"article","og_title":"Dinar llibertari de l'acabanyal antinadalenc - Loving Diversity VLC","og_description":"DINAR LLIBERTARI DE L&#8217;ACABANYAL!!!!! \ud83d\udccdDIJOUS 25 DE DESEMBRE a les 13:00h. \ud83d\udcdeReserva al n\u00famero: 672504283 \ud83c\udf5cDinar antinadalenc per la recuperaci\u00f3 i creaci\u00f3 d\u00b4altres formes de vida i organitzaci\u00f3 arrabassades i...","og_url":"https:\/\/lovingdiversity.es\/val\/events\/dinar-llibertari-de-lacabanyal-antinadalenc\/","og_site_name":"Loving Diversity VLC","article_publisher":"https:\/\/www.facebook.com\/ComiteVLC\/","article_modified_time":"2025-12-22T08:13:26+00:00","og_image":[{"width":1400,"height":500,"url":"http:\/\/lovingdiversity.es\/wp-content\/uploads\/2025\/12\/25DIC-ATENEU.png","type":"image\/png"}],"twitter_card":"summary_large_image","twitter_misc":{"Est. reading time":"1 minute"},"schema":{"@context":"https:\/\/schema.org","@graph":[{"@type":"WebPage","@id":"https:\/\/lovingdiversity.es\/events\/dinar-llibertari-de-lacabanyal-antinadalenc\/","url":"https:\/\/lovingdiversity.es\/events\/dinar-llibertari-de-lacabanyal-antinadalenc\/","name":"Dinar llibertari de l'acabanyal antinadalenc - Loving Diversity VLC","isPartOf":{"@id":"https:\/\/lovingdiversity.es\/#website"},"primaryImageOfPage":{"@id":"https:\/\/lovingdiversity.es\/events\/dinar-llibertari-de-lacabanyal-antinadalenc\/#primaryimage"},"image":{"@id":"https:\/\/lovingdiversity.es\/events\/dinar-llibertari-de-lacabanyal-antinadalenc\/#primaryimage"},"thumbnailUrl":"https:\/\/lovingdiversity.es\/wp-content\/uploads\/2025\/12\/25DIC-ATENEU.png","datePublished":"2025-12-22T08:08:14+00:00","dateModified":"2025-12-22T08:13:26+00:00","breadcrumb":{"@id":"https:\/\/lovingdiversity.es\/events\/dinar-llibertari-de-lacabanyal-antinadalenc\/#breadcrumb"},"inLanguage":"es-VAL","potentialAction":[{"@type":"ReadAction","target":["https:\/\/lovingdiversity.es\/events\/dinar-llibertari-de-lacabanyal-antinadalenc\/"]}]},{"@type":"ImageObject","inLanguage":"es-VAL","@id":"https:\/\/lovingdiversity.es\/events\/dinar-llibertari-de-lacabanyal-antinadalenc\/#primaryimage","url":"https:\/\/lovingdiversity.es\/wp-content\/uploads\/2025\/12\/25DIC-ATENEU.png","contentUrl":"https:\/\/lovingdiversity.es\/wp-content\/uploads\/2025\/12\/25DIC-ATENEU.png","width":1400,"height":500},{"@type":"BreadcrumbList","@id":"https:\/\/lovingdiversity.es\/events\/dinar-llibertari-de-lacabanyal-antinadalenc\/#breadcrumb","itemListElement":[{"@type":"ListItem","position":1,"name":"Portada","item":"https:\/\/lovingdiversity.es\/"},{"@type":"ListItem","position":2,"name":"Events","item":"https:\/\/lovingdiversity.es\/events\/"},{"@type":"ListItem","position":3,"name":"Dinar llibertari de l&#8217;acabanyal antinadalenc"}]},{"@type":"WebSite","@id":"https:\/\/lovingdiversity.es\/#website","url":"https:\/\/lovingdiversity.es\/","name":"Loving Diversity VLC","description":"Agenda de Ocio LGTBI","publisher":{"@id":"https:\/\/lovingdiversity.es\/#organization"},"potentialAction":[{"@type":"SearchAction","target":{"@type":"EntryPoint","urlTemplate":"https:\/\/lovingdiversity.es\/?s={search_term_string}"},"query-input":{"@type":"PropertyValueSpecification","valueRequired":true,"valueName":"search_term_string"}}],"inLanguage":"es-VAL"},{"@type":"Organization","@id":"https:\/\/lovingdiversity.es\/#organization","name":"Loving Diversity VLC","url":"https:\/\/lovingdiversity.es\/","logo":{"@type":"ImageObject","inLanguage":"es-VAL","@id":"https:\/\/lovingdiversity.es\/#\/schema\/logo\/image\/","url":"https:\/\/lovingdiversity.es\/wp-content\/uploads\/2024\/12\/logotipo_loving.png","contentUrl":"https:\/\/lovingdiversity.es\/wp-content\/uploads\/2024\/12\/logotipo_loving.png","width":400,"height":112,"caption":"Loving Diversity VLC"},"image":{"@id":"https:\/\/lovingdiversity.es\/#\/schema\/logo\/image\/"},"sameAs":["https:\/\/www.facebook.com\/ComiteVLC\/","https:\/\/www.instagram.com\/comitevlc\/","https:\/\/www.tiktok.com\/@comitevlc"]}]}},"_links":{"self":[{"href":"https:\/\/lovingdiversity.es\/val\/wp-json\/wp\/v2\/ajde_events\/6973","targetHints":{"allow":["GET"]}}],"collection":[{"href":"https:\/\/lovingdiversity.es\/val\/wp-json\/wp\/v2\/ajde_events"}],"about":[{"href":"https:\/\/lovingdiversity.es\/val\/wp-json\/wp\/v2\/types\/ajde_events"}],"author":[{"embeddable":true,"href":"https:\/\/lovingdiversity.es\/val\/wp-json\/wp\/v2\/users\/1"}],"replies":[{"embeddable":true,"href":"https:\/\/lovingdiversity.es\/val\/wp-json\/wp\/v2\/comments?post=6973"}],"wp:featuredmedia":[{"embeddable":true,"href":"https:\/\/lovingdiversity.es\/val\/wp-json\/wp\/v2\/media\/6974"}],"wp:attachment":[{"href":"https:\/\/lovingdiversity.es\/val\/wp-json\/wp\/v2\/media?parent=6973"}],"wp:term":[{"taxonomy":"post_tag","embeddable":true,"href":"https:\/\/lovingdiversity.es\/val\/wp-json\/wp\/v2\/tags?post=6973"},{"taxonomy":"event_type","embeddable":true,"href":"https:\/\/lovingdiversity.es\/val\/wp-json\/wp\/v2\/event_type?post=6973"},{"taxonomy":"event_type_2","embeddable":true,"href":"https:\/\/lovingdiversity.es\/val\/wp-json\/wp\/v2\/event_type_2?post=6973"}],"curies":[{"name":"wp","href":"https:\/\/api.w.org\/{rel}","templated":true}]}}