{"id":6994,"date":"2026-01-07T09:38:24","date_gmt":"2026-01-07T09:38:24","guid":{"rendered":"https:\/\/lovingdiversity.es\/events\/kafeta-revolta-en-temps-armats\/"},"modified":"2026-01-07T09:49:49","modified_gmt":"2026-01-07T09:49:49","slug":"kafeta-revolta-en-temps-armats","status":"publish","type":"ajde_events","link":"https:\/\/lovingdiversity.es\/val\/events\/kafeta-revolta-en-temps-armats\/","title":{"rendered":"Kafeta: Revolta en temps armats"},"content":{"rendered":"<p>\ud83d\udccdCSOA L&#8217;HORTA<\/p>\n<p>\ud83d\uddd3 10 de gener<\/p>\n<p>\ud83d\udd55 11.00 h<\/p>\n<p><strong data-start=\"118\" data-end=\"145\">Revolta en temps armats<\/strong> \u00e9s una jornada de reflexi\u00f3 i acci\u00f3 col\u00b7lectiva al voltant de l\u2019augment del militarisme, les viol\u00e8ncies globals i les possibilitats de resist\u00e8ncia individual i comunit\u00e0ria. En un context d\u2019escalada b\u00e8l\u00b7lica i de normalitzaci\u00f3 de la viol\u00e8ncia \u2014especialment a les fronteres\u2014, la proposta convida a pensar com afecta tot aix\u00f2 a la vida quotidiana i quines estrat\u00e8gies es poden construir des de baix per no participar en les guerres imposades.<\/p>\n<ul>\n<li>La jornada comen\u00e7a amb amb un xicotet joc (encara que la guerra no n\u2019\u00e9s un) i despr\u00e9s de la picaeta, una din\u00e0mica per a buscar conjuntament estrat\u00e8gies per fer front a situacions complexes de viol\u00e8ncia.<\/li>\n<li>Despr\u00e9s de dinar juntis al sol, un teatre foro de lis compis de Teatro de los Posibles a partir de l\u2019obra \u00abEuropa debe morir\u00bb i ACABarem alliberant tensions ballant amb DJ Guaricha produccions.<\/li>\n<\/ul>\n<p>Es crear\u00e0 un fanzine col\u00b7lectiu amb les reflexions i aprenentatges que vagen sorgint.<\/p>\n<p>La data triada t\u00e9 un fort component de mem\u00f2ria i den\u00fancia, ja que s\u2019emmarca en l\u2019aniversari del triple feminicidi de Sakine Cansiz, Fidan Dogan i Leyla Saylemez, referents del moviment kurd, i vol assenyalar la complicitat europea davant la viol\u00e8ncia exercida pels seus aliats. L\u2019organitzaci\u00f3 preveu un espai de calma i acompanyament, at\u00e9s que es tractaran temes sensibles.<\/p>\n<p>\u26a0\ufe0fAtenci\u00f3! Es tractaran temes que poden activar viv\u00e8ncies dures. Si necessites resoldre qualsevol dubte sobre el desenvolupament de la kafeta, contacta\u2019ns a legerinazadi@riseup.net<\/p>","protected":false},"author":1,"featured_media":6995,"menu_order":0,"comment_status":"open","ping_status":"closed","template":"","meta":[],"tags":[],"event_type":[45],"event_type_2":[],"class_list":{"0":"post-6994","1":"ajde_events","2":"type-ajde_events","3":"status-publish","4":"has-post-thumbnail","6":"event_location-csoa-lhorta","7":"event_organizer-csoa-lhorta","8":"event_type-reivindicaciones"},"yoast_head":"<!-- This site is optimized with the Yoast SEO plugin v26.8 - https:\/\/yoast.com\/product\/yoast-seo-wordpress\/ -->\n<title>Kafeta: Revolta en temps armats - Loving Diversity VLC<\/title>\n<meta name=\"robots\" content=\"index, follow, max-snippet:-1, max-image-preview:large, max-video-preview:-1\" \/>\n<link rel=\"canonical\" href=\"https:\/\/lovingdiversity.es\/val\/events\/kafeta-revolta-en-temps-armats\/\" \/>\n<meta property=\"og:locale\" content=\"es_ES\" \/>\n<meta property=\"og:type\" content=\"article\" \/>\n<meta property=\"og:title\" content=\"Kafeta: Revolta en temps armats - Loving Diversity VLC\" \/>\n<meta property=\"og:description\" content=\"\ud83d\udccdCSOA L&#8217;HORTA \ud83d\uddd3 10 de gener \ud83d\udd55 11.00 h Revolta en temps armats \u00e9s una jornada de reflexi\u00f3 i acci\u00f3 col\u00b7lectiva al voltant de l\u2019augment del militarisme, les viol\u00e8ncies globals...\" \/>\n<meta property=\"og:url\" content=\"https:\/\/lovingdiversity.es\/val\/events\/kafeta-revolta-en-temps-armats\/\" \/>\n<meta property=\"og:site_name\" content=\"Loving Diversity VLC\" \/>\n<meta property=\"article:publisher\" content=\"https:\/\/www.facebook.com\/ComiteVLC\/\" \/>\n<meta property=\"article:modified_time\" content=\"2026-01-07T09:49:49+00:00\" \/>\n<meta property=\"og:image\" content=\"http:\/\/lovingdiversity.es\/wp-content\/uploads\/2026\/01\/10E-CSOA.png\" \/>\n\t<meta property=\"og:image:width\" content=\"1400\" \/>\n\t<meta property=\"og:image:height\" content=\"500\" \/>\n\t<meta property=\"og:image:type\" content=\"image\/png\" \/>\n<meta name=\"twitter:card\" content=\"summary_large_image\" \/>\n<meta name=\"twitter:label1\" content=\"Est. reading time\" \/>\n\t<meta name=\"twitter:data1\" content=\"2 minutes\" \/>\n<script type=\"application\/ld+json\" class=\"yoast-schema-graph\">{\"@context\":\"https:\/\/schema.org\",\"@graph\":[{\"@type\":\"WebPage\",\"@id\":\"https:\/\/lovingdiversity.es\/events\/kafeta-revolta-en-temps-armats\/\",\"url\":\"https:\/\/lovingdiversity.es\/events\/kafeta-revolta-en-temps-armats\/\",\"name\":\"Kafeta: Revolta en temps armats - Loving Diversity VLC\",\"isPartOf\":{\"@id\":\"https:\/\/lovingdiversity.es\/#website\"},\"primaryImageOfPage\":{\"@id\":\"https:\/\/lovingdiversity.es\/events\/kafeta-revolta-en-temps-armats\/#primaryimage\"},\"image\":{\"@id\":\"https:\/\/lovingdiversity.es\/events\/kafeta-revolta-en-temps-armats\/#primaryimage\"},\"thumbnailUrl\":\"https:\/\/lovingdiversity.es\/wp-content\/uploads\/2026\/01\/10E-CSOA.png\",\"datePublished\":\"2026-01-07T09:38:24+00:00\",\"dateModified\":\"2026-01-07T09:49:49+00:00\",\"breadcrumb\":{\"@id\":\"https:\/\/lovingdiversity.es\/events\/kafeta-revolta-en-temps-armats\/#breadcrumb\"},\"inLanguage\":\"es-VAL\",\"potentialAction\":[{\"@type\":\"ReadAction\",\"target\":[\"https:\/\/lovingdiversity.es\/events\/kafeta-revolta-en-temps-armats\/\"]}]},{\"@type\":\"ImageObject\",\"inLanguage\":\"es-VAL\",\"@id\":\"https:\/\/lovingdiversity.es\/events\/kafeta-revolta-en-temps-armats\/#primaryimage\",\"url\":\"https:\/\/lovingdiversity.es\/wp-content\/uploads\/2026\/01\/10E-CSOA.png\",\"contentUrl\":\"https:\/\/lovingdiversity.es\/wp-content\/uploads\/2026\/01\/10E-CSOA.png\",\"width\":1400,\"height\":500},{\"@type\":\"BreadcrumbList\",\"@id\":\"https:\/\/lovingdiversity.es\/events\/kafeta-revolta-en-temps-armats\/#breadcrumb\",\"itemListElement\":[{\"@type\":\"ListItem\",\"position\":1,\"name\":\"Portada\",\"item\":\"https:\/\/lovingdiversity.es\/\"},{\"@type\":\"ListItem\",\"position\":2,\"name\":\"Events\",\"item\":\"https:\/\/lovingdiversity.es\/events\/\"},{\"@type\":\"ListItem\",\"position\":3,\"name\":\"Kafeta: Revolta en temps armats\"}]},{\"@type\":\"WebSite\",\"@id\":\"https:\/\/lovingdiversity.es\/#website\",\"url\":\"https:\/\/lovingdiversity.es\/\",\"name\":\"Loving Diversity VLC\",\"description\":\"Agenda de Ocio LGTBI\",\"publisher\":{\"@id\":\"https:\/\/lovingdiversity.es\/#organization\"},\"potentialAction\":[{\"@type\":\"SearchAction\",\"target\":{\"@type\":\"EntryPoint\",\"urlTemplate\":\"https:\/\/lovingdiversity.es\/?s={search_term_string}\"},\"query-input\":{\"@type\":\"PropertyValueSpecification\",\"valueRequired\":true,\"valueName\":\"search_term_string\"}}],\"inLanguage\":\"es-VAL\"},{\"@type\":\"Organization\",\"@id\":\"https:\/\/lovingdiversity.es\/#organization\",\"name\":\"Loving Diversity VLC\",\"url\":\"https:\/\/lovingdiversity.es\/\",\"logo\":{\"@type\":\"ImageObject\",\"inLanguage\":\"es-VAL\",\"@id\":\"https:\/\/lovingdiversity.es\/#\/schema\/logo\/image\/\",\"url\":\"https:\/\/lovingdiversity.es\/wp-content\/uploads\/2024\/12\/logotipo_loving.png\",\"contentUrl\":\"https:\/\/lovingdiversity.es\/wp-content\/uploads\/2024\/12\/logotipo_loving.png\",\"width\":400,\"height\":112,\"caption\":\"Loving Diversity VLC\"},\"image\":{\"@id\":\"https:\/\/lovingdiversity.es\/#\/schema\/logo\/image\/\"},\"sameAs\":[\"https:\/\/www.facebook.com\/ComiteVLC\/\",\"https:\/\/www.instagram.com\/comitevlc\/\",\"https:\/\/www.tiktok.com\/@comitevlc\"]}]}<\/script>\n<!-- \/ Yoast SEO plugin. -->","yoast_head_json":{"title":"Kafeta: Revolta en temps armats - Loving Diversity VLC","robots":{"index":"index","follow":"follow","max-snippet":"max-snippet:-1","max-image-preview":"max-image-preview:large","max-video-preview":"max-video-preview:-1"},"canonical":"https:\/\/lovingdiversity.es\/val\/events\/kafeta-revolta-en-temps-armats\/","og_locale":"es_ES","og_type":"article","og_title":"Kafeta: Revolta en temps armats - Loving Diversity VLC","og_description":"\ud83d\udccdCSOA L&#8217;HORTA \ud83d\uddd3 10 de gener \ud83d\udd55 11.00 h Revolta en temps armats \u00e9s una jornada de reflexi\u00f3 i acci\u00f3 col\u00b7lectiva al voltant de l\u2019augment del militarisme, les viol\u00e8ncies globals...","og_url":"https:\/\/lovingdiversity.es\/val\/events\/kafeta-revolta-en-temps-armats\/","og_site_name":"Loving Diversity VLC","article_publisher":"https:\/\/www.facebook.com\/ComiteVLC\/","article_modified_time":"2026-01-07T09:49:49+00:00","og_image":[{"width":1400,"height":500,"url":"http:\/\/lovingdiversity.es\/wp-content\/uploads\/2026\/01\/10E-CSOA.png","type":"image\/png"}],"twitter_card":"summary_large_image","twitter_misc":{"Est. reading time":"2 minutes"},"schema":{"@context":"https:\/\/schema.org","@graph":[{"@type":"WebPage","@id":"https:\/\/lovingdiversity.es\/events\/kafeta-revolta-en-temps-armats\/","url":"https:\/\/lovingdiversity.es\/events\/kafeta-revolta-en-temps-armats\/","name":"Kafeta: Revolta en temps armats - Loving Diversity VLC","isPartOf":{"@id":"https:\/\/lovingdiversity.es\/#website"},"primaryImageOfPage":{"@id":"https:\/\/lovingdiversity.es\/events\/kafeta-revolta-en-temps-armats\/#primaryimage"},"image":{"@id":"https:\/\/lovingdiversity.es\/events\/kafeta-revolta-en-temps-armats\/#primaryimage"},"thumbnailUrl":"https:\/\/lovingdiversity.es\/wp-content\/uploads\/2026\/01\/10E-CSOA.png","datePublished":"2026-01-07T09:38:24+00:00","dateModified":"2026-01-07T09:49:49+00:00","breadcrumb":{"@id":"https:\/\/lovingdiversity.es\/events\/kafeta-revolta-en-temps-armats\/#breadcrumb"},"inLanguage":"es-VAL","potentialAction":[{"@type":"ReadAction","target":["https:\/\/lovingdiversity.es\/events\/kafeta-revolta-en-temps-armats\/"]}]},{"@type":"ImageObject","inLanguage":"es-VAL","@id":"https:\/\/lovingdiversity.es\/events\/kafeta-revolta-en-temps-armats\/#primaryimage","url":"https:\/\/lovingdiversity.es\/wp-content\/uploads\/2026\/01\/10E-CSOA.png","contentUrl":"https:\/\/lovingdiversity.es\/wp-content\/uploads\/2026\/01\/10E-CSOA.png","width":1400,"height":500},{"@type":"BreadcrumbList","@id":"https:\/\/lovingdiversity.es\/events\/kafeta-revolta-en-temps-armats\/#breadcrumb","itemListElement":[{"@type":"ListItem","position":1,"name":"Portada","item":"https:\/\/lovingdiversity.es\/"},{"@type":"ListItem","position":2,"name":"Events","item":"https:\/\/lovingdiversity.es\/events\/"},{"@type":"ListItem","position":3,"name":"Kafeta: Revolta en temps armats"}]},{"@type":"WebSite","@id":"https:\/\/lovingdiversity.es\/#website","url":"https:\/\/lovingdiversity.es\/","name":"Loving Diversity VLC","description":"Agenda de Ocio LGTBI","publisher":{"@id":"https:\/\/lovingdiversity.es\/#organization"},"potentialAction":[{"@type":"SearchAction","target":{"@type":"EntryPoint","urlTemplate":"https:\/\/lovingdiversity.es\/?s={search_term_string}"},"query-input":{"@type":"PropertyValueSpecification","valueRequired":true,"valueName":"search_term_string"}}],"inLanguage":"es-VAL"},{"@type":"Organization","@id":"https:\/\/lovingdiversity.es\/#organization","name":"Loving Diversity VLC","url":"https:\/\/lovingdiversity.es\/","logo":{"@type":"ImageObject","inLanguage":"es-VAL","@id":"https:\/\/lovingdiversity.es\/#\/schema\/logo\/image\/","url":"https:\/\/lovingdiversity.es\/wp-content\/uploads\/2024\/12\/logotipo_loving.png","contentUrl":"https:\/\/lovingdiversity.es\/wp-content\/uploads\/2024\/12\/logotipo_loving.png","width":400,"height":112,"caption":"Loving Diversity VLC"},"image":{"@id":"https:\/\/lovingdiversity.es\/#\/schema\/logo\/image\/"},"sameAs":["https:\/\/www.facebook.com\/ComiteVLC\/","https:\/\/www.instagram.com\/comitevlc\/","https:\/\/www.tiktok.com\/@comitevlc"]}]}},"_links":{"self":[{"href":"https:\/\/lovingdiversity.es\/val\/wp-json\/wp\/v2\/ajde_events\/6994","targetHints":{"allow":["GET"]}}],"collection":[{"href":"https:\/\/lovingdiversity.es\/val\/wp-json\/wp\/v2\/ajde_events"}],"about":[{"href":"https:\/\/lovingdiversity.es\/val\/wp-json\/wp\/v2\/types\/ajde_events"}],"author":[{"embeddable":true,"href":"https:\/\/lovingdiversity.es\/val\/wp-json\/wp\/v2\/users\/1"}],"replies":[{"embeddable":true,"href":"https:\/\/lovingdiversity.es\/val\/wp-json\/wp\/v2\/comments?post=6994"}],"wp:featuredmedia":[{"embeddable":true,"href":"https:\/\/lovingdiversity.es\/val\/wp-json\/wp\/v2\/media\/6995"}],"wp:attachment":[{"href":"https:\/\/lovingdiversity.es\/val\/wp-json\/wp\/v2\/media?parent=6994"}],"wp:term":[{"taxonomy":"post_tag","embeddable":true,"href":"https:\/\/lovingdiversity.es\/val\/wp-json\/wp\/v2\/tags?post=6994"},{"taxonomy":"event_type","embeddable":true,"href":"https:\/\/lovingdiversity.es\/val\/wp-json\/wp\/v2\/event_type?post=6994"},{"taxonomy":"event_type_2","embeddable":true,"href":"https:\/\/lovingdiversity.es\/val\/wp-json\/wp\/v2\/event_type_2?post=6994"}],"curies":[{"name":"wp","href":"https:\/\/api.w.org\/{rel}","templated":true}]}}