{"id":7194,"date":"2026-02-23T08:38:27","date_gmt":"2026-02-23T08:38:27","guid":{"rendered":"https:\/\/lovingdiversity.es\/events\/preinscripcions-per-a-balls-llatins-amb-dracs\/"},"modified":"2026-02-23T08:43:11","modified_gmt":"2026-02-23T08:43:11","slug":"preinscripcions-per-a-balls-llatins-amb-dracs","status":"publish","type":"ajde_events","link":"https:\/\/lovingdiversity.es\/val\/events\/preinscripcions-per-a-balls-llatins-amb-dracs\/","title":{"rendered":"Preinscripcions per a Balls Llatins amb DRACS"},"content":{"rendered":"<div>\n<div class=\"html-div xdj266r x14z9mp xat24cr x1lziwak xyri2b x1c1uobl x9f619 xjbqb8w x78zum5 x15mokao x1ga7v0g x16uus16 xbiv7yw xsag5q8 xz9dl7a x1uhb9sk x1plvlek xryxfnj x1c4vz4f x2lah0s x1q0g3np xqjyukv x1qjc9v5 x1oa3qoh x1nhvcw1\">\n<div class=\"html-div xdj266r x14z9mp xat24cr x1lziwak xexx8yu xyri2b x18d9i69 x1c1uobl x9f619 xjbqb8w x78zum5 x15mokao x1ga7v0g x16uus16 xbiv7yw x1uhb9sk x1plvlek xryxfnj x1iyjqo2 x2lwn1j xeuugli x1q0g3np xqjyukv x1qjc9v5 x1oa3qoh x1nhvcw1\">\n<div class=\"html-div xdj266r x14z9mp xat24cr x1lziwak xexx8yu xyri2b x18d9i69 x1c1uobl x9f619 xjbqb8w x78zum5 x15mokao x1ga7v0g x16uus16 xbiv7yw x1uhb9sk x1plvlek xryxfnj x1iyjqo2 x2lwn1j xeuugli xdt5ytf xqjyukv x1qjc9v5 x1oa3qoh x1nhvcw1\">\n<div class=\"html-div xdj266r x14z9mp xat24cr x1lziwak xexx8yu xyri2b x18d9i69 x1c1uobl x9f619 xjbqb8w x78zum5 x15mokao x1ga7v0g x16uus16 xbiv7yw x1uhb9sk x1plvlek xryxfnj x1c4vz4f x2lah0s x1q0g3np xqjyukv x6s0dn4 x1oa3qoh x1nhvcw1\">Salsa i bachata en un entorn inclusiu, segur i sense rols de g\u00e8nere, des de l\u2019activisme i les cures.<\/p>\n<p>\ud83d\udcc5 Dimarts i dissabtes per la vesprada<br \/>\n\ud83d\udccd Val\u00e8ncia<br \/>\n\ud83c\udfb6 No cal experi\u00e8ncia pr\u00e8via, nom\u00e9s ganes d\u2019aprendre i comprom\u00eds amb els valors del club<\/p>\n<p>\ud83d\udc49<a href=\"https:\/\/airtable.com\/appTIhUdLgXPEdAAM\/pagk5j4KexdJkvu0W\/form\"><span style=\"text-decoration: underline;\"> Preinscripci\u00f3 oberta\u00a0<\/span><\/a><\/p>\n<p>Seguim ballant, construint comunitat i fent activisme a trav\u00e9s de l\u2019esport.<\/p><\/div>\n<\/div>\n<\/div>\n<\/div>\n<\/div>\n<div class=\"html-div x14z9mp xat24cr xexx8yu xyri2b x18d9i69 x1c1uobl x9f619 xjbqb8w x78zum5 x15mokao x1ga7v0g x16uus16 xbiv7yw x14vqqas x11hdunq x1uhb9sk x1plvlek xryxfnj x1c4vz4f x2lah0s xdt5ytf xqjyukv x1qjc9v5 x1oa3qoh x1nhvcw1\"><\/div>\n<div class=\"x78zum5 xdt5ytf x1iyjqo2\">\n<div class=\"x1iyjqo2\">\n<div class=\"html-div xdj266r x14z9mp xat24cr x1lziwak xexx8yu xyri2b x18d9i69 x1c1uobl x9f619 x16ye13r xjbqb8w x78zum5 x15mokao x1ga7v0g x16uus16 xbiv7yw x1uhb9sk x1plvlek xryxfnj x1c4vz4f x2lah0s xdt5ytf xqjyukv x6s0dn4 x1oa3qoh xl56j7k\">\n<div class=\"html-div xdj266r x14z9mp x1lziwak xexx8yu xyri2b x18d9i69 x1c1uobl x9f619 xjbqb8w x78zum5 x15mokao x1ga7v0g x16uus16 xbiv7yw x1e56ztr x1uhb9sk x1plvlek xryxfnj x1c4vz4f x2lah0s xdt5ytf xqjyukv x1qjc9v5 x1oa3qoh x1nhvcw1\"><\/div>\n<\/div>\n<\/div>\n<\/div>","protected":false},"author":1,"featured_media":7195,"menu_order":0,"comment_status":"open","ping_status":"closed","template":"","meta":[],"tags":[],"event_type":[16],"event_type_2":[],"class_list":{"0":"post-7194","1":"ajde_events","2":"type-ajde_events","3":"status-publish","4":"has-post-thumbnail","6":"event_organizer-dracs-club-esportiu-lgtbi","7":"event_type-salud"},"yoast_head":"<!-- This site is optimized with the Yoast SEO plugin v26.8 - https:\/\/yoast.com\/product\/yoast-seo-wordpress\/ -->\n<title>Preinscripcions per a Balls Llatins amb DRACS - Loving Diversity VLC<\/title>\n<meta name=\"robots\" content=\"index, follow, max-snippet:-1, max-image-preview:large, max-video-preview:-1\" \/>\n<link rel=\"canonical\" href=\"https:\/\/lovingdiversity.es\/val\/events\/preinscripcions-per-a-balls-llatins-amb-dracs\/\" \/>\n<meta property=\"og:locale\" content=\"es_ES\" \/>\n<meta property=\"og:type\" content=\"article\" \/>\n<meta property=\"og:title\" content=\"Preinscripcions per a Balls Llatins amb DRACS - Loving Diversity VLC\" \/>\n<meta property=\"og:description\" content=\"Salsa i bachata en un entorn inclusiu, segur i sense rols de g\u00e8nere, des de l\u2019activisme i les cures. \ud83d\udcc5 Dimarts i dissabtes per la vesprada \ud83d\udccd Val\u00e8ncia \ud83c\udfb6 No...\" \/>\n<meta property=\"og:url\" content=\"https:\/\/lovingdiversity.es\/val\/events\/preinscripcions-per-a-balls-llatins-amb-dracs\/\" \/>\n<meta property=\"og:site_name\" content=\"Loving Diversity VLC\" \/>\n<meta property=\"article:publisher\" content=\"https:\/\/www.facebook.com\/ComiteVLC\/\" \/>\n<meta property=\"article:modified_time\" content=\"2026-02-23T08:43:11+00:00\" \/>\n<meta property=\"og:image\" content=\"http:\/\/lovingdiversity.es\/wp-content\/uploads\/2026\/02\/DRACS-BAILES-LATINOS.png\" \/>\n\t<meta property=\"og:image:width\" content=\"1400\" \/>\n\t<meta property=\"og:image:height\" content=\"500\" \/>\n\t<meta property=\"og:image:type\" content=\"image\/png\" \/>\n<meta name=\"twitter:card\" content=\"summary_large_image\" \/>\n<meta name=\"twitter:label1\" content=\"Est. reading time\" \/>\n\t<meta name=\"twitter:data1\" content=\"1 minute\" \/>\n<script type=\"application\/ld+json\" class=\"yoast-schema-graph\">{\"@context\":\"https:\/\/schema.org\",\"@graph\":[{\"@type\":\"WebPage\",\"@id\":\"https:\/\/lovingdiversity.es\/events\/preinscripcions-per-a-balls-llatins-amb-dracs\/\",\"url\":\"https:\/\/lovingdiversity.es\/events\/preinscripcions-per-a-balls-llatins-amb-dracs\/\",\"name\":\"Preinscripcions per a Balls Llatins amb DRACS - Loving Diversity VLC\",\"isPartOf\":{\"@id\":\"https:\/\/lovingdiversity.es\/#website\"},\"primaryImageOfPage\":{\"@id\":\"https:\/\/lovingdiversity.es\/events\/preinscripcions-per-a-balls-llatins-amb-dracs\/#primaryimage\"},\"image\":{\"@id\":\"https:\/\/lovingdiversity.es\/events\/preinscripcions-per-a-balls-llatins-amb-dracs\/#primaryimage\"},\"thumbnailUrl\":\"https:\/\/lovingdiversity.es\/wp-content\/uploads\/2026\/02\/DRACS-BAILES-LATINOS.png\",\"datePublished\":\"2026-02-23T08:38:27+00:00\",\"dateModified\":\"2026-02-23T08:43:11+00:00\",\"breadcrumb\":{\"@id\":\"https:\/\/lovingdiversity.es\/events\/preinscripcions-per-a-balls-llatins-amb-dracs\/#breadcrumb\"},\"inLanguage\":\"es-VAL\",\"potentialAction\":[{\"@type\":\"ReadAction\",\"target\":[\"https:\/\/lovingdiversity.es\/events\/preinscripcions-per-a-balls-llatins-amb-dracs\/\"]}]},{\"@type\":\"ImageObject\",\"inLanguage\":\"es-VAL\",\"@id\":\"https:\/\/lovingdiversity.es\/events\/preinscripcions-per-a-balls-llatins-amb-dracs\/#primaryimage\",\"url\":\"https:\/\/lovingdiversity.es\/wp-content\/uploads\/2026\/02\/DRACS-BAILES-LATINOS.png\",\"contentUrl\":\"https:\/\/lovingdiversity.es\/wp-content\/uploads\/2026\/02\/DRACS-BAILES-LATINOS.png\",\"width\":1400,\"height\":500},{\"@type\":\"BreadcrumbList\",\"@id\":\"https:\/\/lovingdiversity.es\/events\/preinscripcions-per-a-balls-llatins-amb-dracs\/#breadcrumb\",\"itemListElement\":[{\"@type\":\"ListItem\",\"position\":1,\"name\":\"Portada\",\"item\":\"https:\/\/lovingdiversity.es\/\"},{\"@type\":\"ListItem\",\"position\":2,\"name\":\"Events\",\"item\":\"https:\/\/lovingdiversity.es\/events\/\"},{\"@type\":\"ListItem\",\"position\":3,\"name\":\"Preinscripcions per a Balls Llatins amb DRACS\"}]},{\"@type\":\"WebSite\",\"@id\":\"https:\/\/lovingdiversity.es\/#website\",\"url\":\"https:\/\/lovingdiversity.es\/\",\"name\":\"Loving Diversity VLC\",\"description\":\"Agenda de Ocio LGTBI\",\"publisher\":{\"@id\":\"https:\/\/lovingdiversity.es\/#organization\"},\"potentialAction\":[{\"@type\":\"SearchAction\",\"target\":{\"@type\":\"EntryPoint\",\"urlTemplate\":\"https:\/\/lovingdiversity.es\/?s={search_term_string}\"},\"query-input\":{\"@type\":\"PropertyValueSpecification\",\"valueRequired\":true,\"valueName\":\"search_term_string\"}}],\"inLanguage\":\"es-VAL\"},{\"@type\":\"Organization\",\"@id\":\"https:\/\/lovingdiversity.es\/#organization\",\"name\":\"Loving Diversity VLC\",\"url\":\"https:\/\/lovingdiversity.es\/\",\"logo\":{\"@type\":\"ImageObject\",\"inLanguage\":\"es-VAL\",\"@id\":\"https:\/\/lovingdiversity.es\/#\/schema\/logo\/image\/\",\"url\":\"https:\/\/lovingdiversity.es\/wp-content\/uploads\/2024\/12\/logotipo_loving.png\",\"contentUrl\":\"https:\/\/lovingdiversity.es\/wp-content\/uploads\/2024\/12\/logotipo_loving.png\",\"width\":400,\"height\":112,\"caption\":\"Loving Diversity VLC\"},\"image\":{\"@id\":\"https:\/\/lovingdiversity.es\/#\/schema\/logo\/image\/\"},\"sameAs\":[\"https:\/\/www.facebook.com\/ComiteVLC\/\",\"https:\/\/www.instagram.com\/comitevlc\/\",\"https:\/\/www.tiktok.com\/@comitevlc\"]}]}<\/script>\n<!-- \/ Yoast SEO plugin. -->","yoast_head_json":{"title":"Preinscripcions per a Balls Llatins amb DRACS - Loving Diversity VLC","robots":{"index":"index","follow":"follow","max-snippet":"max-snippet:-1","max-image-preview":"max-image-preview:large","max-video-preview":"max-video-preview:-1"},"canonical":"https:\/\/lovingdiversity.es\/val\/events\/preinscripcions-per-a-balls-llatins-amb-dracs\/","og_locale":"es_ES","og_type":"article","og_title":"Preinscripcions per a Balls Llatins amb DRACS - Loving Diversity VLC","og_description":"Salsa i bachata en un entorn inclusiu, segur i sense rols de g\u00e8nere, des de l\u2019activisme i les cures. \ud83d\udcc5 Dimarts i dissabtes per la vesprada \ud83d\udccd Val\u00e8ncia \ud83c\udfb6 No...","og_url":"https:\/\/lovingdiversity.es\/val\/events\/preinscripcions-per-a-balls-llatins-amb-dracs\/","og_site_name":"Loving Diversity VLC","article_publisher":"https:\/\/www.facebook.com\/ComiteVLC\/","article_modified_time":"2026-02-23T08:43:11+00:00","og_image":[{"width":1400,"height":500,"url":"http:\/\/lovingdiversity.es\/wp-content\/uploads\/2026\/02\/DRACS-BAILES-LATINOS.png","type":"image\/png"}],"twitter_card":"summary_large_image","twitter_misc":{"Est. reading time":"1 minute"},"schema":{"@context":"https:\/\/schema.org","@graph":[{"@type":"WebPage","@id":"https:\/\/lovingdiversity.es\/events\/preinscripcions-per-a-balls-llatins-amb-dracs\/","url":"https:\/\/lovingdiversity.es\/events\/preinscripcions-per-a-balls-llatins-amb-dracs\/","name":"Preinscripcions per a Balls Llatins amb DRACS - Loving Diversity VLC","isPartOf":{"@id":"https:\/\/lovingdiversity.es\/#website"},"primaryImageOfPage":{"@id":"https:\/\/lovingdiversity.es\/events\/preinscripcions-per-a-balls-llatins-amb-dracs\/#primaryimage"},"image":{"@id":"https:\/\/lovingdiversity.es\/events\/preinscripcions-per-a-balls-llatins-amb-dracs\/#primaryimage"},"thumbnailUrl":"https:\/\/lovingdiversity.es\/wp-content\/uploads\/2026\/02\/DRACS-BAILES-LATINOS.png","datePublished":"2026-02-23T08:38:27+00:00","dateModified":"2026-02-23T08:43:11+00:00","breadcrumb":{"@id":"https:\/\/lovingdiversity.es\/events\/preinscripcions-per-a-balls-llatins-amb-dracs\/#breadcrumb"},"inLanguage":"es-VAL","potentialAction":[{"@type":"ReadAction","target":["https:\/\/lovingdiversity.es\/events\/preinscripcions-per-a-balls-llatins-amb-dracs\/"]}]},{"@type":"ImageObject","inLanguage":"es-VAL","@id":"https:\/\/lovingdiversity.es\/events\/preinscripcions-per-a-balls-llatins-amb-dracs\/#primaryimage","url":"https:\/\/lovingdiversity.es\/wp-content\/uploads\/2026\/02\/DRACS-BAILES-LATINOS.png","contentUrl":"https:\/\/lovingdiversity.es\/wp-content\/uploads\/2026\/02\/DRACS-BAILES-LATINOS.png","width":1400,"height":500},{"@type":"BreadcrumbList","@id":"https:\/\/lovingdiversity.es\/events\/preinscripcions-per-a-balls-llatins-amb-dracs\/#breadcrumb","itemListElement":[{"@type":"ListItem","position":1,"name":"Portada","item":"https:\/\/lovingdiversity.es\/"},{"@type":"ListItem","position":2,"name":"Events","item":"https:\/\/lovingdiversity.es\/events\/"},{"@type":"ListItem","position":3,"name":"Preinscripcions per a Balls Llatins amb DRACS"}]},{"@type":"WebSite","@id":"https:\/\/lovingdiversity.es\/#website","url":"https:\/\/lovingdiversity.es\/","name":"Loving Diversity VLC","description":"Agenda de Ocio LGTBI","publisher":{"@id":"https:\/\/lovingdiversity.es\/#organization"},"potentialAction":[{"@type":"SearchAction","target":{"@type":"EntryPoint","urlTemplate":"https:\/\/lovingdiversity.es\/?s={search_term_string}"},"query-input":{"@type":"PropertyValueSpecification","valueRequired":true,"valueName":"search_term_string"}}],"inLanguage":"es-VAL"},{"@type":"Organization","@id":"https:\/\/lovingdiversity.es\/#organization","name":"Loving Diversity VLC","url":"https:\/\/lovingdiversity.es\/","logo":{"@type":"ImageObject","inLanguage":"es-VAL","@id":"https:\/\/lovingdiversity.es\/#\/schema\/logo\/image\/","url":"https:\/\/lovingdiversity.es\/wp-content\/uploads\/2024\/12\/logotipo_loving.png","contentUrl":"https:\/\/lovingdiversity.es\/wp-content\/uploads\/2024\/12\/logotipo_loving.png","width":400,"height":112,"caption":"Loving Diversity VLC"},"image":{"@id":"https:\/\/lovingdiversity.es\/#\/schema\/logo\/image\/"},"sameAs":["https:\/\/www.facebook.com\/ComiteVLC\/","https:\/\/www.instagram.com\/comitevlc\/","https:\/\/www.tiktok.com\/@comitevlc"]}]}},"_links":{"self":[{"href":"https:\/\/lovingdiversity.es\/val\/wp-json\/wp\/v2\/ajde_events\/7194","targetHints":{"allow":["GET"]}}],"collection":[{"href":"https:\/\/lovingdiversity.es\/val\/wp-json\/wp\/v2\/ajde_events"}],"about":[{"href":"https:\/\/lovingdiversity.es\/val\/wp-json\/wp\/v2\/types\/ajde_events"}],"author":[{"embeddable":true,"href":"https:\/\/lovingdiversity.es\/val\/wp-json\/wp\/v2\/users\/1"}],"replies":[{"embeddable":true,"href":"https:\/\/lovingdiversity.es\/val\/wp-json\/wp\/v2\/comments?post=7194"}],"wp:featuredmedia":[{"embeddable":true,"href":"https:\/\/lovingdiversity.es\/val\/wp-json\/wp\/v2\/media\/7195"}],"wp:attachment":[{"href":"https:\/\/lovingdiversity.es\/val\/wp-json\/wp\/v2\/media?parent=7194"}],"wp:term":[{"taxonomy":"post_tag","embeddable":true,"href":"https:\/\/lovingdiversity.es\/val\/wp-json\/wp\/v2\/tags?post=7194"},{"taxonomy":"event_type","embeddable":true,"href":"https:\/\/lovingdiversity.es\/val\/wp-json\/wp\/v2\/event_type?post=7194"},{"taxonomy":"event_type_2","embeddable":true,"href":"https:\/\/lovingdiversity.es\/val\/wp-json\/wp\/v2\/event_type_2?post=7194"}],"curies":[{"name":"wp","href":"https:\/\/api.w.org\/{rel}","templated":true}]}}