{"id":7219,"date":"2026-02-26T10:09:37","date_gmt":"2026-02-26T10:09:37","guid":{"rendered":"https:\/\/lovingdiversity.es\/?post_type=ajde_events&#038;p=7219"},"modified":"2026-02-26T10:09:37","modified_gmt":"2026-02-26T10:09:37","slug":"cuidar-en-red-genero-salud-y-atencion-integral","status":"publish","type":"ajde_events","link":"https:\/\/lovingdiversity.es\/val\/events\/cuidar-en-red-genero-salud-y-atencion-integral\/","title":{"rendered":"Cuidar en red: g\u00e9nero, salud y atenci\u00f3n integral"},"content":{"rendered":"<p>\u2728La <a class=\"x1i10hfl xjbqb8w x1ejq31n x18oe1m7 x1sy0etr xstzfhl x972fbf x10w94by x1qhh985 x14e42zd x9f619 x1ypdohk xt0psk2 x3ct3a4 xdj266r x14z9mp xat24cr x1lziwak xexx8yu xyri2b x18d9i69 x1c1uobl x16tdsg8 x1hl2dhg xggy1nq x1a2a7pz notranslate _a6hd\" tabindex=\"0\" role=\"link\" href=\"https:\/\/www.instagram.com\/red.sanitaria.solidaria\/?hl=es\">@red.sanitaria.solidaria<\/a> de <a class=\"x1i10hfl xjbqb8w x1ejq31n x18oe1m7 x1sy0etr xstzfhl x972fbf x10w94by x1qhh985 x14e42zd x9f619 x1ypdohk xt0psk2 x3ct3a4 xdj266r x14z9mp xat24cr x1lziwak xexx8yu xyri2b x18d9i69 x1c1uobl x16tdsg8 x1hl2dhg xggy1nq x1a2a7pz  _aa9_ _a6hd\" tabindex=\"0\" role=\"link\" href=\"https:\/\/www.instagram.com\/explore\/tags\/castell%C3%B3\/?hl=es\">#Castell\u00f3<\/a>, en col\u00b7laboraci\u00f3 amb <a class=\"x1i10hfl xjbqb8w x1ejq31n x18oe1m7 x1sy0etr xstzfhl x972fbf x10w94by x1qhh985 x14e42zd x9f619 x1ypdohk xt0psk2 x3ct3a4 xdj266r x14z9mp xat24cr x1lziwak xexx8yu xyri2b x18d9i69 x1c1uobl x16tdsg8 x1hl2dhg xggy1nq x1a2a7pz notranslate _a6hd\" tabindex=\"0\" role=\"link\" href=\"https:\/\/www.instagram.com\/aesca.uji\/?hl=es\">@aesca.uji<\/a> , presenta les I Jornades de Formaci\u00f3 \u27a1\ufe0f \ud83e\ude7a Cuidar en Xarxa: G\u00e8nere, Salut i Atenci\u00f3 Integral<\/p>\n<p>\ud83d\uddd3 Dilluns 02 de mar\u00e7<br \/>\n\u23f0 16:00 \u2013 19:45<br \/>\n\ud83d\udccdAula MD2111AA, Facultat Ci\u00e8ncies de la Salut-UJI\u00a0+ retransmissi\u00f3 online<\/p>\n<p>Aquestes jornades interdisciplin\u00e0ries s\u2019organitzen en tres blocs tem\u00e0tics:<br \/>\n\u2022 Viol\u00e8ncia de g\u00e8nere<br \/>\n\u2022 G\u00e8nere i interculturalitat<br \/>\n\u2022 Salut menstrual i menopausa<\/p>\n<p>Amb minipon\u00e8ncies de 20 minuts i la participaci\u00f3 de l\u2019Institut Universitari d\u2019Estudis Feministes i de G\u00e8nere \u201cPurificaci\u00f3n Escribano\u201d, el <a class=\"x1i10hfl xjbqb8w x1ejq31n x18oe1m7 x1sy0etr xstzfhl x972fbf x10w94by x1qhh985 x14e42zd x9f619 x1ypdohk xt0psk2 x3ct3a4 xdj266r x14z9mp xat24cr x1lziwak xexx8yu xyri2b x18d9i69 x1c1uobl x16tdsg8 x1hl2dhg xggy1nq x1a2a7pz notranslate _a6hd\" tabindex=\"0\" role=\"link\" href=\"https:\/\/www.instagram.com\/cots_castello\/?hl=es\">@cots_castello<\/a> , el <a class=\"x1i10hfl xjbqb8w x1ejq31n x18oe1m7 x1sy0etr xstzfhl x972fbf x10w94by x1qhh985 x14e42zd x9f619 x1ypdohk xt0psk2 x3ct3a4 xdj266r x14z9mp xat24cr x1lziwak xexx8yu xyri2b x18d9i69 x1c1uobl x16tdsg8 x1hl2dhg xggy1nq x1a2a7pz notranslate _a6hd\" tabindex=\"0\" role=\"link\" href=\"https:\/\/www.instagram.com\/codinucova\/?hl=es\">@codinucova<\/a> , el <a class=\"x1i10hfl xjbqb8w x1ejq31n x18oe1m7 x1sy0etr xstzfhl x972fbf x10w94by x1qhh985 x14e42zd x9f619 x1ypdohk xt0psk2 x3ct3a4 xdj266r x14z9mp xat24cr x1lziwak xexx8yu xyri2b x18d9i69 x1c1uobl x16tdsg8 x1hl2dhg xggy1nq x1a2a7pz notranslate _a6hd\" tabindex=\"0\" role=\"link\" href=\"https:\/\/www.instagram.com\/copcv_psicologia\/?hl=es\">@copcv_psicologia<\/a>, el <a class=\"x1i10hfl xjbqb8w x1ejq31n x18oe1m7 x1sy0etr xstzfhl x972fbf x10w94by x1qhh985 x14e42zd x9f619 x1ypdohk xt0psk2 x3ct3a4 xdj266r x14z9mp xat24cr x1lziwak xexx8yu xyri2b x18d9i69 x1c1uobl x16tdsg8 x1hl2dhg xggy1nq x1a2a7pz notranslate _a6hd\" tabindex=\"0\" role=\"link\" href=\"https:\/\/www.instagram.com\/icof_castellon\/?hl=es\">@icof_castellon<\/a> , personal m\u00e8dic de fam\u00edlia i altres perfils professionals.<\/p>\n<p>Les jornades estan obertes a tot el p\u00fablic. Si eres estudiant de la Facultat de Ci\u00e8ncies de la Salut i assistixes presencialment, podr\u00e0s obtindre mig cr\u00e8dit!<\/p>\n<p>\ud83d\udc47<a href=\"https:\/\/docs.google.com\/forms\/d\/e\/1FAIpQLSeaqp-RTH_7uMW95NO4coP-CxlQJUIecV--tpVcW_0xIB-QLQ\/viewform?fbclid=PAZXh0bgNhZW0CMTEAc3J0YwZhcHBfaWQMMjU2MjgxMDQwNTU4AAGng4ftjaPUi2bkLLYuaFLo6pcvnqIvBa1AAvp8yANNpJbK6p4fFnI2xvmaMes_aem_7Ql3st-UwocD1x-8o_KJ_g\"><span style=\"text-decoration: underline;\">Per a inscriure-us a l&#8217;activitat podeu emplenar el\u00a0forms<\/span><\/a><\/p>\n<p>\ud83d\udcbb Tamb\u00e9 es retransmetr\u00e0 en l\u00ednia per Zoom: <a href=\"https:\/\/us06web.zoom.us\/j\/89934587533\">https:\/\/us06web.zoom.us\/j\/89934587533<\/a><\/p>\n<p>\ud83d\udce9 Per a m\u00e9s\u00a0info: aesca.actividades@gmail.com \/ xarxes.sanitaries.solidaries@gmail.com<\/p>","protected":false},"author":1,"featured_media":7220,"menu_order":0,"comment_status":"open","ping_status":"closed","template":"","meta":[],"tags":[],"event_type":[16],"event_type_2":[],"class_list":{"0":"post-7219","1":"ajde_events","2":"type-ajde_events","3":"status-publish","4":"has-post-thumbnail","6":"event_location-facultat-ciencies-de-la-salut-uji","7":"event_organizer-red-sanitaria-solidaria","8":"event_type-salud"},"yoast_head":"<!-- This site is optimized with the Yoast SEO plugin v26.8 - https:\/\/yoast.com\/product\/yoast-seo-wordpress\/ -->\n<title>Cuidar en red: g\u00e9nero, salud y atenci\u00f3n integral - Loving Diversity VLC<\/title>\n<meta name=\"robots\" content=\"index, follow, max-snippet:-1, max-image-preview:large, max-video-preview:-1\" \/>\n<link rel=\"canonical\" href=\"https:\/\/lovingdiversity.es\/val\/events\/cuidar-en-red-genero-salud-y-atencion-integral\/\" \/>\n<meta property=\"og:locale\" content=\"es_ES\" \/>\n<meta property=\"og:type\" content=\"article\" \/>\n<meta property=\"og:title\" content=\"Cuidar en red: g\u00e9nero, salud y atenci\u00f3n integral - Loving Diversity VLC\" \/>\n<meta property=\"og:description\" content=\"\u2728La @red.sanitaria.solidaria de #Castell\u00f3, en col\u00b7laboraci\u00f3 amb @aesca.uji , presenta les I Jornades de Formaci\u00f3 \u27a1\ufe0f \ud83e\ude7a Cuidar en Xarxa: G\u00e8nere, Salut i Atenci\u00f3 Integral \ud83d\uddd3 Dilluns 02 de mar\u00e7...\" \/>\n<meta property=\"og:url\" content=\"https:\/\/lovingdiversity.es\/val\/events\/cuidar-en-red-genero-salud-y-atencion-integral\/\" \/>\n<meta property=\"og:site_name\" content=\"Loving Diversity VLC\" \/>\n<meta property=\"article:publisher\" content=\"https:\/\/www.facebook.com\/ComiteVLC\/\" \/>\n<meta property=\"og:image\" content=\"http:\/\/lovingdiversity.es\/wp-content\/uploads\/2026\/02\/2M-JORNADASFORMATIVAS.png\" \/>\n\t<meta property=\"og:image:width\" content=\"1400\" \/>\n\t<meta property=\"og:image:height\" content=\"500\" \/>\n\t<meta property=\"og:image:type\" content=\"image\/png\" \/>\n<meta name=\"twitter:card\" content=\"summary_large_image\" \/>\n<meta name=\"twitter:label1\" content=\"Est. reading time\" \/>\n\t<meta name=\"twitter:data1\" content=\"1 minute\" \/>\n<script type=\"application\/ld+json\" class=\"yoast-schema-graph\">{\"@context\":\"https:\/\/schema.org\",\"@graph\":[{\"@type\":\"WebPage\",\"@id\":\"https:\/\/lovingdiversity.es\/events\/cuidar-en-red-genero-salud-y-atencion-integral\/\",\"url\":\"https:\/\/lovingdiversity.es\/events\/cuidar-en-red-genero-salud-y-atencion-integral\/\",\"name\":\"Cuidar en red: g\u00e9nero, salud y atenci\u00f3n integral - Loving Diversity VLC\",\"isPartOf\":{\"@id\":\"https:\/\/lovingdiversity.es\/#website\"},\"primaryImageOfPage\":{\"@id\":\"https:\/\/lovingdiversity.es\/events\/cuidar-en-red-genero-salud-y-atencion-integral\/#primaryimage\"},\"image\":{\"@id\":\"https:\/\/lovingdiversity.es\/events\/cuidar-en-red-genero-salud-y-atencion-integral\/#primaryimage\"},\"thumbnailUrl\":\"https:\/\/lovingdiversity.es\/wp-content\/uploads\/2026\/02\/2M-JORNADASFORMATIVAS.png\",\"datePublished\":\"2026-02-26T10:09:37+00:00\",\"breadcrumb\":{\"@id\":\"https:\/\/lovingdiversity.es\/events\/cuidar-en-red-genero-salud-y-atencion-integral\/#breadcrumb\"},\"inLanguage\":\"es-VAL\",\"potentialAction\":[{\"@type\":\"ReadAction\",\"target\":[\"https:\/\/lovingdiversity.es\/events\/cuidar-en-red-genero-salud-y-atencion-integral\/\"]}]},{\"@type\":\"ImageObject\",\"inLanguage\":\"es-VAL\",\"@id\":\"https:\/\/lovingdiversity.es\/events\/cuidar-en-red-genero-salud-y-atencion-integral\/#primaryimage\",\"url\":\"https:\/\/lovingdiversity.es\/wp-content\/uploads\/2026\/02\/2M-JORNADASFORMATIVAS.png\",\"contentUrl\":\"https:\/\/lovingdiversity.es\/wp-content\/uploads\/2026\/02\/2M-JORNADASFORMATIVAS.png\",\"width\":1400,\"height\":500},{\"@type\":\"BreadcrumbList\",\"@id\":\"https:\/\/lovingdiversity.es\/events\/cuidar-en-red-genero-salud-y-atencion-integral\/#breadcrumb\",\"itemListElement\":[{\"@type\":\"ListItem\",\"position\":1,\"name\":\"Portada\",\"item\":\"https:\/\/lovingdiversity.es\/\"},{\"@type\":\"ListItem\",\"position\":2,\"name\":\"Events\",\"item\":\"https:\/\/lovingdiversity.es\/events\/\"},{\"@type\":\"ListItem\",\"position\":3,\"name\":\"Cuidar en red: g\u00e9nero, salud y atenci\u00f3n integral\"}]},{\"@type\":\"WebSite\",\"@id\":\"https:\/\/lovingdiversity.es\/#website\",\"url\":\"https:\/\/lovingdiversity.es\/\",\"name\":\"Loving Diversity VLC\",\"description\":\"Agenda de Ocio LGTBI\",\"publisher\":{\"@id\":\"https:\/\/lovingdiversity.es\/#organization\"},\"potentialAction\":[{\"@type\":\"SearchAction\",\"target\":{\"@type\":\"EntryPoint\",\"urlTemplate\":\"https:\/\/lovingdiversity.es\/?s={search_term_string}\"},\"query-input\":{\"@type\":\"PropertyValueSpecification\",\"valueRequired\":true,\"valueName\":\"search_term_string\"}}],\"inLanguage\":\"es-VAL\"},{\"@type\":\"Organization\",\"@id\":\"https:\/\/lovingdiversity.es\/#organization\",\"name\":\"Loving Diversity VLC\",\"url\":\"https:\/\/lovingdiversity.es\/\",\"logo\":{\"@type\":\"ImageObject\",\"inLanguage\":\"es-VAL\",\"@id\":\"https:\/\/lovingdiversity.es\/#\/schema\/logo\/image\/\",\"url\":\"https:\/\/lovingdiversity.es\/wp-content\/uploads\/2024\/12\/logotipo_loving.png\",\"contentUrl\":\"https:\/\/lovingdiversity.es\/wp-content\/uploads\/2024\/12\/logotipo_loving.png\",\"width\":400,\"height\":112,\"caption\":\"Loving Diversity VLC\"},\"image\":{\"@id\":\"https:\/\/lovingdiversity.es\/#\/schema\/logo\/image\/\"},\"sameAs\":[\"https:\/\/www.facebook.com\/ComiteVLC\/\",\"https:\/\/www.instagram.com\/comitevlc\/\",\"https:\/\/www.tiktok.com\/@comitevlc\"]}]}<\/script>\n<!-- \/ Yoast SEO plugin. -->","yoast_head_json":{"title":"Cuidar en red: g\u00e9nero, salud y atenci\u00f3n integral - Loving Diversity VLC","robots":{"index":"index","follow":"follow","max-snippet":"max-snippet:-1","max-image-preview":"max-image-preview:large","max-video-preview":"max-video-preview:-1"},"canonical":"https:\/\/lovingdiversity.es\/val\/events\/cuidar-en-red-genero-salud-y-atencion-integral\/","og_locale":"es_ES","og_type":"article","og_title":"Cuidar en red: g\u00e9nero, salud y atenci\u00f3n integral - Loving Diversity VLC","og_description":"\u2728La @red.sanitaria.solidaria de #Castell\u00f3, en col\u00b7laboraci\u00f3 amb @aesca.uji , presenta les I Jornades de Formaci\u00f3 \u27a1\ufe0f \ud83e\ude7a Cuidar en Xarxa: G\u00e8nere, Salut i Atenci\u00f3 Integral \ud83d\uddd3 Dilluns 02 de mar\u00e7...","og_url":"https:\/\/lovingdiversity.es\/val\/events\/cuidar-en-red-genero-salud-y-atencion-integral\/","og_site_name":"Loving Diversity VLC","article_publisher":"https:\/\/www.facebook.com\/ComiteVLC\/","og_image":[{"width":1400,"height":500,"url":"http:\/\/lovingdiversity.es\/wp-content\/uploads\/2026\/02\/2M-JORNADASFORMATIVAS.png","type":"image\/png"}],"twitter_card":"summary_large_image","twitter_misc":{"Est. reading time":"1 minute"},"schema":{"@context":"https:\/\/schema.org","@graph":[{"@type":"WebPage","@id":"https:\/\/lovingdiversity.es\/events\/cuidar-en-red-genero-salud-y-atencion-integral\/","url":"https:\/\/lovingdiversity.es\/events\/cuidar-en-red-genero-salud-y-atencion-integral\/","name":"Cuidar en red: g\u00e9nero, salud y atenci\u00f3n integral - Loving Diversity VLC","isPartOf":{"@id":"https:\/\/lovingdiversity.es\/#website"},"primaryImageOfPage":{"@id":"https:\/\/lovingdiversity.es\/events\/cuidar-en-red-genero-salud-y-atencion-integral\/#primaryimage"},"image":{"@id":"https:\/\/lovingdiversity.es\/events\/cuidar-en-red-genero-salud-y-atencion-integral\/#primaryimage"},"thumbnailUrl":"https:\/\/lovingdiversity.es\/wp-content\/uploads\/2026\/02\/2M-JORNADASFORMATIVAS.png","datePublished":"2026-02-26T10:09:37+00:00","breadcrumb":{"@id":"https:\/\/lovingdiversity.es\/events\/cuidar-en-red-genero-salud-y-atencion-integral\/#breadcrumb"},"inLanguage":"es-VAL","potentialAction":[{"@type":"ReadAction","target":["https:\/\/lovingdiversity.es\/events\/cuidar-en-red-genero-salud-y-atencion-integral\/"]}]},{"@type":"ImageObject","inLanguage":"es-VAL","@id":"https:\/\/lovingdiversity.es\/events\/cuidar-en-red-genero-salud-y-atencion-integral\/#primaryimage","url":"https:\/\/lovingdiversity.es\/wp-content\/uploads\/2026\/02\/2M-JORNADASFORMATIVAS.png","contentUrl":"https:\/\/lovingdiversity.es\/wp-content\/uploads\/2026\/02\/2M-JORNADASFORMATIVAS.png","width":1400,"height":500},{"@type":"BreadcrumbList","@id":"https:\/\/lovingdiversity.es\/events\/cuidar-en-red-genero-salud-y-atencion-integral\/#breadcrumb","itemListElement":[{"@type":"ListItem","position":1,"name":"Portada","item":"https:\/\/lovingdiversity.es\/"},{"@type":"ListItem","position":2,"name":"Events","item":"https:\/\/lovingdiversity.es\/events\/"},{"@type":"ListItem","position":3,"name":"Cuidar en red: g\u00e9nero, salud y atenci\u00f3n integral"}]},{"@type":"WebSite","@id":"https:\/\/lovingdiversity.es\/#website","url":"https:\/\/lovingdiversity.es\/","name":"Loving Diversity VLC","description":"Agenda de Ocio LGTBI","publisher":{"@id":"https:\/\/lovingdiversity.es\/#organization"},"potentialAction":[{"@type":"SearchAction","target":{"@type":"EntryPoint","urlTemplate":"https:\/\/lovingdiversity.es\/?s={search_term_string}"},"query-input":{"@type":"PropertyValueSpecification","valueRequired":true,"valueName":"search_term_string"}}],"inLanguage":"es-VAL"},{"@type":"Organization","@id":"https:\/\/lovingdiversity.es\/#organization","name":"Loving Diversity VLC","url":"https:\/\/lovingdiversity.es\/","logo":{"@type":"ImageObject","inLanguage":"es-VAL","@id":"https:\/\/lovingdiversity.es\/#\/schema\/logo\/image\/","url":"https:\/\/lovingdiversity.es\/wp-content\/uploads\/2024\/12\/logotipo_loving.png","contentUrl":"https:\/\/lovingdiversity.es\/wp-content\/uploads\/2024\/12\/logotipo_loving.png","width":400,"height":112,"caption":"Loving Diversity VLC"},"image":{"@id":"https:\/\/lovingdiversity.es\/#\/schema\/logo\/image\/"},"sameAs":["https:\/\/www.facebook.com\/ComiteVLC\/","https:\/\/www.instagram.com\/comitevlc\/","https:\/\/www.tiktok.com\/@comitevlc"]}]}},"_links":{"self":[{"href":"https:\/\/lovingdiversity.es\/val\/wp-json\/wp\/v2\/ajde_events\/7219","targetHints":{"allow":["GET"]}}],"collection":[{"href":"https:\/\/lovingdiversity.es\/val\/wp-json\/wp\/v2\/ajde_events"}],"about":[{"href":"https:\/\/lovingdiversity.es\/val\/wp-json\/wp\/v2\/types\/ajde_events"}],"author":[{"embeddable":true,"href":"https:\/\/lovingdiversity.es\/val\/wp-json\/wp\/v2\/users\/1"}],"replies":[{"embeddable":true,"href":"https:\/\/lovingdiversity.es\/val\/wp-json\/wp\/v2\/comments?post=7219"}],"wp:featuredmedia":[{"embeddable":true,"href":"https:\/\/lovingdiversity.es\/val\/wp-json\/wp\/v2\/media\/7220"}],"wp:attachment":[{"href":"https:\/\/lovingdiversity.es\/val\/wp-json\/wp\/v2\/media?parent=7219"}],"wp:term":[{"taxonomy":"post_tag","embeddable":true,"href":"https:\/\/lovingdiversity.es\/val\/wp-json\/wp\/v2\/tags?post=7219"},{"taxonomy":"event_type","embeddable":true,"href":"https:\/\/lovingdiversity.es\/val\/wp-json\/wp\/v2\/event_type?post=7219"},{"taxonomy":"event_type_2","embeddable":true,"href":"https:\/\/lovingdiversity.es\/val\/wp-json\/wp\/v2\/event_type_2?post=7219"}],"curies":[{"name":"wp","href":"https:\/\/api.w.org\/{rel}","templated":true}]}}