{"id":7256,"date":"2026-03-04T09:56:32","date_gmt":"2026-03-04T09:56:32","guid":{"rendered":"https:\/\/lovingdiversity.es\/events\/dos-dias-de-tardeo-con-nix-en-epoca\/"},"modified":"2026-03-04T10:05:24","modified_gmt":"2026-03-04T10:05:24","slug":"dos-dias-de-tardeo-con-nix-en-epoca","status":"publish","type":"ajde_events","link":"https:\/\/lovingdiversity.es\/val\/events\/dos-dias-de-tardeo-con-nix-en-epoca\/","title":{"rendered":"Dos d\u00edas de tardeo con Nix en \u00c9poca"},"content":{"rendered":"<p>\u00a1\u00c9poca Valencia se pone ON FIRE este marzo con DRAGS ON THE DANCE FLOOR! Dos d\u00edas seguidos de TARDEO \u00e9pico, espect\u00e1culo drag de alto voltaje y la mejor m\u00fasica non-stop \ud83d\udc96<\/p>\n<p>S\u00c1BADO 7 DE MARZO<br \/>\nActuaci\u00f3n de <a class=\"x1i10hfl xjbqb8w x1ejq31n x18oe1m7 x1sy0etr xstzfhl x972fbf x10w94by x1qhh985 x14e42zd x9f619 x1ypdohk xt0psk2 x3ct3a4 xdj266r x14z9mp xat24cr x1lziwak xexx8yu xyri2b x18d9i69 x1c1uobl x16tdsg8 x1hl2dhg xggy1nq x1a2a7pz notranslate _a6hd\" tabindex=\"0\" role=\"link\" href=\"https:\/\/www.instagram.com\/nix.on.the.beach\/?hl=es\">@nix.on.the.beach<\/a><br \/>\nAcompa\u00f1ada por la incre\u00edble <a class=\"x1i10hfl xjbqb8w x1ejq31n x18oe1m7 x1sy0etr xstzfhl x972fbf x10w94by x1qhh985 x14e42zd x9f619 x1ypdohk xt0psk2 x3ct3a4 xdj266r x14z9mp xat24cr x1lziwak xexx8yu xyri2b x18d9i69 x1c1uobl x16tdsg8 x1hl2dhg xggy1nq x1a2a7pz notranslate _a6hd\" tabindex=\"0\" role=\"link\" href=\"https:\/\/www.instagram.com\/adacarrascooooo\/?hl=es\">@adacarrascooooo<\/a><br \/>\n\u2022 DJ SET de <a class=\"x1i10hfl xjbqb8w x1ejq31n x18oe1m7 x1sy0etr xstzfhl x972fbf x10w94by x1qhh985 x14e42zd x9f619 x1ypdohk xt0psk2 x3ct3a4 xdj266r x14z9mp xat24cr x1lziwak xexx8yu xyri2b x18d9i69 x1c1uobl x16tdsg8 x1hl2dhg xggy1nq x1a2a7pz notranslate _a6hd\" tabindex=\"0\" role=\"link\" href=\"https:\/\/www.instagram.com\/mikemontesinos\/?hl=es\">@mikemontesinos<\/a> pinchando temazos sin parar \ud83c\udfa7<\/p>\n<p>DOMINGO 8 DE MARZO<br \/>\n<a class=\"x1i10hfl xjbqb8w x1ejq31n x18oe1m7 x1sy0etr xstzfhl x972fbf x10w94by x1qhh985 x14e42zd x9f619 x1ypdohk xt0psk2 x3ct3a4 xdj266r x14z9mp xat24cr x1lziwak xexx8yu xyri2b x18d9i69 x1c1uobl x16tdsg8 x1hl2dhg xggy1nq x1a2a7pz notranslate _a6hd\" tabindex=\"0\" role=\"link\" href=\"https:\/\/www.instagram.com\/nix.on.the.beach\/?hl=es\">@nix.on.the.beach<\/a> invita a un domingo delulu y comparte el tardeo con la nueva estrella <a class=\"x1i10hfl xjbqb8w x1ejq31n x18oe1m7 x1sy0etr xstzfhl x972fbf x10w94by x1qhh985 x14e42zd x9f619 x1ypdohk xt0psk2 x3ct3a4 xdj266r x14z9mp xat24cr x1lziwak xexx8yu xyri2b x18d9i69 x1c1uobl x16tdsg8 x1hl2dhg xggy1nq x1a2a7pz notranslate _a6hd\" tabindex=\"0\" role=\"link\" href=\"https:\/\/www.instagram.com\/inesperada_queen\/?hl=es\">@inesperada_queen<\/a> \ud83d\udc51<br \/>\n\u2022 DJ SET de <a class=\"x1i10hfl xjbqb8w x1ejq31n x18oe1m7 x1sy0etr xstzfhl x972fbf x10w94by x1qhh985 x14e42zd x9f619 x1ypdohk xt0psk2 x3ct3a4 xdj266r x14z9mp xat24cr x1lziwak xexx8yu xyri2b x18d9i69 x1c1uobl x16tdsg8 x1hl2dhg xggy1nq x1a2a7pz notranslate _a6hd\" tabindex=\"0\" role=\"link\" href=\"https:\/\/www.instagram.com\/sergikylven\/?hl=es\">@sergikylven<\/a> para que no pare el baile ni un segundo \ud83d\udd7a<\/p>\n<p>Apertura: 17:00 h | Party: 18:00 h<br \/>\nEntradas solo 9,99\u20ac (\u00a1aforo LIMITAD\u00cdSIMO, corre!)<br \/>\nCons\u00edguelas YA en <strong><a href=\"https:\/\/www.entrapolis.com\/entradas\/nix-ines-perada-sabado\">entrapolis.com<\/a><\/strong><\/p>\n<p>C\/ Borrull 17, Val\u00e8ncia \ud83d\udc9c<\/p>","protected":false},"author":1,"featured_media":7257,"menu_order":0,"comment_status":"open","ping_status":"closed","template":"","meta":[],"tags":[],"event_type":[18],"event_type_2":[],"class_list":{"0":"post-7256","1":"ajde_events","2":"type-ajde_events","3":"status-publish","4":"has-post-thumbnail","6":"event_location-epoca-local","7":"event_organizer-epoca-valencia","8":"event_type-fiesta"},"yoast_head":"<!-- This site is optimized with the Yoast SEO plugin v26.8 - https:\/\/yoast.com\/product\/yoast-seo-wordpress\/ -->\n<title>Dos d\u00edas de tardeo con Nix en \u00c9poca - Loving Diversity VLC<\/title>\n<meta name=\"robots\" content=\"index, follow, max-snippet:-1, max-image-preview:large, max-video-preview:-1\" \/>\n<link rel=\"canonical\" href=\"https:\/\/lovingdiversity.es\/val\/events\/dos-dias-de-tardeo-con-nix-en-epoca\/\" \/>\n<meta property=\"og:locale\" content=\"es_ES\" \/>\n<meta property=\"og:type\" content=\"article\" \/>\n<meta property=\"og:title\" content=\"Dos d\u00edas de tardeo con Nix en \u00c9poca - Loving Diversity VLC\" \/>\n<meta property=\"og:description\" content=\"\u00a1\u00c9poca Valencia se pone ON FIRE este marzo con DRAGS ON THE DANCE FLOOR! Dos d\u00edas seguidos de TARDEO \u00e9pico, espect\u00e1culo drag de alto voltaje y la mejor m\u00fasica non-stop...\" \/>\n<meta property=\"og:url\" content=\"https:\/\/lovingdiversity.es\/val\/events\/dos-dias-de-tardeo-con-nix-en-epoca\/\" \/>\n<meta property=\"og:site_name\" content=\"Loving Diversity VLC\" \/>\n<meta property=\"article:publisher\" content=\"https:\/\/www.facebook.com\/ComiteVLC\/\" \/>\n<meta property=\"article:modified_time\" content=\"2026-03-04T10:05:24+00:00\" \/>\n<meta property=\"og:image\" content=\"http:\/\/lovingdiversity.es\/wp-content\/uploads\/2026\/03\/78M-EPOCA-NIX.png\" \/>\n\t<meta property=\"og:image:width\" content=\"1400\" \/>\n\t<meta property=\"og:image:height\" content=\"500\" \/>\n\t<meta property=\"og:image:type\" content=\"image\/png\" \/>\n<meta name=\"twitter:card\" content=\"summary_large_image\" \/>\n<meta name=\"twitter:label1\" content=\"Est. reading time\" \/>\n\t<meta name=\"twitter:data1\" content=\"1 minute\" \/>\n<script type=\"application\/ld+json\" class=\"yoast-schema-graph\">{\"@context\":\"https:\/\/schema.org\",\"@graph\":[{\"@type\":\"WebPage\",\"@id\":\"https:\/\/lovingdiversity.es\/events\/dos-dias-de-tardeo-con-nix-en-epoca\/\",\"url\":\"https:\/\/lovingdiversity.es\/events\/dos-dias-de-tardeo-con-nix-en-epoca\/\",\"name\":\"Dos d\u00edas de tardeo con Nix en \u00c9poca - Loving Diversity VLC\",\"isPartOf\":{\"@id\":\"https:\/\/lovingdiversity.es\/#website\"},\"primaryImageOfPage\":{\"@id\":\"https:\/\/lovingdiversity.es\/events\/dos-dias-de-tardeo-con-nix-en-epoca\/#primaryimage\"},\"image\":{\"@id\":\"https:\/\/lovingdiversity.es\/events\/dos-dias-de-tardeo-con-nix-en-epoca\/#primaryimage\"},\"thumbnailUrl\":\"https:\/\/lovingdiversity.es\/wp-content\/uploads\/2026\/03\/78M-EPOCA-NIX.png\",\"datePublished\":\"2026-03-04T09:56:32+00:00\",\"dateModified\":\"2026-03-04T10:05:24+00:00\",\"breadcrumb\":{\"@id\":\"https:\/\/lovingdiversity.es\/events\/dos-dias-de-tardeo-con-nix-en-epoca\/#breadcrumb\"},\"inLanguage\":\"es-VAL\",\"potentialAction\":[{\"@type\":\"ReadAction\",\"target\":[\"https:\/\/lovingdiversity.es\/events\/dos-dias-de-tardeo-con-nix-en-epoca\/\"]}]},{\"@type\":\"ImageObject\",\"inLanguage\":\"es-VAL\",\"@id\":\"https:\/\/lovingdiversity.es\/events\/dos-dias-de-tardeo-con-nix-en-epoca\/#primaryimage\",\"url\":\"https:\/\/lovingdiversity.es\/wp-content\/uploads\/2026\/03\/78M-EPOCA-NIX.png\",\"contentUrl\":\"https:\/\/lovingdiversity.es\/wp-content\/uploads\/2026\/03\/78M-EPOCA-NIX.png\",\"width\":1400,\"height\":500},{\"@type\":\"BreadcrumbList\",\"@id\":\"https:\/\/lovingdiversity.es\/events\/dos-dias-de-tardeo-con-nix-en-epoca\/#breadcrumb\",\"itemListElement\":[{\"@type\":\"ListItem\",\"position\":1,\"name\":\"Portada\",\"item\":\"https:\/\/lovingdiversity.es\/\"},{\"@type\":\"ListItem\",\"position\":2,\"name\":\"Events\",\"item\":\"https:\/\/lovingdiversity.es\/events\/\"},{\"@type\":\"ListItem\",\"position\":3,\"name\":\"Dos d\u00edas de tardeo con Nix en \u00c9poca\"}]},{\"@type\":\"WebSite\",\"@id\":\"https:\/\/lovingdiversity.es\/#website\",\"url\":\"https:\/\/lovingdiversity.es\/\",\"name\":\"Loving Diversity VLC\",\"description\":\"Agenda de Ocio LGTBI\",\"publisher\":{\"@id\":\"https:\/\/lovingdiversity.es\/#organization\"},\"potentialAction\":[{\"@type\":\"SearchAction\",\"target\":{\"@type\":\"EntryPoint\",\"urlTemplate\":\"https:\/\/lovingdiversity.es\/?s={search_term_string}\"},\"query-input\":{\"@type\":\"PropertyValueSpecification\",\"valueRequired\":true,\"valueName\":\"search_term_string\"}}],\"inLanguage\":\"es-VAL\"},{\"@type\":\"Organization\",\"@id\":\"https:\/\/lovingdiversity.es\/#organization\",\"name\":\"Loving Diversity VLC\",\"url\":\"https:\/\/lovingdiversity.es\/\",\"logo\":{\"@type\":\"ImageObject\",\"inLanguage\":\"es-VAL\",\"@id\":\"https:\/\/lovingdiversity.es\/#\/schema\/logo\/image\/\",\"url\":\"https:\/\/lovingdiversity.es\/wp-content\/uploads\/2024\/12\/logotipo_loving.png\",\"contentUrl\":\"https:\/\/lovingdiversity.es\/wp-content\/uploads\/2024\/12\/logotipo_loving.png\",\"width\":400,\"height\":112,\"caption\":\"Loving Diversity VLC\"},\"image\":{\"@id\":\"https:\/\/lovingdiversity.es\/#\/schema\/logo\/image\/\"},\"sameAs\":[\"https:\/\/www.facebook.com\/ComiteVLC\/\",\"https:\/\/www.instagram.com\/comitevlc\/\",\"https:\/\/www.tiktok.com\/@comitevlc\"]}]}<\/script>\n<!-- \/ Yoast SEO plugin. -->","yoast_head_json":{"title":"Dos d\u00edas de tardeo con Nix en \u00c9poca - Loving Diversity VLC","robots":{"index":"index","follow":"follow","max-snippet":"max-snippet:-1","max-image-preview":"max-image-preview:large","max-video-preview":"max-video-preview:-1"},"canonical":"https:\/\/lovingdiversity.es\/val\/events\/dos-dias-de-tardeo-con-nix-en-epoca\/","og_locale":"es_ES","og_type":"article","og_title":"Dos d\u00edas de tardeo con Nix en \u00c9poca - Loving Diversity VLC","og_description":"\u00a1\u00c9poca Valencia se pone ON FIRE este marzo con DRAGS ON THE DANCE FLOOR! Dos d\u00edas seguidos de TARDEO \u00e9pico, espect\u00e1culo drag de alto voltaje y la mejor m\u00fasica non-stop...","og_url":"https:\/\/lovingdiversity.es\/val\/events\/dos-dias-de-tardeo-con-nix-en-epoca\/","og_site_name":"Loving Diversity VLC","article_publisher":"https:\/\/www.facebook.com\/ComiteVLC\/","article_modified_time":"2026-03-04T10:05:24+00:00","og_image":[{"width":1400,"height":500,"url":"http:\/\/lovingdiversity.es\/wp-content\/uploads\/2026\/03\/78M-EPOCA-NIX.png","type":"image\/png"}],"twitter_card":"summary_large_image","twitter_misc":{"Est. reading time":"1 minute"},"schema":{"@context":"https:\/\/schema.org","@graph":[{"@type":"WebPage","@id":"https:\/\/lovingdiversity.es\/events\/dos-dias-de-tardeo-con-nix-en-epoca\/","url":"https:\/\/lovingdiversity.es\/events\/dos-dias-de-tardeo-con-nix-en-epoca\/","name":"Dos d\u00edas de tardeo con Nix en \u00c9poca - Loving Diversity VLC","isPartOf":{"@id":"https:\/\/lovingdiversity.es\/#website"},"primaryImageOfPage":{"@id":"https:\/\/lovingdiversity.es\/events\/dos-dias-de-tardeo-con-nix-en-epoca\/#primaryimage"},"image":{"@id":"https:\/\/lovingdiversity.es\/events\/dos-dias-de-tardeo-con-nix-en-epoca\/#primaryimage"},"thumbnailUrl":"https:\/\/lovingdiversity.es\/wp-content\/uploads\/2026\/03\/78M-EPOCA-NIX.png","datePublished":"2026-03-04T09:56:32+00:00","dateModified":"2026-03-04T10:05:24+00:00","breadcrumb":{"@id":"https:\/\/lovingdiversity.es\/events\/dos-dias-de-tardeo-con-nix-en-epoca\/#breadcrumb"},"inLanguage":"es-VAL","potentialAction":[{"@type":"ReadAction","target":["https:\/\/lovingdiversity.es\/events\/dos-dias-de-tardeo-con-nix-en-epoca\/"]}]},{"@type":"ImageObject","inLanguage":"es-VAL","@id":"https:\/\/lovingdiversity.es\/events\/dos-dias-de-tardeo-con-nix-en-epoca\/#primaryimage","url":"https:\/\/lovingdiversity.es\/wp-content\/uploads\/2026\/03\/78M-EPOCA-NIX.png","contentUrl":"https:\/\/lovingdiversity.es\/wp-content\/uploads\/2026\/03\/78M-EPOCA-NIX.png","width":1400,"height":500},{"@type":"BreadcrumbList","@id":"https:\/\/lovingdiversity.es\/events\/dos-dias-de-tardeo-con-nix-en-epoca\/#breadcrumb","itemListElement":[{"@type":"ListItem","position":1,"name":"Portada","item":"https:\/\/lovingdiversity.es\/"},{"@type":"ListItem","position":2,"name":"Events","item":"https:\/\/lovingdiversity.es\/events\/"},{"@type":"ListItem","position":3,"name":"Dos d\u00edas de tardeo con Nix en \u00c9poca"}]},{"@type":"WebSite","@id":"https:\/\/lovingdiversity.es\/#website","url":"https:\/\/lovingdiversity.es\/","name":"Loving Diversity VLC","description":"Agenda de Ocio LGTBI","publisher":{"@id":"https:\/\/lovingdiversity.es\/#organization"},"potentialAction":[{"@type":"SearchAction","target":{"@type":"EntryPoint","urlTemplate":"https:\/\/lovingdiversity.es\/?s={search_term_string}"},"query-input":{"@type":"PropertyValueSpecification","valueRequired":true,"valueName":"search_term_string"}}],"inLanguage":"es-VAL"},{"@type":"Organization","@id":"https:\/\/lovingdiversity.es\/#organization","name":"Loving Diversity VLC","url":"https:\/\/lovingdiversity.es\/","logo":{"@type":"ImageObject","inLanguage":"es-VAL","@id":"https:\/\/lovingdiversity.es\/#\/schema\/logo\/image\/","url":"https:\/\/lovingdiversity.es\/wp-content\/uploads\/2024\/12\/logotipo_loving.png","contentUrl":"https:\/\/lovingdiversity.es\/wp-content\/uploads\/2024\/12\/logotipo_loving.png","width":400,"height":112,"caption":"Loving Diversity VLC"},"image":{"@id":"https:\/\/lovingdiversity.es\/#\/schema\/logo\/image\/"},"sameAs":["https:\/\/www.facebook.com\/ComiteVLC\/","https:\/\/www.instagram.com\/comitevlc\/","https:\/\/www.tiktok.com\/@comitevlc"]}]}},"_links":{"self":[{"href":"https:\/\/lovingdiversity.es\/val\/wp-json\/wp\/v2\/ajde_events\/7256","targetHints":{"allow":["GET"]}}],"collection":[{"href":"https:\/\/lovingdiversity.es\/val\/wp-json\/wp\/v2\/ajde_events"}],"about":[{"href":"https:\/\/lovingdiversity.es\/val\/wp-json\/wp\/v2\/types\/ajde_events"}],"author":[{"embeddable":true,"href":"https:\/\/lovingdiversity.es\/val\/wp-json\/wp\/v2\/users\/1"}],"replies":[{"embeddable":true,"href":"https:\/\/lovingdiversity.es\/val\/wp-json\/wp\/v2\/comments?post=7256"}],"wp:featuredmedia":[{"embeddable":true,"href":"https:\/\/lovingdiversity.es\/val\/wp-json\/wp\/v2\/media\/7257"}],"wp:attachment":[{"href":"https:\/\/lovingdiversity.es\/val\/wp-json\/wp\/v2\/media?parent=7256"}],"wp:term":[{"taxonomy":"post_tag","embeddable":true,"href":"https:\/\/lovingdiversity.es\/val\/wp-json\/wp\/v2\/tags?post=7256"},{"taxonomy":"event_type","embeddable":true,"href":"https:\/\/lovingdiversity.es\/val\/wp-json\/wp\/v2\/event_type?post=7256"},{"taxonomy":"event_type_2","embeddable":true,"href":"https:\/\/lovingdiversity.es\/val\/wp-json\/wp\/v2\/event_type_2?post=7256"}],"curies":[{"name":"wp","href":"https:\/\/api.w.org\/{rel}","templated":true}]}}