{"id":7327,"date":"2026-03-24T10:43:27","date_gmt":"2026-03-24T10:43:27","guid":{"rendered":"https:\/\/lovingdiversity.es\/events\/cantina-cuir-en-contexto-queer\/"},"modified":"2026-03-24T11:06:07","modified_gmt":"2026-03-24T11:06:07","slug":"cantina-cuir-en-contexto-queer","status":"publish","type":"ajde_events","link":"https:\/\/lovingdiversity.es\/val\/events\/cantina-cuir-en-contexto-queer\/","title":{"rendered":"\u00abCantina Cuir\u00bb en Contexto Queer"},"content":{"rendered":"<p>Bienvenidxs a la Cantina Cuir. Este s\u00e1bado 28 de marzo, a las 11.00h, tendr\u00e1 lugar el primer encuentro, leyendo a la ancestra de ancestras:<br \/>\nGloria Anzald\u00faa: lesbiana que vas a amar.<\/p>\n<p>\u2728 \u00bfUna cantina en una librer\u00eda queer?<br \/>\nS\u00ed. Tal cual. Inspirades en la intensidad de las cantinas latinoamericanas abrimos un par\u00e9ntesis contra la productividad, el racismo, el individualismo. Un refugio para quienes est\u00e1n hartxs de los espacios as\u00e9pticos y neutrales. En esta cantina se mezclan las alegr\u00edas y los duelares, las historias de amor, desamor, poliamor. Lo personal y lo pol\u00edtico. Aqu\u00ed la conversa no tiene prisa. No faltar\u00e1 un elixir espirituoso aliado perfecto para el atrevimiento y la poes\u00eda para avivar el fuego de las pasiones pol\u00edticas.<\/p>\n<p>\u2728 \u00bfQu\u00e9 vamos a hacer?<br \/>\nNos juntamos gente disidente de la heteronorma y el r\u00e9gimen heterosexual a leer, pero no solo eso. No quedamos para \u00abaprender\u00bb sino para desaprender cuestionando y sentipensando (sentir-pensando) los privilegios, en medio de las paradojas de la vida misma, en este contexto de aumento del odios hacia nuestras comunidades.<\/p>\n<p>Porque los lugares demasiado \u00abseguros\u00bb nunca fueron acogedores para la gente \u201ccuir\u201d elegimos la casa de las rarezas para existir. Entonces:<\/p>\n<p>\u00bfQui\u00e9n se quiere leyendo junto a tortilleras, lesbianes, areperas, no binaries migrantes racializades? \u00bfQui\u00e9n traiciona las certezas de su cultura para entrar en un espacio transfronterizo? \u00bfQui\u00e9n se dejar\u00e1 atravesar por nuestras intensidades? \u00bfEntre qui\u00e9nes haremos lectura, poes\u00eda y p\u00f3cimas?<\/p>\n<p>1\u00ba Encuentro: Leyendo a la ancestra de ancestras:<br \/>\nGloria Anzald\u00faa: lesbiana que vas a amar<\/p>\n<p>Lectura conjunta con:<br \/>\n<a class=\"x1i10hfl xjbqb8w x1ejq31n x18oe1m7 x1sy0etr xstzfhl x972fbf x10w94by x1qhh985 x14e42zd x9f619 x1ypdohk xt0psk2 x3ct3a4 xdj266r x14z9mp xat24cr x1lziwak xexx8yu xyri2b x18d9i69 x1c1uobl x16tdsg8 x1hl2dhg xggy1nq x1a2a7pz notranslate _a6hd\" tabindex=\"0\" role=\"link\" href=\"https:\/\/www.instagram.com\/salomekarvajalruiz\/?hl=es\">@salomekarvajalruiz<\/a> y <a class=\"x1i10hfl xjbqb8w x1ejq31n x18oe1m7 x1sy0etr xstzfhl x972fbf x10w94by x1qhh985 x14e42zd x9f619 x1ypdohk xt0psk2 x3ct3a4 xdj266r x14z9mp xat24cr x1lziwak xexx8yu xyri2b x18d9i69 x1c1uobl x16tdsg8 x1hl2dhg xggy1nq x1a2a7pz notranslate _a6hd\" tabindex=\"0\" role=\"link\" href=\"https:\/\/www.instagram.com\/silvia.vise00\/?hl=es\">@silvia.vise00<\/a><br \/>\nPoeta invitada: <a class=\"x1i10hfl xjbqb8w x1ejq31n x18oe1m7 x1sy0etr xstzfhl x972fbf x10w94by x1qhh985 x14e42zd x9f619 x1ypdohk xt0psk2 x3ct3a4 xdj266r x14z9mp xat24cr x1lziwak xexx8yu xyri2b x18d9i69 x1c1uobl x16tdsg8 x1hl2dhg xggy1nq x1a2a7pz notranslate _a6hd\" tabindex=\"0\" role=\"link\" href=\"https:\/\/www.instagram.com\/lumia_rodriguez\/?hl=es\">@lumia_rodriguez<\/a><\/p>\n<p>Fecha: S\u00e1bado 28\/03 \/26<br \/>\nHora: 11h &#8211; 13h<br \/>\nLugar: <a class=\"x1i10hfl xjbqb8w x1ejq31n x18oe1m7 x1sy0etr xstzfhl x972fbf x10w94by x1qhh985 x14e42zd x9f619 x1ypdohk xt0psk2 x3ct3a4 xdj266r x14z9mp xat24cr x1lziwak xexx8yu xyri2b x18d9i69 x1c1uobl x16tdsg8 x1hl2dhg xggy1nq x1a2a7pz notranslate _a6hd\" tabindex=\"0\" role=\"link\" href=\"https:\/\/www.instagram.com\/contextoqueer\/?hl=es\">@contextoqueer<\/a><br \/>\nPrecio: 12\u20ac anticipada \/ 15\u20ac el mismo d\u00eda<\/p>\n<p>\u201cNO NOS MIRES, \u00daNETE\u201d<\/p>\n<p>Gracias por la rola\/Thanks: <a class=\"x1i10hfl xjbqb8w x1ejq31n x18oe1m7 x1sy0etr xstzfhl x972fbf x10w94by x1qhh985 x14e42zd x9f619 x1ypdohk xt0psk2 x3ct3a4 xdj266r x14z9mp xat24cr x1lziwak xexx8yu xyri2b x18d9i69 x1c1uobl x16tdsg8 x1hl2dhg xggy1nq x1a2a7pz notranslate _a6hd\" tabindex=\"0\" role=\"link\" href=\"https:\/\/www.instagram.com\/snowthaproduct\/?hl=es\">@snowthaproduct<\/a><\/p>","protected":false},"author":1,"featured_media":7328,"menu_order":0,"comment_status":"open","ping_status":"closed","template":"","meta":[],"tags":[],"event_type":[12],"event_type_2":[],"class_list":{"0":"post-7327","1":"ajde_events","2":"type-ajde_events","3":"status-publish","4":"has-post-thumbnail","6":"event_location-contexto-queer","7":"event_organizer-contexto-queer","8":"event_type-libros"},"yoast_head":"<!-- This site is optimized with the Yoast SEO plugin v26.8 - https:\/\/yoast.com\/product\/yoast-seo-wordpress\/ -->\n<title>&quot;Cantina Cuir&quot; en Contexto Queer - Loving Diversity VLC<\/title>\n<meta name=\"robots\" content=\"index, follow, max-snippet:-1, max-image-preview:large, max-video-preview:-1\" \/>\n<link rel=\"canonical\" href=\"https:\/\/lovingdiversity.es\/val\/events\/cantina-cuir-en-contexto-queer\/\" \/>\n<meta property=\"og:locale\" content=\"es_ES\" \/>\n<meta property=\"og:type\" content=\"article\" \/>\n<meta property=\"og:title\" content=\"&quot;Cantina Cuir&quot; en Contexto Queer - Loving Diversity VLC\" \/>\n<meta property=\"og:description\" content=\"Bienvenidxs a la Cantina Cuir. Este s\u00e1bado 28 de marzo, a las 11.00h, tendr\u00e1 lugar el primer encuentro, leyendo a la ancestra de ancestras: Gloria Anzald\u00faa: lesbiana que vas a...\" \/>\n<meta property=\"og:url\" content=\"https:\/\/lovingdiversity.es\/val\/events\/cantina-cuir-en-contexto-queer\/\" \/>\n<meta property=\"og:site_name\" content=\"Loving Diversity VLC\" \/>\n<meta property=\"article:publisher\" content=\"https:\/\/www.facebook.com\/ComiteVLC\/\" \/>\n<meta property=\"article:modified_time\" content=\"2026-03-24T11:06:07+00:00\" \/>\n<meta property=\"og:image\" content=\"http:\/\/lovingdiversity.es\/wp-content\/uploads\/2026\/03\/Banner-Eventos-Web-23.png\" \/>\n\t<meta property=\"og:image:width\" content=\"1400\" \/>\n\t<meta property=\"og:image:height\" content=\"500\" \/>\n\t<meta property=\"og:image:type\" content=\"image\/png\" \/>\n<meta name=\"twitter:card\" content=\"summary_large_image\" \/>\n<meta name=\"twitter:label1\" content=\"Est. reading time\" \/>\n\t<meta name=\"twitter:data1\" content=\"2 minutes\" \/>\n<script type=\"application\/ld+json\" class=\"yoast-schema-graph\">{\"@context\":\"https:\/\/schema.org\",\"@graph\":[{\"@type\":\"WebPage\",\"@id\":\"https:\/\/lovingdiversity.es\/events\/cantina-cuir-en-contexto-queer\/\",\"url\":\"https:\/\/lovingdiversity.es\/events\/cantina-cuir-en-contexto-queer\/\",\"name\":\"\\\"Cantina Cuir\\\" en Contexto Queer - Loving Diversity VLC\",\"isPartOf\":{\"@id\":\"https:\/\/lovingdiversity.es\/#website\"},\"primaryImageOfPage\":{\"@id\":\"https:\/\/lovingdiversity.es\/events\/cantina-cuir-en-contexto-queer\/#primaryimage\"},\"image\":{\"@id\":\"https:\/\/lovingdiversity.es\/events\/cantina-cuir-en-contexto-queer\/#primaryimage\"},\"thumbnailUrl\":\"https:\/\/lovingdiversity.es\/wp-content\/uploads\/2026\/03\/Banner-Eventos-Web-23.png\",\"datePublished\":\"2026-03-24T10:43:27+00:00\",\"dateModified\":\"2026-03-24T11:06:07+00:00\",\"breadcrumb\":{\"@id\":\"https:\/\/lovingdiversity.es\/events\/cantina-cuir-en-contexto-queer\/#breadcrumb\"},\"inLanguage\":\"es-VAL\",\"potentialAction\":[{\"@type\":\"ReadAction\",\"target\":[\"https:\/\/lovingdiversity.es\/events\/cantina-cuir-en-contexto-queer\/\"]}]},{\"@type\":\"ImageObject\",\"inLanguage\":\"es-VAL\",\"@id\":\"https:\/\/lovingdiversity.es\/events\/cantina-cuir-en-contexto-queer\/#primaryimage\",\"url\":\"https:\/\/lovingdiversity.es\/wp-content\/uploads\/2026\/03\/Banner-Eventos-Web-23.png\",\"contentUrl\":\"https:\/\/lovingdiversity.es\/wp-content\/uploads\/2026\/03\/Banner-Eventos-Web-23.png\",\"width\":1400,\"height\":500},{\"@type\":\"BreadcrumbList\",\"@id\":\"https:\/\/lovingdiversity.es\/events\/cantina-cuir-en-contexto-queer\/#breadcrumb\",\"itemListElement\":[{\"@type\":\"ListItem\",\"position\":1,\"name\":\"Portada\",\"item\":\"https:\/\/lovingdiversity.es\/\"},{\"@type\":\"ListItem\",\"position\":2,\"name\":\"Events\",\"item\":\"https:\/\/lovingdiversity.es\/events\/\"},{\"@type\":\"ListItem\",\"position\":3,\"name\":\"\u00abCantina Cuir\u00bb en Contexto Queer\"}]},{\"@type\":\"WebSite\",\"@id\":\"https:\/\/lovingdiversity.es\/#website\",\"url\":\"https:\/\/lovingdiversity.es\/\",\"name\":\"Loving Diversity VLC\",\"description\":\"Agenda de Ocio LGTBI\",\"publisher\":{\"@id\":\"https:\/\/lovingdiversity.es\/#organization\"},\"potentialAction\":[{\"@type\":\"SearchAction\",\"target\":{\"@type\":\"EntryPoint\",\"urlTemplate\":\"https:\/\/lovingdiversity.es\/?s={search_term_string}\"},\"query-input\":{\"@type\":\"PropertyValueSpecification\",\"valueRequired\":true,\"valueName\":\"search_term_string\"}}],\"inLanguage\":\"es-VAL\"},{\"@type\":\"Organization\",\"@id\":\"https:\/\/lovingdiversity.es\/#organization\",\"name\":\"Loving Diversity VLC\",\"url\":\"https:\/\/lovingdiversity.es\/\",\"logo\":{\"@type\":\"ImageObject\",\"inLanguage\":\"es-VAL\",\"@id\":\"https:\/\/lovingdiversity.es\/#\/schema\/logo\/image\/\",\"url\":\"https:\/\/lovingdiversity.es\/wp-content\/uploads\/2024\/12\/logotipo_loving.png\",\"contentUrl\":\"https:\/\/lovingdiversity.es\/wp-content\/uploads\/2024\/12\/logotipo_loving.png\",\"width\":400,\"height\":112,\"caption\":\"Loving Diversity VLC\"},\"image\":{\"@id\":\"https:\/\/lovingdiversity.es\/#\/schema\/logo\/image\/\"},\"sameAs\":[\"https:\/\/www.facebook.com\/ComiteVLC\/\",\"https:\/\/www.instagram.com\/comitevlc\/\",\"https:\/\/www.tiktok.com\/@comitevlc\"]}]}<\/script>\n<!-- \/ Yoast SEO plugin. -->","yoast_head_json":{"title":"\"Cantina Cuir\" en Contexto Queer - Loving Diversity VLC","robots":{"index":"index","follow":"follow","max-snippet":"max-snippet:-1","max-image-preview":"max-image-preview:large","max-video-preview":"max-video-preview:-1"},"canonical":"https:\/\/lovingdiversity.es\/val\/events\/cantina-cuir-en-contexto-queer\/","og_locale":"es_ES","og_type":"article","og_title":"\"Cantina Cuir\" en Contexto Queer - Loving Diversity VLC","og_description":"Bienvenidxs a la Cantina Cuir. Este s\u00e1bado 28 de marzo, a las 11.00h, tendr\u00e1 lugar el primer encuentro, leyendo a la ancestra de ancestras: Gloria Anzald\u00faa: lesbiana que vas a...","og_url":"https:\/\/lovingdiversity.es\/val\/events\/cantina-cuir-en-contexto-queer\/","og_site_name":"Loving Diversity VLC","article_publisher":"https:\/\/www.facebook.com\/ComiteVLC\/","article_modified_time":"2026-03-24T11:06:07+00:00","og_image":[{"width":1400,"height":500,"url":"http:\/\/lovingdiversity.es\/wp-content\/uploads\/2026\/03\/Banner-Eventos-Web-23.png","type":"image\/png"}],"twitter_card":"summary_large_image","twitter_misc":{"Est. reading time":"2 minutes"},"schema":{"@context":"https:\/\/schema.org","@graph":[{"@type":"WebPage","@id":"https:\/\/lovingdiversity.es\/events\/cantina-cuir-en-contexto-queer\/","url":"https:\/\/lovingdiversity.es\/events\/cantina-cuir-en-contexto-queer\/","name":"\"Cantina Cuir\" en Contexto Queer - Loving Diversity VLC","isPartOf":{"@id":"https:\/\/lovingdiversity.es\/#website"},"primaryImageOfPage":{"@id":"https:\/\/lovingdiversity.es\/events\/cantina-cuir-en-contexto-queer\/#primaryimage"},"image":{"@id":"https:\/\/lovingdiversity.es\/events\/cantina-cuir-en-contexto-queer\/#primaryimage"},"thumbnailUrl":"https:\/\/lovingdiversity.es\/wp-content\/uploads\/2026\/03\/Banner-Eventos-Web-23.png","datePublished":"2026-03-24T10:43:27+00:00","dateModified":"2026-03-24T11:06:07+00:00","breadcrumb":{"@id":"https:\/\/lovingdiversity.es\/events\/cantina-cuir-en-contexto-queer\/#breadcrumb"},"inLanguage":"es-VAL","potentialAction":[{"@type":"ReadAction","target":["https:\/\/lovingdiversity.es\/events\/cantina-cuir-en-contexto-queer\/"]}]},{"@type":"ImageObject","inLanguage":"es-VAL","@id":"https:\/\/lovingdiversity.es\/events\/cantina-cuir-en-contexto-queer\/#primaryimage","url":"https:\/\/lovingdiversity.es\/wp-content\/uploads\/2026\/03\/Banner-Eventos-Web-23.png","contentUrl":"https:\/\/lovingdiversity.es\/wp-content\/uploads\/2026\/03\/Banner-Eventos-Web-23.png","width":1400,"height":500},{"@type":"BreadcrumbList","@id":"https:\/\/lovingdiversity.es\/events\/cantina-cuir-en-contexto-queer\/#breadcrumb","itemListElement":[{"@type":"ListItem","position":1,"name":"Portada","item":"https:\/\/lovingdiversity.es\/"},{"@type":"ListItem","position":2,"name":"Events","item":"https:\/\/lovingdiversity.es\/events\/"},{"@type":"ListItem","position":3,"name":"\u00abCantina Cuir\u00bb en Contexto Queer"}]},{"@type":"WebSite","@id":"https:\/\/lovingdiversity.es\/#website","url":"https:\/\/lovingdiversity.es\/","name":"Loving Diversity VLC","description":"Agenda de Ocio LGTBI","publisher":{"@id":"https:\/\/lovingdiversity.es\/#organization"},"potentialAction":[{"@type":"SearchAction","target":{"@type":"EntryPoint","urlTemplate":"https:\/\/lovingdiversity.es\/?s={search_term_string}"},"query-input":{"@type":"PropertyValueSpecification","valueRequired":true,"valueName":"search_term_string"}}],"inLanguage":"es-VAL"},{"@type":"Organization","@id":"https:\/\/lovingdiversity.es\/#organization","name":"Loving Diversity VLC","url":"https:\/\/lovingdiversity.es\/","logo":{"@type":"ImageObject","inLanguage":"es-VAL","@id":"https:\/\/lovingdiversity.es\/#\/schema\/logo\/image\/","url":"https:\/\/lovingdiversity.es\/wp-content\/uploads\/2024\/12\/logotipo_loving.png","contentUrl":"https:\/\/lovingdiversity.es\/wp-content\/uploads\/2024\/12\/logotipo_loving.png","width":400,"height":112,"caption":"Loving Diversity VLC"},"image":{"@id":"https:\/\/lovingdiversity.es\/#\/schema\/logo\/image\/"},"sameAs":["https:\/\/www.facebook.com\/ComiteVLC\/","https:\/\/www.instagram.com\/comitevlc\/","https:\/\/www.tiktok.com\/@comitevlc"]}]}},"_links":{"self":[{"href":"https:\/\/lovingdiversity.es\/val\/wp-json\/wp\/v2\/ajde_events\/7327","targetHints":{"allow":["GET"]}}],"collection":[{"href":"https:\/\/lovingdiversity.es\/val\/wp-json\/wp\/v2\/ajde_events"}],"about":[{"href":"https:\/\/lovingdiversity.es\/val\/wp-json\/wp\/v2\/types\/ajde_events"}],"author":[{"embeddable":true,"href":"https:\/\/lovingdiversity.es\/val\/wp-json\/wp\/v2\/users\/1"}],"replies":[{"embeddable":true,"href":"https:\/\/lovingdiversity.es\/val\/wp-json\/wp\/v2\/comments?post=7327"}],"wp:featuredmedia":[{"embeddable":true,"href":"https:\/\/lovingdiversity.es\/val\/wp-json\/wp\/v2\/media\/7328"}],"wp:attachment":[{"href":"https:\/\/lovingdiversity.es\/val\/wp-json\/wp\/v2\/media?parent=7327"}],"wp:term":[{"taxonomy":"post_tag","embeddable":true,"href":"https:\/\/lovingdiversity.es\/val\/wp-json\/wp\/v2\/tags?post=7327"},{"taxonomy":"event_type","embeddable":true,"href":"https:\/\/lovingdiversity.es\/val\/wp-json\/wp\/v2\/event_type?post=7327"},{"taxonomy":"event_type_2","embeddable":true,"href":"https:\/\/lovingdiversity.es\/val\/wp-json\/wp\/v2\/event_type_2?post=7327"}],"curies":[{"name":"wp","href":"https:\/\/api.w.org\/{rel}","templated":true}]}}